{"id":9529,"date":"2021-06-30T07:46:39","date_gmt":"2021-06-30T07:46:39","guid":{"rendered":"https:\/\/estetica-equilibrium.com\/tractaments-facials-les-franqueses\/"},"modified":"2026-03-14T13:31:43","modified_gmt":"2026-03-14T13:31:43","slug":"tractaments-facials-les-franqueses","status":"publish","type":"page","link":"https:\/\/estetica-equilibrium.com\/ca\/tractaments-facials-les-franqueses\/","title":{"rendered":"Tractaments Facials Les Franqueses<br>"},"content":{"rendered":"\t\t<div data-elementor-type=\"wp-page\" data-elementor-id=\"9529\" class=\"elementor elementor-9529 elementor-6428\" data-elementor-post-type=\"page\">\n\t\t\t\t\t\t<section class=\"elementor-section elementor-top-section elementor-element elementor-element-1de0279d elementor-hidden-tablet elementor-hidden-phone animated-slow elementor-section-boxed elementor-section-height-default elementor-section-height-default mkdf-parallax-row-no mkdf-content-aligment-left mkdf-row-grid-no mkdf-disabled-bg-image-bellow-no elementor-invisible\" data-id=\"1de0279d\" data-element_type=\"section\" data-e-type=\"section\" data-settings=\"{&quot;background_background&quot;:&quot;classic&quot;,&quot;animation&quot;:&quot;fadeIn&quot;}\">\n\t\t\t\t\t\t\t<div class=\"elementor-background-overlay\"><\/div>\n\t\t\t\t\t\t\t<div class=\"elementor-container elementor-column-gap-default\">\n\t\t\t\t\t<div class=\"elementor-column elementor-col-50 elementor-top-column elementor-element elementor-element-6a8fb7a4 elementor-invisible\" data-id=\"6a8fb7a4\" data-element_type=\"column\" data-e-type=\"column\" data-settings=\"{&quot;background_background&quot;:&quot;classic&quot;,&quot;animation&quot;:&quot;fadeInLeft&quot;}\">\n\t\t\t<div class=\"elementor-widget-wrap elementor-element-populated\">\n\t\t\t\t\t\t<div class=\"elementor-element elementor-element-3a0b4f65 animated-fast elementor-widget elementor-widget-image\" data-id=\"3a0b4f65\" data-element_type=\"widget\" data-e-type=\"widget\" data-settings=\"{&quot;_animation&quot;:&quot;none&quot;,&quot;_animation_delay&quot;:0}\" data-widget_type=\"image.default\">\n\t\t\t\t<div class=\"elementor-widget-container\">\n\t\t\t\t\t\t\t\t\t\t\t\t\t\t\t<img fetchpriority=\"high\" decoding=\"async\" width=\"783\" height=\"739\" src=\"https:\/\/estetica-equilibrium.com\/wp-content\/uploads\/2025\/02\/tratamientos-faciales-les-franqueses.jpg\" class=\"attachment-large size-large wp-image-9488\" alt=\"\" srcset=\"https:\/\/estetica-equilibrium.com\/wp-content\/uploads\/2025\/02\/tratamientos-faciales-les-franqueses.jpg 783w, https:\/\/estetica-equilibrium.com\/wp-content\/uploads\/2025\/02\/tratamientos-faciales-les-franqueses-300x283.jpg 300w, https:\/\/estetica-equilibrium.com\/wp-content\/uploads\/2025\/02\/tratamientos-faciales-les-franqueses-768x725.jpg 768w\" sizes=\"(max-width: 783px) 100vw, 783px\" \/>\t\t\t\t\t\t\t\t\t\t\t\t\t\t\t<\/div>\n\t\t\t\t<\/div>\n\t\t\t\t\t<\/div>\n\t\t<\/div>\n\t\t\t\t<div class=\"elementor-column elementor-col-50 elementor-top-column elementor-element elementor-element-7df6ae68\" data-id=\"7df6ae68\" data-element_type=\"column\" data-e-type=\"column\" data-settings=\"{&quot;background_background&quot;:&quot;classic&quot;}\">\n\t\t\t<div class=\"elementor-widget-wrap elementor-element-populated\">\n\t\t\t\t\t\t<div class=\"elementor-element elementor-element-7d5a7e99 elementor-widget elementor-widget-spacer\" data-id=\"7d5a7e99\" data-element_type=\"widget\" data-e-type=\"widget\" data-widget_type=\"spacer.default\">\n\t\t\t\t<div class=\"elementor-widget-container\">\n\t\t\t\t\t\t\t<div class=\"elementor-spacer\">\n\t\t\t<div class=\"elementor-spacer-inner\"><\/div>\n\t\t<\/div>\n\t\t\t\t\t\t<\/div>\n\t\t\t\t<\/div>\n\t\t\t\t<div class=\"elementor-element elementor-element-b93116 elementor-widget elementor-widget-spacer\" data-id=\"b93116\" data-element_type=\"widget\" data-e-type=\"widget\" data-widget_type=\"spacer.default\">\n\t\t\t\t<div class=\"elementor-widget-container\">\n\t\t\t\t\t\t\t<div class=\"elementor-spacer\">\n\t\t\t<div class=\"elementor-spacer-inner\"><\/div>\n\t\t<\/div>\n\t\t\t\t\t\t<\/div>\n\t\t\t\t<\/div>\n\t\t\t\t<div class=\"elementor-element elementor-element-1f33438a elementor-widget elementor-widget-text-editor\" data-id=\"1f33438a\" data-element_type=\"widget\" data-e-type=\"widget\" data-widget_type=\"text-editor.default\">\n\t\t\t\t<div class=\"elementor-widget-container\">\n\t\t\t\t\t\t\t\t\t<p>Tractaments Facials Les Franqueses<\/p>\t\t\t\t\t\t\t\t<\/div>\n\t\t\t\t<\/div>\n\t\t\t\t<div class=\"elementor-element elementor-element-e861ae6 elementor-widget elementor-widget-text-editor\" data-id=\"e861ae6\" data-element_type=\"widget\" data-e-type=\"widget\" data-widget_type=\"text-editor.default\">\n\t\t\t\t<div class=\"elementor-widget-container\">\n\t\t\t\t\t\t\t\t\t<p>Sabemos que cada piel es \u00fanica, por eso creamos soluciones para todas las preocupaciones cut\u00e1neas.<\/p><p>La creen\u00e7a m\u00e9s ferma d&#8217;Equilibrium \u00e9s que la cura de la teva pell s&#8217;ha d&#8217;adaptar perfectament a les teves necessitats particulars. Fusionem tecnologia pionera amb el poder del tacte. Creem rituals de tractaments personalitzats amb sensibilitat, aparatologia efica\u00e7 i cosm\u00e8tica d&#8217;alta gamma.<br>  <\/p>\t\t\t\t\t\t\t\t<\/div>\n\t\t\t\t<\/div>\n\t\t\t\t<div class=\"elementor-element elementor-element-6a8dd616 elementor-widget elementor-widget-spacer\" data-id=\"6a8dd616\" data-element_type=\"widget\" data-e-type=\"widget\" data-widget_type=\"spacer.default\">\n\t\t\t\t<div class=\"elementor-widget-container\">\n\t\t\t\t\t\t\t<div class=\"elementor-spacer\">\n\t\t\t<div class=\"elementor-spacer-inner\"><\/div>\n\t\t<\/div>\n\t\t\t\t\t\t<\/div>\n\t\t\t\t<\/div>\n\t\t\t\t<div class=\"elementor-element elementor-element-539cf63b elementor-align-left elementor-widget elementor-widget-button\" data-id=\"539cf63b\" data-element_type=\"widget\" data-e-type=\"widget\" data-widget_type=\"button.default\">\n\t\t\t\t<div class=\"elementor-widget-container\">\n\t\t\t\t\t\t\t\t\t<div class=\"elementor-button-wrapper\">\n\t\t\t\t\t<a class=\"elementor-button elementor-button-link elementor-size-md\" href=\"https:\/\/www.estetica-equilibrium-reservas.com\/index.html\" target=\"_blank\">\n\t\t\t\t\t\t<span class=\"elementor-button-content-wrapper\">\n\t\t\t\t\t\t\t\t\t<span class=\"elementor-button-text\">RESERVA EL TEU TRACTAMENT FACIAL!<br><\/span>\n\t\t\t\t\t<\/span>\n\t\t\t\t\t<\/a>\n\t\t\t\t<\/div>\n\t\t\t\t\t\t\t\t<\/div>\n\t\t\t\t<\/div>\n\t\t\t\t<div class=\"elementor-element elementor-element-5099bcd3 elementor-widget elementor-widget-spacer\" data-id=\"5099bcd3\" data-element_type=\"widget\" data-e-type=\"widget\" data-widget_type=\"spacer.default\">\n\t\t\t\t<div class=\"elementor-widget-container\">\n\t\t\t\t\t\t\t<div class=\"elementor-spacer\">\n\t\t\t<div class=\"elementor-spacer-inner\"><\/div>\n\t\t<\/div>\n\t\t\t\t\t\t<\/div>\n\t\t\t\t<\/div>\n\t\t\t\t\t<\/div>\n\t\t<\/div>\n\t\t\t\t\t<\/div>\n\t\t<\/section>\n\t\t\t\t<section class=\"elementor-section elementor-top-section elementor-element elementor-element-476572e1 elementor-hidden-desktop elementor-reverse-tablet elementor-reverse-mobile elementor-section-boxed elementor-section-height-default elementor-section-height-default mkdf-parallax-row-no mkdf-content-aligment-left mkdf-row-grid-no mkdf-disabled-bg-image-bellow-no\" data-id=\"476572e1\" data-element_type=\"section\" data-e-type=\"section\" data-settings=\"{&quot;background_background&quot;:&quot;classic&quot;}\">\n\t\t\t\t\t\t<div class=\"elementor-container elementor-column-gap-default\">\n\t\t\t\t\t<div class=\"elementor-column elementor-col-50 elementor-top-column elementor-element elementor-element-ffbdf1c\" data-id=\"ffbdf1c\" data-element_type=\"column\" data-e-type=\"column\">\n\t\t\t<div class=\"elementor-widget-wrap elementor-element-populated\">\n\t\t\t\t\t\t<div class=\"elementor-element elementor-element-7280ca2a elementor-widget elementor-widget-image\" data-id=\"7280ca2a\" data-element_type=\"widget\" data-e-type=\"widget\" data-widget_type=\"image.default\">\n\t\t\t\t<div class=\"elementor-widget-container\">\n\t\t\t\t\t\t\t\t\t\t\t\t\t\t\t<img decoding=\"async\" width=\"783\" height=\"739\" src=\"https:\/\/estetica-equilibrium.com\/wp-content\/uploads\/2021\/06\/facial1.jpg\" class=\"attachment-large size-large wp-image-9366\" alt=\"\" srcset=\"https:\/\/estetica-equilibrium.com\/wp-content\/uploads\/2021\/06\/facial1.jpg 783w, https:\/\/estetica-equilibrium.com\/wp-content\/uploads\/2021\/06\/facial1-300x283.jpg 300w, https:\/\/estetica-equilibrium.com\/wp-content\/uploads\/2021\/06\/facial1-768x725.jpg 768w, https:\/\/estetica-equilibrium.com\/wp-content\/uploads\/2021\/06\/facial1-600x566.jpg 600w\" sizes=\"(max-width: 783px) 100vw, 783px\" \/>\t\t\t\t\t\t\t\t\t\t\t\t\t\t\t<\/div>\n\t\t\t\t<\/div>\n\t\t\t\t\t<\/div>\n\t\t<\/div>\n\t\t\t\t<div class=\"elementor-column elementor-col-50 elementor-top-column elementor-element elementor-element-d8c6870\" data-id=\"d8c6870\" data-element_type=\"column\" data-e-type=\"column\">\n\t\t\t<div class=\"elementor-widget-wrap elementor-element-populated\">\n\t\t\t\t\t\t<div class=\"elementor-element elementor-element-3420a157 elementor-widget elementor-widget-text-editor\" data-id=\"3420a157\" data-element_type=\"widget\" data-e-type=\"widget\" data-widget_type=\"text-editor.default\">\n\t\t\t\t<div class=\"elementor-widget-container\">\n\t\t\t\t\t\t\t\t\t<p>Tractaments Facials Les Franqueses<\/p>\t\t\t\t\t\t\t\t<\/div>\n\t\t\t\t<\/div>\n\t\t\t\t<div class=\"elementor-element elementor-element-48d4b941 elementor-widget elementor-widget-text-editor\" data-id=\"48d4b941\" data-element_type=\"widget\" data-e-type=\"widget\" data-widget_type=\"text-editor.default\">\n\t\t\t\t<div class=\"elementor-widget-container\">\n\t\t\t\t\t\t\t\t\t<p>Sabemos que cada piel es \u00fanica, por eso creamos soluciones para todas las preocupaciones cut\u00e1neas. La creencia m\u00e1s firme de Equilibrium es que el cuidado de tu piel debe adaptarse perfectamente a tus necesidades particulares.<br>Fusionamos tecnolog\u00eda pionera con el poder del tacto. Creamos rituales de tratamientos personalizados con sensibilidad, eficaz aparatolog\u00eda y cosm\u00e9tica de alta gama.  <\/p>\t\t\t\t\t\t\t\t<\/div>\n\t\t\t\t<\/div>\n\t\t\t\t<div class=\"elementor-element elementor-element-2d058927 elementor-align-center elementor-mobile-align-left elementor-widget elementor-widget-button\" data-id=\"2d058927\" data-element_type=\"widget\" data-e-type=\"widget\" data-widget_type=\"button.default\">\n\t\t\t\t<div class=\"elementor-widget-container\">\n\t\t\t\t\t\t\t\t\t<div class=\"elementor-button-wrapper\">\n\t\t\t\t\t<a class=\"elementor-button elementor-button-link elementor-size-md\" href=\"https:\/\/www.estetica-equilibrium-reservas.com\/index.html\" target=\"_blank\">\n\t\t\t\t\t\t<span class=\"elementor-button-content-wrapper\">\n\t\t\t\t\t\t\t\t\t<span class=\"elementor-button-text\">RESERVA EL TEU TRACTAMENT FACIAL!<\/span>\n\t\t\t\t\t<\/span>\n\t\t\t\t\t<\/a>\n\t\t\t\t<\/div>\n\t\t\t\t\t\t\t\t<\/div>\n\t\t\t\t<\/div>\n\t\t\t\t\t<\/div>\n\t\t<\/div>\n\t\t\t\t\t<\/div>\n\t\t<\/section>\n\t\t\t\t<section class=\"elementor-section elementor-top-section elementor-element elementor-element-8ddedb5 elementor-section-boxed elementor-section-height-default elementor-section-height-default mkdf-parallax-row-no mkdf-content-aligment-left mkdf-row-grid-no mkdf-disabled-bg-image-bellow-no\" data-id=\"8ddedb5\" data-element_type=\"section\" data-e-type=\"section\">\n\t\t\t\t\t\t<div class=\"elementor-container elementor-column-gap-default\">\n\t\t\t\t\t<div class=\"elementor-column elementor-col-50 elementor-top-column elementor-element elementor-element-7334352 elementor-hidden-tablet elementor-hidden-mobile\" data-id=\"7334352\" data-element_type=\"column\" data-e-type=\"column\">\n\t\t\t<div class=\"elementor-widget-wrap\">\n\t\t\t\t\t\t\t<\/div>\n\t\t<\/div>\n\t\t\t\t<div class=\"elementor-column elementor-col-50 elementor-top-column elementor-element elementor-element-2b018a9 elementor-invisible\" data-id=\"2b018a9\" data-element_type=\"column\" data-e-type=\"column\" data-settings=\"{&quot;background_background&quot;:&quot;classic&quot;,&quot;animation&quot;:&quot;fadeInRight&quot;}\">\n\t\t\t<div class=\"elementor-widget-wrap elementor-element-populated\">\n\t\t\t\t\t\t<div class=\"elementor-element elementor-element-04746b2 elementor-widget elementor-widget-text-editor\" data-id=\"04746b2\" data-element_type=\"widget\" data-e-type=\"widget\" data-widget_type=\"text-editor.default\">\n\t\t\t\t<div class=\"elementor-widget-container\">\n\t\t\t\t\t\t\t\t\t<p>Neteja facial<br><\/p>\t\t\t\t\t\t\t\t<\/div>\n\t\t\t\t<\/div>\n\t\t\t\t<div class=\"elementor-element elementor-element-a6d9c99 elementor-widget elementor-widget-text-editor\" data-id=\"a6d9c99\" data-element_type=\"widget\" data-e-type=\"widget\" data-widget_type=\"text-editor.default\">\n\t\t\t\t<div class=\"elementor-widget-container\">\n\t\t\t\t\t\t\t\t\t<p>Cuida la teva pell com es mereix. Descobreix el tractament de neteja facial perfecte per a tu i gaudeix d&#8217;una pell neta, fresca i lluminosa. Deixa&#8217;t mimar i tria una de les nostres 7 higienes; enamora&#8217;t d&#8217;una pell m\u00e9s sana, lluminosa i lliure d&#8217;impureses.  <\/p>\t\t\t\t\t\t\t\t<\/div>\n\t\t\t\t<\/div>\n\t\t\t\t\t<\/div>\n\t\t<\/div>\n\t\t\t\t\t<\/div>\n\t\t<\/section>\n\t\t\t\t<section class=\"elementor-section elementor-top-section elementor-element elementor-element-caa4552 elementor-section-full_width elementor-section-height-default elementor-section-height-default mkdf-parallax-row-no mkdf-content-aligment-left mkdf-row-grid-no mkdf-disabled-bg-image-bellow-no elementor-invisible\" data-id=\"caa4552\" data-element_type=\"section\" data-e-type=\"section\" data-settings=\"{&quot;animation&quot;:&quot;fadeIn&quot;}\">\n\t\t\t\t\t\t<div class=\"elementor-container elementor-column-gap-default\">\n\t\t\t\t\t<div class=\"elementor-column elementor-col-100 elementor-top-column elementor-element elementor-element-8a5e29d\" data-id=\"8a5e29d\" data-element_type=\"column\" data-e-type=\"column\">\n\t\t\t<div class=\"elementor-widget-wrap elementor-element-populated\">\n\t\t\t\t\t\t<div class=\"elementor-element elementor-element-1b7798b elementor-widget elementor-widget-image\" data-id=\"1b7798b\" data-element_type=\"widget\" data-e-type=\"widget\" data-widget_type=\"image.default\">\n\t\t\t\t<div class=\"elementor-widget-container\">\n\t\t\t\t\t\t\t\t\t\t\t\t\t\t\t<img decoding=\"async\" width=\"1373\" height=\"634\" src=\"https:\/\/estetica-equilibrium.com\/wp-content\/uploads\/2025\/02\/limpieza-facial-cerca-de-mi.jpg\" class=\"attachment-full size-full wp-image-9490\" alt=\"\" srcset=\"https:\/\/estetica-equilibrium.com\/wp-content\/uploads\/2025\/02\/limpieza-facial-cerca-de-mi.jpg 1373w, https:\/\/estetica-equilibrium.com\/wp-content\/uploads\/2025\/02\/limpieza-facial-cerca-de-mi-300x139.jpg 300w, https:\/\/estetica-equilibrium.com\/wp-content\/uploads\/2025\/02\/limpieza-facial-cerca-de-mi-1024x473.jpg 1024w, https:\/\/estetica-equilibrium.com\/wp-content\/uploads\/2025\/02\/limpieza-facial-cerca-de-mi-768x355.jpg 768w\" sizes=\"(max-width: 1373px) 100vw, 1373px\" \/>\t\t\t\t\t\t\t\t\t\t\t\t\t\t\t<\/div>\n\t\t\t\t<\/div>\n\t\t\t\t\t<\/div>\n\t\t<\/div>\n\t\t\t\t\t<\/div>\n\t\t<\/section>\n\t\t\t\t<section class=\"elementor-section elementor-top-section elementor-element elementor-element-67f0e1b1 elementor-section-boxed elementor-section-height-default elementor-section-height-default mkdf-parallax-row-no mkdf-content-aligment-left mkdf-row-grid-no mkdf-disabled-bg-image-bellow-no\" data-id=\"67f0e1b1\" data-element_type=\"section\" data-e-type=\"section\" data-settings=\"{&quot;animation_mobile&quot;:&quot;fadeIn&quot;}\">\n\t\t\t\t\t\t<div class=\"elementor-container elementor-column-gap-default\">\n\t\t\t\t\t<div class=\"elementor-column elementor-col-50 elementor-top-column elementor-element elementor-element-64e2aedd\" data-id=\"64e2aedd\" data-element_type=\"column\" data-e-type=\"column\">\n\t\t\t<div class=\"elementor-widget-wrap elementor-element-populated\">\n\t\t\t\t\t\t<div class=\"elementor-element elementor-element-3b085007 elementor-widget elementor-widget-text-editor\" data-id=\"3b085007\" data-element_type=\"widget\" data-e-type=\"widget\" data-widget_type=\"text-editor.default\">\n\t\t\t\t<div class=\"elementor-widget-container\">\n\t\t\t\t\t\t\t\t\t<p>LES NOSTRES HIGIENES TOP<\/p>\t\t\t\t\t\t\t\t<\/div>\n\t\t\t\t<\/div>\n\t\t\t\t<div class=\"elementor-element elementor-element-56907d9a indicaciones elementor-widget elementor-widget-toggle\" data-id=\"56907d9a\" data-element_type=\"widget\" data-e-type=\"widget\" data-widget_type=\"toggle.default\">\n\t\t\t\t<div class=\"elementor-widget-container\">\n\t\t\t\t\t\t\t<div class=\"elementor-toggle\">\n\t\t\t\t\t\t\t<div class=\"elementor-toggle-item\">\n\t\t\t\t\t<div id=\"elementor-tab-title-1451\" class=\"elementor-tab-title\" data-tab=\"1\" role=\"button\" aria-controls=\"elementor-tab-content-1451\" aria-expanded=\"false\">\n\t\t\t\t\t\t\t\t\t\t\t\t<span class=\"elementor-toggle-icon elementor-toggle-icon-left\" aria-hidden=\"true\">\n\t\t\t\t\t\t\t\t\t\t\t\t\t\t\t<span class=\"elementor-toggle-icon-closed\"><i class=\"fas fa-chevron-down\"><\/i><\/span>\n\t\t\t\t\t\t\t\t<span class=\"elementor-toggle-icon-opened\"><i class=\"elementor-toggle-icon-opened fas fa-caret-up\"><\/i><\/span>\n\t\t\t\t\t\t\t\t\t\t\t\t\t<\/span>\n\t\t\t\t\t\t\t\t\t\t\t\t<a class=\"elementor-toggle-title\" tabindex=\"0\">Neteja Facial Profunda<\/a>\n\t\t\t\t\t<\/div>\n\n\t\t\t\t\t<div id=\"elementor-tab-content-1451\" class=\"elementor-tab-content elementor-clearfix\" data-tab=\"1\" role=\"region\" aria-labelledby=\"elementor-tab-title-1451\"><p>Amb un protocol m\u00e9s extens, incorporem aparatologia alemanya per a una regeneraci\u00f3 en profunditat. <\/p>\n<p><\/p>\n<p>El m\u00e8tode BDR assegura una textura m\u00e9s refinada, una superf\u00edcie suau, pell relaxada i una millora de la circulaci\u00f3 sangu\u00ednia. A m\u00e9s, redueix arrugues, tanca l&#8217;anell fol\u00b7licular, recupera l&#8217;\u00f2val facial i millora l&#8217;aspecte de cicatrius, taques i pell. <\/p>\n<\/div>\n\t\t\t\t<\/div>\n\t\t\t\t\t\t\t<div class=\"elementor-toggle-item\">\n\t\t\t\t\t<div id=\"elementor-tab-title-1452\" class=\"elementor-tab-title\" data-tab=\"2\" role=\"button\" aria-controls=\"elementor-tab-content-1452\" aria-expanded=\"false\">\n\t\t\t\t\t\t\t\t\t\t\t\t<span class=\"elementor-toggle-icon elementor-toggle-icon-left\" aria-hidden=\"true\">\n\t\t\t\t\t\t\t\t\t\t\t\t\t\t\t<span class=\"elementor-toggle-icon-closed\"><i class=\"fas fa-chevron-down\"><\/i><\/span>\n\t\t\t\t\t\t\t\t<span class=\"elementor-toggle-icon-opened\"><i class=\"elementor-toggle-icon-opened fas fa-caret-up\"><\/i><\/span>\n\t\t\t\t\t\t\t\t\t\t\t\t\t<\/span>\n\t\t\t\t\t\t\t\t\t\t\t\t<a class=\"elementor-toggle-title\" tabindex=\"0\">The Cure by Natura Biss\u00e9<\/a>\n\t\t\t\t\t<\/div>\n\n\t\t\t\t\t<div id=\"elementor-tab-content-1452\" class=\"elementor-tab-content elementor-clearfix\" data-tab=\"2\" role=\"region\" aria-labelledby=\"elementor-tab-title-1452\"><p class=\"p1\"><b>La cura de bellesa perfecta per a un ritme de vida accelerat.<\/b><\/p>\n<p>Imagina que et poguessis regalar una experi\u00e8ncia spa envolupant, intensament desintoxicant, que neteg\u00e9s la teva pell a fons. <\/p>\n<p><\/p>\n<p>Aix\u00f2 \u00e9s The Cure: un tractament d&#8217;higiene facial extremadament reparador, una resposta als efectes de l&#8217;entorn on vivim; un ritual que restaura, purifica i hidrata. Gr\u00e0cies a t\u00e8cniques dissenyades al detall, un meticul\u00f3s proc\u00e9s d&#8217;extracci\u00f3, un massatge desintoxicant, una mascareta microestimulant i un vel hidratant amb color, els porus de la pell s&#8217;obren, es tracten amb cura i, a continuaci\u00f3, es tanquen, es purifiquen i se suavitzen amb refrescants extractes bot\u00e0nics. <\/p>\n<\/div>\n\t\t\t\t<\/div>\n\t\t\t\t\t\t\t<div class=\"elementor-toggle-item\">\n\t\t\t\t\t<div id=\"elementor-tab-title-1453\" class=\"elementor-tab-title\" data-tab=\"3\" role=\"button\" aria-controls=\"elementor-tab-content-1453\" aria-expanded=\"false\">\n\t\t\t\t\t\t\t\t\t\t\t\t<span class=\"elementor-toggle-icon elementor-toggle-icon-left\" aria-hidden=\"true\">\n\t\t\t\t\t\t\t\t\t\t\t\t\t\t\t<span class=\"elementor-toggle-icon-closed\"><i class=\"fas fa-chevron-down\"><\/i><\/span>\n\t\t\t\t\t\t\t\t<span class=\"elementor-toggle-icon-opened\"><i class=\"elementor-toggle-icon-opened fas fa-caret-up\"><\/i><\/span>\n\t\t\t\t\t\t\t\t\t\t\t\t\t<\/span>\n\t\t\t\t\t\t\t\t\t\t\t\t<a class=\"elementor-toggle-title\" tabindex=\"0\">Hyg\u00e8ne Parfaite Hydra D\u00e9fense<\/a>\n\t\t\t\t\t<\/div>\n\n\t\t\t\t\t<div id=\"elementor-tab-content-1453\" class=\"elementor-tab-content elementor-clearfix\" data-tab=\"3\" role=\"region\" aria-labelledby=\"elementor-tab-title-1453\"><p>Higiene facial profunda realitzada amb productes Organic &amp; Vegan que ajuda la pell a desfer-se de totes les seves impureses, a esborrar els danys causats per la pol\u00b7luci\u00f3 i a recuperar un aspecte radiant i llumin\u00f3s. Aquesta higiene inclou un tractament facial ultrahidratant que proporciona a la pell una sensaci\u00f3 immediata de confort i benestar. Despr\u00e9s de l&#8217;aplicaci\u00f3 de diverses mascaretes amb un alt contingut en nutrients, i dels olis d&#8217;advocat i arg\u00e0nia, la pell recupera la seva hidrataci\u00f3 i lluminositat. <\/p>\n<\/div>\n\t\t\t\t<\/div>\n\t\t\t\t\t\t\t\t<\/div>\n\t\t\t\t\t\t<\/div>\n\t\t\t\t<\/div>\n\t\t\t\t<div class=\"elementor-element elementor-element-f8c6758 elementor-widget elementor-widget-image\" data-id=\"f8c6758\" data-element_type=\"widget\" data-e-type=\"widget\" data-widget_type=\"image.default\">\n\t\t\t\t<div class=\"elementor-widget-container\">\n\t\t\t\t\t\t\t\t\t\t\t\t\t\t\t<img loading=\"lazy\" decoding=\"async\" width=\"557\" height=\"287\" src=\"https:\/\/estetica-equilibrium.com\/wp-content\/uploads\/2025\/02\/beneficios-limpieza-facial-profunda.png\" class=\"attachment-large size-large wp-image-9491\" alt=\"\" srcset=\"https:\/\/estetica-equilibrium.com\/wp-content\/uploads\/2025\/02\/beneficios-limpieza-facial-profunda.png 557w, https:\/\/estetica-equilibrium.com\/wp-content\/uploads\/2025\/02\/beneficios-limpieza-facial-profunda-300x155.png 300w\" sizes=\"(max-width: 557px) 100vw, 557px\" \/>\t\t\t\t\t\t\t\t\t\t\t\t\t\t\t<\/div>\n\t\t\t\t<\/div>\n\t\t\t\t\t<\/div>\n\t\t<\/div>\n\t\t\t\t<div class=\"elementor-column elementor-col-50 elementor-top-column elementor-element elementor-element-431f37ae\" data-id=\"431f37ae\" data-element_type=\"column\" data-e-type=\"column\">\n\t\t\t<div class=\"elementor-widget-wrap elementor-element-populated\">\n\t\t\t\t\t\t<div class=\"elementor-element elementor-element-624c561f elementor-widget elementor-widget-text-editor\" data-id=\"624c561f\" data-element_type=\"widget\" data-e-type=\"widget\" data-widget_type=\"text-editor.default\">\n\t\t\t\t<div class=\"elementor-widget-container\">\n\t\t\t\t\t\t\t\t\t<p>Pell neta, pell sana<br><\/p>\t\t\t\t\t\t\t\t<\/div>\n\t\t\t\t<\/div>\n\t\t\t\t<div class=\"elementor-element elementor-element-3a2dbd95 beneficios elementor-widget elementor-widget-text-editor\" data-id=\"3a2dbd95\" data-element_type=\"widget\" data-e-type=\"widget\" data-widget_type=\"text-editor.default\">\n\t\t\t\t<div class=\"elementor-widget-container\">\n\t\t\t\t\t\t\t\t\t<p>Les higienes facials s\u00f3n indispensables per combatre els efectes nocius del clima, la contaminaci\u00f3, la medicaci\u00f3, l&#8217;edat, l&#8217;alimentaci\u00f3 inadequada i l&#8217;abs\u00e8ncia de rutines de neteja di\u00e0ria.<\/p><p>Despr\u00e9s d&#8217;un an\u00e0lisi de les nostres Beauty Advisors, formades per a aix\u00f2, t&#8217;assessoraran sobre la m\u00e9s indicada per a tu. Incorpora una regeneraci\u00f3 mec\u00e0nica i\/o qu\u00edmica (valorant el tipus de pell), l&#8217;obertura i purificaci\u00f3 dels porus i un meticul\u00f3s proc\u00e9s d&#8217;extracci\u00f3. Finalitzem amb una mascareta de segellat personalitzada.<br> <\/p>\t\t\t\t\t\t\t\t<\/div>\n\t\t\t\t<\/div>\n\t\t\t\t\t<\/div>\n\t\t<\/div>\n\t\t\t\t\t<\/div>\n\t\t<\/section>\n\t\t\t\t<section class=\"elementor-section elementor-top-section elementor-element elementor-element-7dff487 elementor-section-full_width elementor-hidden-desktop elementor-section-height-default elementor-section-height-default mkdf-parallax-row-no mkdf-content-aligment-left mkdf-row-grid-no mkdf-disabled-bg-image-bellow-no elementor-invisible\" data-id=\"7dff487\" data-element_type=\"section\" data-e-type=\"section\" data-settings=\"{&quot;animation&quot;:&quot;fadeIn&quot;}\">\n\t\t\t\t\t\t<div class=\"elementor-container elementor-column-gap-default\">\n\t\t\t\t\t<div class=\"elementor-column elementor-col-100 elementor-top-column elementor-element elementor-element-a1e3459\" data-id=\"a1e3459\" data-element_type=\"column\" data-e-type=\"column\">\n\t\t\t<div class=\"elementor-widget-wrap elementor-element-populated\">\n\t\t\t\t\t\t<div class=\"elementor-element elementor-element-c8ff782 elementor-widget elementor-widget-image\" data-id=\"c8ff782\" data-element_type=\"widget\" data-e-type=\"widget\" data-widget_type=\"image.default\">\n\t\t\t\t<div class=\"elementor-widget-container\">\n\t\t\t\t\t\t\t\t\t\t\t\t\t\t\t<img loading=\"lazy\" decoding=\"async\" width=\"1373\" height=\"647\" src=\"https:\/\/estetica-equilibrium.com\/wp-content\/uploads\/2022\/03\/facial4-1.jpg\" class=\"attachment-full size-full wp-image-9428\" alt=\"\" srcset=\"https:\/\/estetica-equilibrium.com\/wp-content\/uploads\/2022\/03\/facial4-1.jpg 1373w, https:\/\/estetica-equilibrium.com\/wp-content\/uploads\/2022\/03\/facial4-1-300x141.jpg 300w, https:\/\/estetica-equilibrium.com\/wp-content\/uploads\/2022\/03\/facial4-1-1024x483.jpg 1024w, https:\/\/estetica-equilibrium.com\/wp-content\/uploads\/2022\/03\/facial4-1-768x362.jpg 768w\" sizes=\"(max-width: 1373px) 100vw, 1373px\" \/>\t\t\t\t\t\t\t\t\t\t\t\t\t\t\t<\/div>\n\t\t\t\t<\/div>\n\t\t\t\t\t<\/div>\n\t\t<\/div>\n\t\t\t\t\t<\/div>\n\t\t<\/section>\n\t\t\t\t<section class=\"elementor-section elementor-top-section elementor-element elementor-element-860751a elementor-hidden-desktop elementor-section-boxed elementor-section-height-default elementor-section-height-default mkdf-parallax-row-no mkdf-content-aligment-left mkdf-row-grid-no mkdf-disabled-bg-image-bellow-no\" data-id=\"860751a\" data-element_type=\"section\" data-e-type=\"section\">\n\t\t\t\t\t\t<div class=\"elementor-container elementor-column-gap-default\">\n\t\t\t\t\t<div class=\"elementor-column elementor-col-100 elementor-top-column elementor-element elementor-element-2742faf elementor-invisible\" data-id=\"2742faf\" data-element_type=\"column\" data-e-type=\"column\" data-settings=\"{&quot;background_background&quot;:&quot;classic&quot;,&quot;animation&quot;:&quot;fadeInLeft&quot;}\">\n\t\t\t<div class=\"elementor-widget-wrap elementor-element-populated\">\n\t\t\t\t\t\t<div class=\"elementor-element elementor-element-9ec9f4c elementor-widget elementor-widget-text-editor\" data-id=\"9ec9f4c\" data-element_type=\"widget\" data-e-type=\"widget\" data-widget_type=\"text-editor.default\">\n\t\t\t\t<div class=\"elementor-widget-container\">\n\t\t\t\t\t\t\t\t\t<p>Sinergia d&#8217;est\u00e8tica manual i aparatologia d&#8217;avantguarda<br><\/p>\t\t\t\t\t\t\t\t<\/div>\n\t\t\t\t<\/div>\n\t\t\t\t<div class=\"elementor-element elementor-element-11c36d5 elementor-widget elementor-widget-text-editor\" data-id=\"11c36d5\" data-element_type=\"widget\" data-e-type=\"widget\" data-widget_type=\"text-editor.default\">\n\t\t\t\t<div class=\"elementor-widget-container\">\n\t\t\t\t\t\t\t\t\tA les nostres cabines de bellesa descobrim les necessitats de cada pell i coneixem els resultats de cada tractament. \t\t\t\t\t\t\t\t<\/div>\n\t\t\t\t<\/div>\n\t\t\t\t<div class=\"elementor-element elementor-element-5df4a00 beneficios elementor-widget elementor-widget-text-editor\" data-id=\"5df4a00\" data-element_type=\"widget\" data-e-type=\"widget\" data-widget_type=\"text-editor.default\">\n\t\t\t\t<div class=\"elementor-widget-container\">\n\t\t\t\t\t\t\t\t\t<p class=\"p1\">Aix\u00f2 ens permet respondre amb precisi\u00f3 i oferir-te solucions transformadores. Creem aix\u00ed un espai real, un entorn i una din\u00e0mica favorable per entendre que cada persona \u00e9s \u00fanica.<br> <\/p>\t\t\t\t\t\t\t\t<\/div>\n\t\t\t\t<\/div>\n\t\t\t\t\t<\/div>\n\t\t<\/div>\n\t\t\t\t\t<\/div>\n\t\t<\/section>\n\t\t\t\t<section class=\"elementor-section elementor-top-section elementor-element elementor-element-ff915ce elementor-hidden-tablet elementor-hidden-phone elementor-section-boxed elementor-section-height-default elementor-section-height-default mkdf-parallax-row-no mkdf-content-aligment-left mkdf-row-grid-no mkdf-disabled-bg-image-bellow-no\" data-id=\"ff915ce\" data-element_type=\"section\" data-e-type=\"section\">\n\t\t\t\t\t\t<div class=\"elementor-container elementor-column-gap-default\">\n\t\t\t\t\t<div class=\"elementor-column elementor-col-50 elementor-top-column elementor-element elementor-element-0250f98 elementor-invisible\" data-id=\"0250f98\" data-element_type=\"column\" data-e-type=\"column\" data-settings=\"{&quot;background_background&quot;:&quot;classic&quot;,&quot;animation&quot;:&quot;fadeInLeft&quot;}\">\n\t\t\t<div class=\"elementor-widget-wrap elementor-element-populated\">\n\t\t\t\t\t\t<div class=\"elementor-element elementor-element-1b22d2e elementor-widget elementor-widget-text-editor\" data-id=\"1b22d2e\" data-element_type=\"widget\" data-e-type=\"widget\" data-widget_type=\"text-editor.default\">\n\t\t\t\t<div class=\"elementor-widget-container\">\n\t\t\t\t\t\t\t\t\t<p>Sinergia d&#8217;est\u00e8tica manual i aparatologia d&#8217;avantguarda<\/p>\t\t\t\t\t\t\t\t<\/div>\n\t\t\t\t<\/div>\n\t\t\t\t<div class=\"elementor-element elementor-element-e84a99e elementor-widget elementor-widget-text-editor\" data-id=\"e84a99e\" data-element_type=\"widget\" data-e-type=\"widget\" data-widget_type=\"text-editor.default\">\n\t\t\t\t<div class=\"elementor-widget-container\">\n\t\t\t\t\t\t\t\t\tA les nostres cabines de bellesa descobrim les necessitats de cada pell i coneixem els resultats de cada tractament. \t\t\t\t\t\t\t\t<\/div>\n\t\t\t\t<\/div>\n\t\t\t\t<div class=\"elementor-element elementor-element-56d8994 beneficios elementor-widget elementor-widget-text-editor\" data-id=\"56d8994\" data-element_type=\"widget\" data-e-type=\"widget\" data-widget_type=\"text-editor.default\">\n\t\t\t\t<div class=\"elementor-widget-container\">\n\t\t\t\t\t\t\t\t\t<p class=\"p1\">Aix\u00f2 ens permet respondre amb precisi\u00f3 i oferir-te solucions transformadores. Creem aix\u00ed un espai real, un entorn i una din\u00e0mica favorable per entendre que cada persona \u00e9s \u00fanica. <\/p>\t\t\t\t\t\t\t\t<\/div>\n\t\t\t\t<\/div>\n\t\t\t\t\t<\/div>\n\t\t<\/div>\n\t\t\t\t<div class=\"elementor-column elementor-col-50 elementor-top-column elementor-element elementor-element-9c62e44\" data-id=\"9c62e44\" data-element_type=\"column\" data-e-type=\"column\">\n\t\t\t<div class=\"elementor-widget-wrap\">\n\t\t\t\t\t\t\t<\/div>\n\t\t<\/div>\n\t\t\t\t\t<\/div>\n\t\t<\/section>\n\t\t\t\t<section class=\"elementor-section elementor-top-section elementor-element elementor-element-c1e1543 elementor-section-full_width elementor-hidden-tablet elementor-hidden-phone elementor-section-height-default elementor-section-height-default mkdf-parallax-row-no mkdf-content-aligment-left mkdf-row-grid-no mkdf-disabled-bg-image-bellow-no elementor-invisible\" data-id=\"c1e1543\" data-element_type=\"section\" data-e-type=\"section\" data-settings=\"{&quot;animation&quot;:&quot;fadeIn&quot;}\">\n\t\t\t\t\t\t<div class=\"elementor-container elementor-column-gap-default\">\n\t\t\t\t\t<div class=\"elementor-column elementor-col-100 elementor-top-column elementor-element elementor-element-2dce2f3\" data-id=\"2dce2f3\" data-element_type=\"column\" data-e-type=\"column\">\n\t\t\t<div class=\"elementor-widget-wrap elementor-element-populated\">\n\t\t\t\t\t\t<div class=\"elementor-element elementor-element-acd3f88 elementor-widget elementor-widget-image\" data-id=\"acd3f88\" data-element_type=\"widget\" data-e-type=\"widget\" data-widget_type=\"image.default\">\n\t\t\t\t<div class=\"elementor-widget-container\">\n\t\t\t\t\t\t\t\t\t\t\t\t\t\t\t<img loading=\"lazy\" decoding=\"async\" width=\"1373\" height=\"647\" src=\"https:\/\/estetica-equilibrium.com\/wp-content\/uploads\/2025\/02\/rejuvenecimiento-facial-les-franqueses.jpg\" class=\"attachment-full size-full wp-image-9492\" alt=\"\" srcset=\"https:\/\/estetica-equilibrium.com\/wp-content\/uploads\/2025\/02\/rejuvenecimiento-facial-les-franqueses.jpg 1373w, https:\/\/estetica-equilibrium.com\/wp-content\/uploads\/2025\/02\/rejuvenecimiento-facial-les-franqueses-300x141.jpg 300w, https:\/\/estetica-equilibrium.com\/wp-content\/uploads\/2025\/02\/rejuvenecimiento-facial-les-franqueses-1024x483.jpg 1024w, https:\/\/estetica-equilibrium.com\/wp-content\/uploads\/2025\/02\/rejuvenecimiento-facial-les-franqueses-768x362.jpg 768w\" sizes=\"(max-width: 1373px) 100vw, 1373px\" \/>\t\t\t\t\t\t\t\t\t\t\t\t\t\t\t<\/div>\n\t\t\t\t<\/div>\n\t\t\t\t\t<\/div>\n\t\t<\/div>\n\t\t\t\t\t<\/div>\n\t\t<\/section>\n\t\t\t\t<section class=\"elementor-section elementor-top-section elementor-element elementor-element-ea11e79 elementor-section-boxed elementor-section-height-default elementor-section-height-default mkdf-parallax-row-no mkdf-content-aligment-left mkdf-row-grid-no mkdf-disabled-bg-image-bellow-no\" data-id=\"ea11e79\" data-element_type=\"section\" data-e-type=\"section\" data-settings=\"{&quot;animation_mobile&quot;:&quot;fadeIn&quot;}\">\n\t\t\t\t\t\t<div class=\"elementor-container elementor-column-gap-default\">\n\t\t\t\t\t<div class=\"elementor-column elementor-col-50 elementor-top-column elementor-element elementor-element-72abdef\" data-id=\"72abdef\" data-element_type=\"column\" data-e-type=\"column\">\n\t\t\t<div class=\"elementor-widget-wrap elementor-element-populated\">\n\t\t\t\t\t\t<div class=\"elementor-element elementor-element-c8a86ea elementor-widget elementor-widget-text-editor\" data-id=\"c8a86ea\" data-element_type=\"widget\" data-e-type=\"widget\" data-widget_type=\"text-editor.default\">\n\t\t\t\t<div class=\"elementor-widget-container\">\n\t\t\t\t\t\t\t\t\t<p>Els nostres tractaments en cabina:<\/p>\t\t\t\t\t\t\t\t<\/div>\n\t\t\t\t<\/div>\n\t\t\t\t<div class=\"elementor-element elementor-element-81a6848 beneficios elementor-widget elementor-widget-text-editor\" data-id=\"81a6848\" data-element_type=\"widget\" data-e-type=\"widget\" data-widget_type=\"text-editor.default\">\n\t\t\t\t<div class=\"elementor-widget-container\">\n\t\t\t\t\t\t\t\t\t<ul><li>\u00c0cids i peelings regeneradors<\/li><li>Radiofreq\u00fc\u00e8ncia Indiba Deep Beauty<\/li><li>LPG facial remodelador<\/li><li>Microneedling Mesoest\u00e9tic<\/li><li>Tractaments Organic &amp; Vegan Scens<\/li><li>Alta cosm\u00e8tica amb Natura Biss\u00e9<\/li><li>CooLifting, el nostre tractament m\u00e9s r\u00e0pid i efectiu<\/li><li>Massatges personalitzats: quiromassatge, drenatge, massatge japon\u00e8s Kobido<\/li><li>Punta de diamant, esp\u00e0tula ultras\u00f2nica, ventoses, pedres de jade i altres instruments<br><br><\/li><li>Rituals facials amb massatges corporals<\/li><\/ul>\t\t\t\t\t\t\t\t<\/div>\n\t\t\t\t<\/div>\n\t\t\t\t\t<\/div>\n\t\t<\/div>\n\t\t\t\t<div class=\"elementor-column elementor-col-50 elementor-top-column elementor-element elementor-element-2732b73\" data-id=\"2732b73\" data-element_type=\"column\" data-e-type=\"column\">\n\t\t\t<div class=\"elementor-widget-wrap\">\n\t\t\t\t\t\t\t<\/div>\n\t\t<\/div>\n\t\t\t\t\t<\/div>\n\t\t<\/section>\n\t\t\t\t<section class=\"elementor-section elementor-top-section elementor-element elementor-element-ea5cf42 elementor-hidden-tablet elementor-hidden-phone elementor-section-boxed elementor-section-height-default elementor-section-height-default mkdf-parallax-row-no mkdf-content-aligment-left mkdf-row-grid-no mkdf-disabled-bg-image-bellow-no\" data-id=\"ea5cf42\" data-element_type=\"section\" data-e-type=\"section\">\n\t\t\t\t\t\t<div class=\"elementor-container elementor-column-gap-default\">\n\t\t\t\t\t<div class=\"elementor-column elementor-col-50 elementor-top-column elementor-element elementor-element-1adb335\" data-id=\"1adb335\" data-element_type=\"column\" data-e-type=\"column\" data-settings=\"{&quot;background_background&quot;:&quot;classic&quot;}\">\n\t\t\t<div class=\"elementor-widget-wrap elementor-element-populated\">\n\t\t\t\t\t\t<div class=\"elementor-element elementor-element-d21d66d elementor-widget elementor-widget-text-editor\" data-id=\"d21d66d\" data-element_type=\"widget\" data-e-type=\"widget\" data-widget_type=\"text-editor.default\">\n\t\t\t\t<div class=\"elementor-widget-container\">\n\t\t\t\t\t\t\t\t\t\u201cSom Organic &amp; Vegan\u201d<br>\t\t\t\t\t\t\t\t<\/div>\n\t\t\t\t<\/div>\n\t\t\t\t<div class=\"elementor-element elementor-element-34ba9e4 elementor-widget elementor-widget-text-editor\" data-id=\"34ba9e4\" data-element_type=\"widget\" data-e-type=\"widget\" data-widget_type=\"text-editor.default\">\n\t\t\t\t<div class=\"elementor-widget-container\">\n\t\t\t\t\t\t\t\t\tCuidar la pell dels altres sense cuidar la Natura i el medi ambient no tindria sentit. Per aix\u00f2 apostem per una firma cosm\u00e8tica 100% Organic, Vegan &amp; Clean Beauty. La natura posseeix els millors actius que responen als desitjos m\u00e9s exigents en termes de bellesa i necessitats de la pell. Som vegans perqu\u00e8 sentim un comprom\u00eds amb el m\u00f3n animal i triem ingredients procedents de l&#8217;agricultura org\u00e0nica.<br>   \t\t\t\t\t\t\t\t<\/div>\n\t\t\t\t<\/div>\n\t\t\t\t\t<\/div>\n\t\t<\/div>\n\t\t\t\t<div class=\"elementor-column elementor-col-50 elementor-top-column elementor-element elementor-element-1e710bd\" data-id=\"1e710bd\" data-element_type=\"column\" data-e-type=\"column\">\n\t\t\t<div class=\"elementor-widget-wrap elementor-element-populated\">\n\t\t\t\t\t\t<div class=\"elementor-element elementor-element-f1f841e elementor-widget elementor-widget-image\" data-id=\"f1f841e\" data-element_type=\"widget\" data-e-type=\"widget\" data-widget_type=\"image.default\">\n\t\t\t\t<div class=\"elementor-widget-container\">\n\t\t\t\t\t\t\t\t\t\t\t\t\t\t\t<img loading=\"lazy\" decoding=\"async\" width=\"909\" height=\"606\" src=\"https:\/\/estetica-equilibrium.com\/wp-content\/uploads\/2025\/02\/tratamientos-faciales-veganos.jpg\" class=\"attachment-large size-large wp-image-9494\" alt=\"\" srcset=\"https:\/\/estetica-equilibrium.com\/wp-content\/uploads\/2025\/02\/tratamientos-faciales-veganos.jpg 909w, https:\/\/estetica-equilibrium.com\/wp-content\/uploads\/2025\/02\/tratamientos-faciales-veganos-300x200.jpg 300w, https:\/\/estetica-equilibrium.com\/wp-content\/uploads\/2025\/02\/tratamientos-faciales-veganos-768x512.jpg 768w\" sizes=\"(max-width: 909px) 100vw, 909px\" \/>\t\t\t\t\t\t\t\t\t\t\t\t\t\t\t<\/div>\n\t\t\t\t<\/div>\n\t\t\t\t\t<\/div>\n\t\t<\/div>\n\t\t\t\t\t<\/div>\n\t\t<\/section>\n\t\t\t\t<section class=\"elementor-section elementor-top-section elementor-element elementor-element-9706cb3 elementor-hidden-desktop elementor-section-boxed elementor-section-height-default elementor-section-height-default mkdf-parallax-row-no mkdf-content-aligment-left mkdf-row-grid-no mkdf-disabled-bg-image-bellow-no\" data-id=\"9706cb3\" data-element_type=\"section\" data-e-type=\"section\">\n\t\t\t\t\t\t<div class=\"elementor-container elementor-column-gap-default\">\n\t\t\t\t\t<div class=\"elementor-column elementor-col-50 elementor-top-column elementor-element elementor-element-6cb8a2a\" data-id=\"6cb8a2a\" data-element_type=\"column\" data-e-type=\"column\">\n\t\t\t<div class=\"elementor-widget-wrap elementor-element-populated\">\n\t\t\t\t\t\t<div class=\"elementor-element elementor-element-6885daa elementor-widget elementor-widget-image\" data-id=\"6885daa\" data-element_type=\"widget\" data-e-type=\"widget\" data-widget_type=\"image.default\">\n\t\t\t\t<div class=\"elementor-widget-container\">\n\t\t\t\t\t\t\t\t\t\t\t\t\t\t\t<img loading=\"lazy\" decoding=\"async\" width=\"909\" height=\"606\" src=\"https:\/\/estetica-equilibrium.com\/wp-content\/uploads\/2021\/06\/facial6.jpg\" class=\"attachment-large size-large wp-image-9371\" alt=\"\" srcset=\"https:\/\/estetica-equilibrium.com\/wp-content\/uploads\/2021\/06\/facial6.jpg 909w, https:\/\/estetica-equilibrium.com\/wp-content\/uploads\/2021\/06\/facial6-300x200.jpg 300w, https:\/\/estetica-equilibrium.com\/wp-content\/uploads\/2021\/06\/facial6-768x512.jpg 768w, https:\/\/estetica-equilibrium.com\/wp-content\/uploads\/2021\/06\/facial6-600x400.jpg 600w\" sizes=\"(max-width: 909px) 100vw, 909px\" \/>\t\t\t\t\t\t\t\t\t\t\t\t\t\t\t<\/div>\n\t\t\t\t<\/div>\n\t\t\t\t\t<\/div>\n\t\t<\/div>\n\t\t\t\t<div class=\"elementor-column elementor-col-50 elementor-top-column elementor-element elementor-element-ee1e275\" data-id=\"ee1e275\" data-element_type=\"column\" data-e-type=\"column\" data-settings=\"{&quot;background_background&quot;:&quot;classic&quot;,&quot;animation_mobile&quot;:&quot;fadeInLeft&quot;}\">\n\t\t\t<div class=\"elementor-widget-wrap elementor-element-populated\">\n\t\t\t\t\t\t<div class=\"elementor-element elementor-element-cc51056 elementor-widget elementor-widget-text-editor\" data-id=\"cc51056\" data-element_type=\"widget\" data-e-type=\"widget\" data-widget_type=\"text-editor.default\">\n\t\t\t\t<div class=\"elementor-widget-container\">\n\t\t\t\t\t\t\t\t\t<p>\u201cSom Organic &amp; Vegan\u201d<\/p>\t\t\t\t\t\t\t\t<\/div>\n\t\t\t\t<\/div>\n\t\t\t\t<div class=\"elementor-element elementor-element-55fda5e elementor-widget elementor-widget-text-editor\" data-id=\"55fda5e\" data-element_type=\"widget\" data-e-type=\"widget\" data-widget_type=\"text-editor.default\">\n\t\t\t\t<div class=\"elementor-widget-container\">\n\t\t\t\t\t\t\t\t\t<p class=\"p1\">Cuidar la pell dels altres sense cuidar la Natura i el medi ambient no tindria sentit. Per aix\u00f2 apostem per una firma cosm\u00e8tica 100% Organic, Vegan &amp; Clean Beauty. La natura posseeix els millors actius que responen als desitjos m\u00e9s exigents en termes de bellesa i necessitats de la pell. Som vegans perqu\u00e8 sentim un comprom\u00eds amb el m\u00f3n animal i triem ingredients procedents de l&#8217;agricultura org\u00e0nica.   <\/p>\t\t\t\t\t\t\t\t<\/div>\n\t\t\t\t<\/div>\n\t\t\t\t\t<\/div>\n\t\t<\/div>\n\t\t\t\t\t<\/div>\n\t\t<\/section>\n\t\t\t\t<section class=\"elementor-section elementor-top-section elementor-element elementor-element-c2fb221 elementor-section-full_width elementor-section-height-default elementor-section-height-default mkdf-parallax-row-no mkdf-content-aligment-left mkdf-row-grid-no mkdf-disabled-bg-image-bellow-no\" data-id=\"c2fb221\" data-element_type=\"section\" data-e-type=\"section\">\n\t\t\t\t\t\t<div class=\"elementor-container elementor-column-gap-default\">\n\t\t\t\t\t<div class=\"elementor-column elementor-col-100 elementor-top-column elementor-element elementor-element-634f3c3\" data-id=\"634f3c3\" data-element_type=\"column\" data-e-type=\"column\">\n\t\t\t<div class=\"elementor-widget-wrap elementor-element-populated\">\n\t\t\t\t\t\t<div class=\"elementor-element elementor-element-5dae2ff elementor-widget elementor-widget-image\" data-id=\"5dae2ff\" data-element_type=\"widget\" data-e-type=\"widget\" data-settings=\"{&quot;_animation_mobile&quot;:&quot;fadeInRight&quot;}\" data-widget_type=\"image.default\">\n\t\t\t\t<div class=\"elementor-widget-container\">\n\t\t\t\t\t\t\t\t\t\t\t\t\t\t\t<img loading=\"lazy\" decoding=\"async\" width=\"1373\" height=\"601\" src=\"https:\/\/estetica-equilibrium.com\/wp-content\/uploads\/2025\/02\/tratamientos-faciales-piel-masculina.jpg\" class=\"attachment-full size-full wp-image-9495\" alt=\"\" srcset=\"https:\/\/estetica-equilibrium.com\/wp-content\/uploads\/2025\/02\/tratamientos-faciales-piel-masculina.jpg 1373w, https:\/\/estetica-equilibrium.com\/wp-content\/uploads\/2025\/02\/tratamientos-faciales-piel-masculina-300x131.jpg 300w, https:\/\/estetica-equilibrium.com\/wp-content\/uploads\/2025\/02\/tratamientos-faciales-piel-masculina-1024x448.jpg 1024w, https:\/\/estetica-equilibrium.com\/wp-content\/uploads\/2025\/02\/tratamientos-faciales-piel-masculina-768x336.jpg 768w\" sizes=\"(max-width: 1373px) 100vw, 1373px\" \/>\t\t\t\t\t\t\t\t\t\t\t\t\t\t\t<\/div>\n\t\t\t\t<\/div>\n\t\t\t\t\t<\/div>\n\t\t<\/div>\n\t\t\t\t\t<\/div>\n\t\t<\/section>\n\t\t\t\t<section class=\"elementor-section elementor-top-section elementor-element elementor-element-5a504c4 elementor-section-boxed elementor-section-height-default elementor-section-height-default mkdf-parallax-row-no mkdf-content-aligment-left mkdf-row-grid-no mkdf-disabled-bg-image-bellow-no\" data-id=\"5a504c4\" data-element_type=\"section\" data-e-type=\"section\">\n\t\t\t\t\t\t<div class=\"elementor-container elementor-column-gap-default\">\n\t\t\t\t\t<div class=\"elementor-column elementor-col-50 elementor-top-column elementor-element elementor-element-02932fe\" data-id=\"02932fe\" data-element_type=\"column\" data-e-type=\"column\">\n\t\t\t<div class=\"elementor-widget-wrap elementor-element-populated\">\n\t\t\t\t\t\t<div class=\"elementor-element elementor-element-972aa36 elementor-widget elementor-widget-text-editor\" data-id=\"972aa36\" data-element_type=\"widget\" data-e-type=\"widget\" data-widget_type=\"text-editor.default\">\n\t\t\t\t<div class=\"elementor-widget-container\">\n\t\t\t\t\t\t\t\t\t<p>EFECTIVITAT<\/p>\t\t\t\t\t\t\t\t<\/div>\n\t\t\t\t<\/div>\n\t\t\t\t<div class=\"elementor-element elementor-element-f3d80bd elementor-widget elementor-widget-text-editor\" data-id=\"f3d80bd\" data-element_type=\"widget\" data-e-type=\"widget\" data-widget_type=\"text-editor.default\">\n\t\t\t\t<div class=\"elementor-widget-container\">\n\t\t\t\t\t\t\t\t\t<ul><li><p>F\u00f3rmules cient\u00edficament provades.<\/p><\/li><li><p>Actius efectius com la Niacinamida o l&#8217;\u00c0cid Hialur\u00f2nic amb extractes i olis purs.<\/p><\/li><li><p>Actius antiedat innovadors, antioxidants i humectants per frenar l&#8217;envelliment cel\u00b7lular.<\/p><\/li><\/ul>\t\t\t\t\t\t\t\t<\/div>\n\t\t\t\t<\/div>\n\t\t\t\t\t<\/div>\n\t\t<\/div>\n\t\t\t\t<div class=\"elementor-column elementor-col-50 elementor-top-column elementor-element elementor-element-b117e9d\" data-id=\"b117e9d\" data-element_type=\"column\" data-e-type=\"column\">\n\t\t\t<div class=\"elementor-widget-wrap elementor-element-populated\">\n\t\t\t\t\t\t<div class=\"elementor-element elementor-element-e1776a7 elementor-widget elementor-widget-text-editor\" data-id=\"e1776a7\" data-element_type=\"widget\" data-e-type=\"widget\" data-widget_type=\"text-editor.default\">\n\t\t\t\t<div class=\"elementor-widget-container\">\n\t\t\t\t\t\t\t\t\t<p>RUTINA MINIMALISTA<\/p>\t\t\t\t\t\t\t\t<\/div>\n\t\t\t\t<\/div>\n\t\t\t\t<div class=\"elementor-element elementor-element-cdb6cd5 elementor-widget elementor-widget-text-editor\" data-id=\"cdb6cd5\" data-element_type=\"widget\" data-e-type=\"widget\" data-widget_type=\"text-editor.default\">\n\t\t\t\t<div class=\"elementor-widget-container\">\n\t\t\t\t\t\t\t\t\t<ul><li>La simplicitat i l&#8217;efic\u00e0cia no estan renyides.<\/li><li>No diferenciem entre productes de dia i de nit;<\/li><li>Els productes de SCENS no diferencien entre home i dona; se centren en la necessitat de la pell en cada estat i moment de la vida.<\/li><li>L&#8217;edat tampoc \u00e9s un determinant en la nostra formulaci\u00f3.<\/li><\/ul>\t\t\t\t\t\t\t\t<\/div>\n\t\t\t\t<\/div>\n\t\t\t\t\t<\/div>\n\t\t<\/div>\n\t\t\t\t\t<\/div>\n\t\t<\/section>\n\t\t\t\t<\/div>\n\t\t","protected":false},"excerpt":{"rendered":"<p>Tractaments Facials Les Franqueses Sabemos que cada piel es \u00fanica, por eso creamos soluciones para todas las preocupaciones cut\u00e1neas. La creen\u00e7a m\u00e9s ferma d&#8217;Equilibrium \u00e9s que la cura de la teva pell s&#8217;ha d&#8217;adaptar perfectament a les teves necessitats particulars. [&hellip;]<\/p>\n","protected":false},"author":2,"featured_media":0,"parent":0,"menu_order":0,"comment_status":"closed","ping_status":"closed","template":"elementor_header_footer","meta":{"footnotes":""},"class_list":["post-9529","page","type-page","status-publish","hentry"],"yoast_head":"<!-- This site is optimized with the Yoast SEO plugin v27.4 - https:\/\/yoast.com\/product\/yoast-seo-wordpress\/ -->\n<title>Tractaments Facials Les Franqueses | Equilibrium<\/title>\n<meta name=\"description\" content=\"Real\u00e7a la teva bellesa natural a Les Franqueses. Descobreix els nostres tractaments facials dissenyats per ressaltar els teus trets i millorar la salut de la teva pell de forma natural. Sent-te m\u00e9s guapa i segura!\" \/>\n<meta name=\"robots\" content=\"index, follow, max-snippet:-1, max-image-preview:large, max-video-preview:-1\" \/>\n<link rel=\"canonical\" href=\"https:\/\/estetica-equilibrium.com\/ca\/tractaments-facials-les-franqueses\/\" \/>\n<meta property=\"og:locale\" content=\"ca_ES\" \/>\n<meta property=\"og:type\" content=\"article\" \/>\n<meta property=\"og:title\" content=\"Tractaments Facials Les Franqueses | Equilibrium\" \/>\n<meta property=\"og:description\" content=\"Real\u00e7a la teva bellesa natural a Les Franqueses. Descobreix els nostres tractaments facials dissenyats per ressaltar els teus trets i millorar la salut de la teva pell de forma natural. Sent-te m\u00e9s guapa i segura!\" \/>\n<meta property=\"og:url\" content=\"https:\/\/estetica-equilibrium.com\/ca\/tractaments-facials-les-franqueses\/\" \/>\n<meta property=\"og:site_name\" content=\"Equilibrium\" \/>\n<meta property=\"article:modified_time\" content=\"2026-03-14T13:31:43+00:00\" \/>\n<meta property=\"og:image\" content=\"https:\/\/estetica-equilibrium.com\/wp-content\/uploads\/2025\/02\/tratamientos-faciales-les-franqueses.jpg\" \/>\n\t<meta property=\"og:image:width\" content=\"783\" \/>\n\t<meta property=\"og:image:height\" content=\"739\" \/>\n\t<meta property=\"og:image:type\" content=\"image\/jpeg\" \/>\n<meta name=\"twitter:card\" content=\"summary_large_image\" \/>\n<meta name=\"twitter:label1\" content=\"Temps estimat de lectura\" \/>\n\t<meta name=\"twitter:data1\" content=\"5 minuts\" \/>\n<!-- \/ Yoast SEO plugin. -->","yoast_head_json":{"title":"Tractaments Facials Les Franqueses | Equilibrium","description":"Real\u00e7a la teva bellesa natural a Les Franqueses. Descobreix els nostres tractaments facials dissenyats per ressaltar els teus trets i millorar la salut de la teva pell de forma natural. Sent-te m\u00e9s guapa i segura!","robots":{"index":"index","follow":"follow","max-snippet":"max-snippet:-1","max-image-preview":"max-image-preview:large","max-video-preview":"max-video-preview:-1"},"canonical":"https:\/\/estetica-equilibrium.com\/ca\/tractaments-facials-les-franqueses\/","og_locale":"ca_ES","og_type":"article","og_title":"Tractaments Facials Les Franqueses | Equilibrium","og_description":"Real\u00e7a la teva bellesa natural a Les Franqueses. Descobreix els nostres tractaments facials dissenyats per ressaltar els teus trets i millorar la salut de la teva pell de forma natural. Sent-te m\u00e9s guapa i segura!","og_url":"https:\/\/estetica-equilibrium.com\/ca\/tractaments-facials-les-franqueses\/","og_site_name":"Equilibrium","article_modified_time":"2026-03-14T13:31:43+00:00","og_image":[{"width":783,"height":739,"url":"https:\/\/estetica-equilibrium.com\/wp-content\/uploads\/2025\/02\/tratamientos-faciales-les-franqueses.jpg","type":"image\/jpeg"}],"twitter_card":"summary_large_image","twitter_misc":{"Temps estimat de lectura":"5 minuts"},"schema":{"@context":"https:\/\/schema.org","@graph":[{"@type":"WebPage","@id":"https:\/\/estetica-equilibrium.com\/ca\/tractaments-facials-les-franqueses\/","url":"https:\/\/estetica-equilibrium.com\/ca\/tractaments-facials-les-franqueses\/","name":"Tractaments Facials Les Franqueses | Equilibrium","isPartOf":{"@id":"https:\/\/estetica-equilibrium.com\/ca\/#website"},"primaryImageOfPage":{"@id":"https:\/\/estetica-equilibrium.com\/ca\/tractaments-facials-les-franqueses\/#primaryimage"},"image":{"@id":"https:\/\/estetica-equilibrium.com\/ca\/tractaments-facials-les-franqueses\/#primaryimage"},"thumbnailUrl":"https:\/\/estetica-equilibrium.com\/wp-content\/uploads\/2025\/02\/tratamientos-faciales-les-franqueses.jpg","datePublished":"2021-06-30T07:46:39+00:00","dateModified":"2026-03-14T13:31:43+00:00","description":"Real\u00e7a la teva bellesa natural a Les Franqueses. Descobreix els nostres tractaments facials dissenyats per ressaltar els teus trets i millorar la salut de la teva pell de forma natural. Sent-te m\u00e9s guapa i segura!","breadcrumb":{"@id":"https:\/\/estetica-equilibrium.com\/ca\/tractaments-facials-les-franqueses\/#breadcrumb"},"inLanguage":"ca","potentialAction":[{"@type":"ReadAction","target":["https:\/\/estetica-equilibrium.com\/ca\/tractaments-facials-les-franqueses\/"]}]},{"@type":"ImageObject","inLanguage":"ca","@id":"https:\/\/estetica-equilibrium.com\/ca\/tractaments-facials-les-franqueses\/#primaryimage","url":"https:\/\/estetica-equilibrium.com\/wp-content\/uploads\/2025\/02\/tratamientos-faciales-les-franqueses.jpg","contentUrl":"https:\/\/estetica-equilibrium.com\/wp-content\/uploads\/2025\/02\/tratamientos-faciales-les-franqueses.jpg"},{"@type":"BreadcrumbList","@id":"https:\/\/estetica-equilibrium.com\/ca\/tractaments-facials-les-franqueses\/#breadcrumb","itemListElement":[{"@type":"ListItem","position":1,"name":"Portada","item":"https:\/\/estetica-equilibrium.com\/ca\/centre-estetica-les-franqueses\/"},{"@type":"ListItem","position":2,"name":"Tractaments Facials Les Franqueses"}]},{"@type":"WebSite","@id":"https:\/\/estetica-equilibrium.com\/ca\/#website","url":"https:\/\/estetica-equilibrium.com\/ca\/","name":"Equilibrium","description":"Est\u00e9tica avanzada","potentialAction":[{"@type":"SearchAction","target":{"@type":"EntryPoint","urlTemplate":"https:\/\/estetica-equilibrium.com\/ca\/?s={search_term_string}"},"query-input":{"@type":"PropertyValueSpecification","valueRequired":true,"valueName":"search_term_string"}}],"inLanguage":"ca"}]}},"_links":{"self":[{"href":"https:\/\/estetica-equilibrium.com\/ca\/wp-json\/wp\/v2\/pages\/9529","targetHints":{"allow":["GET"]}}],"collection":[{"href":"https:\/\/estetica-equilibrium.com\/ca\/wp-json\/wp\/v2\/pages"}],"about":[{"href":"https:\/\/estetica-equilibrium.com\/ca\/wp-json\/wp\/v2\/types\/page"}],"author":[{"embeddable":true,"href":"https:\/\/estetica-equilibrium.com\/ca\/wp-json\/wp\/v2\/users\/2"}],"replies":[{"embeddable":true,"href":"https:\/\/estetica-equilibrium.com\/ca\/wp-json\/wp\/v2\/comments?post=9529"}],"version-history":[{"count":1,"href":"https:\/\/estetica-equilibrium.com\/ca\/wp-json\/wp\/v2\/pages\/9529\/revisions"}],"predecessor-version":[{"id":9530,"href":"https:\/\/estetica-equilibrium.com\/ca\/wp-json\/wp\/v2\/pages\/9529\/revisions\/9530"}],"wp:attachment":[{"href":"https:\/\/estetica-equilibrium.com\/ca\/wp-json\/wp\/v2\/media?parent=9529"}],"curies":[{"name":"wp","href":"https:\/\/api.w.org\/{rel}","templated":true}]}}