{"id":9531,"date":"2021-06-07T08:25:21","date_gmt":"2021-06-07T08:25:21","guid":{"rendered":"https:\/\/estetica-equilibrium.com\/micropigmentacio-les-franqueses\/"},"modified":"2026-03-14T13:46:48","modified_gmt":"2026-03-14T13:46:48","slug":"micropigmentacio-les-franqueses","status":"publish","type":"page","link":"https:\/\/estetica-equilibrium.com\/ca\/micropigmentacio-les-franqueses\/","title":{"rendered":"Micropigmentaci\u00f3 Les Franqueses"},"content":{"rendered":"\t\t<div data-elementor-type=\"wp-page\" data-elementor-id=\"9531\" class=\"elementor elementor-9531 elementor-5241\" data-elementor-post-type=\"page\">\n\t\t\t\t\t\t<section class=\"elementor-section elementor-top-section elementor-element elementor-element-46bdcceb elementor-hidden-tablet elementor-hidden-phone animated-slow elementor-section-boxed elementor-section-height-default elementor-section-height-default mkdf-parallax-row-no mkdf-content-aligment-left mkdf-row-grid-no mkdf-disabled-bg-image-bellow-no elementor-invisible\" data-id=\"46bdcceb\" data-element_type=\"section\" data-e-type=\"section\" data-settings=\"{&quot;background_background&quot;:&quot;classic&quot;,&quot;animation&quot;:&quot;fadeIn&quot;}\">\n\t\t\t\t\t\t\t<div class=\"elementor-background-overlay\"><\/div>\n\t\t\t\t\t\t\t<div class=\"elementor-container elementor-column-gap-default\">\n\t\t\t\t\t<div class=\"elementor-column elementor-col-50 elementor-top-column elementor-element elementor-element-44376d89 elementor-invisible\" data-id=\"44376d89\" data-element_type=\"column\" data-e-type=\"column\" data-settings=\"{&quot;background_background&quot;:&quot;classic&quot;,&quot;animation&quot;:&quot;fadeInLeft&quot;}\">\n\t\t\t<div class=\"elementor-widget-wrap elementor-element-populated\">\n\t\t\t\t\t\t<div class=\"elementor-element elementor-element-bc65583 animated-fast elementor-widget elementor-widget-image\" data-id=\"bc65583\" data-element_type=\"widget\" data-e-type=\"widget\" data-settings=\"{&quot;_animation&quot;:&quot;none&quot;,&quot;_animation_delay&quot;:0}\" data-widget_type=\"image.default\">\n\t\t\t\t<div class=\"elementor-widget-container\">\n\t\t\t\t\t\t\t\t\t\t\t\t\t\t\t<img fetchpriority=\"high\" decoding=\"async\" width=\"783\" height=\"739\" src=\"https:\/\/estetica-equilibrium.com\/wp-content\/uploads\/2025\/02\/micropigmentacion-les-franqueses.png\" class=\"attachment-large size-large wp-image-9484\" alt=\"\" srcset=\"https:\/\/estetica-equilibrium.com\/wp-content\/uploads\/2025\/02\/micropigmentacion-les-franqueses.png 783w, https:\/\/estetica-equilibrium.com\/wp-content\/uploads\/2025\/02\/micropigmentacion-les-franqueses-300x283.png 300w, https:\/\/estetica-equilibrium.com\/wp-content\/uploads\/2025\/02\/micropigmentacion-les-franqueses-768x725.png 768w\" sizes=\"(max-width: 783px) 100vw, 783px\" \/>\t\t\t\t\t\t\t\t\t\t\t\t\t\t\t<\/div>\n\t\t\t\t<\/div>\n\t\t\t\t\t<\/div>\n\t\t<\/div>\n\t\t\t\t<div class=\"elementor-column elementor-col-50 elementor-top-column elementor-element elementor-element-1e35c60e\" data-id=\"1e35c60e\" data-element_type=\"column\" data-e-type=\"column\" data-settings=\"{&quot;background_background&quot;:&quot;classic&quot;}\">\n\t\t\t<div class=\"elementor-widget-wrap elementor-element-populated\">\n\t\t\t\t\t\t<div class=\"elementor-element elementor-element-14e805d7 elementor-widget elementor-widget-spacer\" data-id=\"14e805d7\" data-element_type=\"widget\" data-e-type=\"widget\" data-widget_type=\"spacer.default\">\n\t\t\t\t<div class=\"elementor-widget-container\">\n\t\t\t\t\t\t\t<div class=\"elementor-spacer\">\n\t\t\t<div class=\"elementor-spacer-inner\"><\/div>\n\t\t<\/div>\n\t\t\t\t\t\t<\/div>\n\t\t\t\t<\/div>\n\t\t\t\t<div class=\"elementor-element elementor-element-026c291 elementor-widget elementor-widget-spacer\" data-id=\"026c291\" data-element_type=\"widget\" data-e-type=\"widget\" data-widget_type=\"spacer.default\">\n\t\t\t\t<div class=\"elementor-widget-container\">\n\t\t\t\t\t\t\t<div class=\"elementor-spacer\">\n\t\t\t<div class=\"elementor-spacer-inner\"><\/div>\n\t\t<\/div>\n\t\t\t\t\t\t<\/div>\n\t\t\t\t<\/div>\n\t\t\t\t<div class=\"elementor-element elementor-element-2b75d9ec elementor-widget elementor-widget-text-editor\" data-id=\"2b75d9ec\" data-element_type=\"widget\" data-e-type=\"widget\" data-widget_type=\"text-editor.default\">\n\t\t\t\t<div class=\"elementor-widget-container\">\n\t\t\t\t\t\t\t\t\t<p>Micropigmentaci\u00f3 Les Franqueses<\/p>\t\t\t\t\t\t\t\t<\/div>\n\t\t\t\t<\/div>\n\t\t\t\t<div class=\"elementor-element elementor-element-7b7f1c1e elementor-widget elementor-widget-text-editor\" data-id=\"7b7f1c1e\" data-element_type=\"widget\" data-e-type=\"widget\" data-widget_type=\"text-editor.default\">\n\t\t\t\t<div class=\"elementor-widget-container\">\n\t\t\t\t\t\t\t\t\t<p class=\"p1\">La micropigmentaci\u00f3, \u2018micro\u2019 o maquillatge semipermanent \u00e9s una t\u00e8cnica amb molta demanda actualment, ja que millora el nostre aspecte d\u2019una forma r\u00e0pida, elegant i natural. Ideal per millorar les celles, marcar l&#8217;eye-liner i embellir l&#8217;aspecte dels llavis. Amb m\u00e9s de 20 anys d&#8217;experi\u00e8ncia en aquests tractaments, Equilibrium compleix amb les normatives sanit\u00e0ries vigents. La professional experta en visatgisme t&#8217;assessorar\u00e0, en una visita informativa, sobre tot el proc\u00e9s.   <\/p>\t\t\t\t\t\t\t\t<\/div>\n\t\t\t\t<\/div>\n\t\t\t\t<div class=\"elementor-element elementor-element-a7f96e0 elementor-widget elementor-widget-spacer\" data-id=\"a7f96e0\" data-element_type=\"widget\" data-e-type=\"widget\" data-widget_type=\"spacer.default\">\n\t\t\t\t<div class=\"elementor-widget-container\">\n\t\t\t\t\t\t\t<div class=\"elementor-spacer\">\n\t\t\t<div class=\"elementor-spacer-inner\"><\/div>\n\t\t<\/div>\n\t\t\t\t\t\t<\/div>\n\t\t\t\t<\/div>\n\t\t\t\t<div class=\"elementor-element elementor-element-10dbe1a6 elementor-align-left elementor-widget elementor-widget-button\" data-id=\"10dbe1a6\" data-element_type=\"widget\" data-e-type=\"widget\" data-widget_type=\"button.default\">\n\t\t\t\t<div class=\"elementor-widget-container\">\n\t\t\t\t\t\t\t\t\t<div class=\"elementor-button-wrapper\">\n\t\t\t\t\t<a class=\"elementor-button elementor-button-link elementor-size-md\" href=\"https:\/\/www.estetica-equilibrium-reservas.com\/index.html\">\n\t\t\t\t\t\t<span class=\"elementor-button-content-wrapper\">\n\t\t\t\t\t\t\t\t\t<span class=\"elementor-button-text\">RESERVA EL TEU TRACTAMENT<\/span>\n\t\t\t\t\t<\/span>\n\t\t\t\t\t<\/a>\n\t\t\t\t<\/div>\n\t\t\t\t\t\t\t\t<\/div>\n\t\t\t\t<\/div>\n\t\t\t\t<div class=\"elementor-element elementor-element-7575199f elementor-widget elementor-widget-spacer\" data-id=\"7575199f\" data-element_type=\"widget\" data-e-type=\"widget\" data-widget_type=\"spacer.default\">\n\t\t\t\t<div class=\"elementor-widget-container\">\n\t\t\t\t\t\t\t<div class=\"elementor-spacer\">\n\t\t\t<div class=\"elementor-spacer-inner\"><\/div>\n\t\t<\/div>\n\t\t\t\t\t\t<\/div>\n\t\t\t\t<\/div>\n\t\t\t\t\t<\/div>\n\t\t<\/div>\n\t\t\t\t\t<\/div>\n\t\t<\/section>\n\t\t\t\t<section class=\"elementor-section elementor-top-section elementor-element elementor-element-ee73848 elementor-hidden-desktop elementor-reverse-mobile elementor-section-boxed elementor-section-height-default elementor-section-height-default mkdf-parallax-row-no mkdf-content-aligment-left mkdf-row-grid-no mkdf-disabled-bg-image-bellow-no\" data-id=\"ee73848\" data-element_type=\"section\" data-e-type=\"section\" data-settings=\"{&quot;background_background&quot;:&quot;classic&quot;}\">\n\t\t\t\t\t\t<div class=\"elementor-container elementor-column-gap-default\">\n\t\t\t\t\t<div class=\"elementor-column elementor-col-50 elementor-top-column elementor-element elementor-element-68ca0e2\" data-id=\"68ca0e2\" data-element_type=\"column\" data-e-type=\"column\" data-settings=\"{&quot;animation_mobile&quot;:&quot;fadeInLeft&quot;}\">\n\t\t\t<div class=\"elementor-widget-wrap elementor-element-populated\">\n\t\t\t\t\t\t<div class=\"elementor-element elementor-element-3ccae73 elementor-widget elementor-widget-image\" data-id=\"3ccae73\" data-element_type=\"widget\" data-e-type=\"widget\" data-widget_type=\"image.default\">\n\t\t\t\t<div class=\"elementor-widget-container\">\n\t\t\t\t\t\t\t\t\t\t\t\t\t\t\t<img decoding=\"async\" width=\"783\" height=\"739\" src=\"https:\/\/estetica-equilibrium.com\/wp-content\/uploads\/2021\/06\/noia2.png\" class=\"attachment-large size-large wp-image-9338\" alt=\"\" srcset=\"https:\/\/estetica-equilibrium.com\/wp-content\/uploads\/2021\/06\/noia2.png 783w, https:\/\/estetica-equilibrium.com\/wp-content\/uploads\/2021\/06\/noia2-300x283.png 300w, https:\/\/estetica-equilibrium.com\/wp-content\/uploads\/2021\/06\/noia2-768x725.png 768w, https:\/\/estetica-equilibrium.com\/wp-content\/uploads\/2021\/06\/noia2-600x566.png 600w\" sizes=\"(max-width: 783px) 100vw, 783px\" \/>\t\t\t\t\t\t\t\t\t\t\t\t\t\t\t<\/div>\n\t\t\t\t<\/div>\n\t\t\t\t\t<\/div>\n\t\t<\/div>\n\t\t\t\t<div class=\"elementor-column elementor-col-50 elementor-top-column elementor-element elementor-element-c09ac28\" data-id=\"c09ac28\" data-element_type=\"column\" data-e-type=\"column\" data-settings=\"{&quot;animation_mobile&quot;:&quot;fadeInRight&quot;}\">\n\t\t\t<div class=\"elementor-widget-wrap elementor-element-populated\">\n\t\t\t\t\t\t<div class=\"elementor-element elementor-element-3b99d3b elementor-widget elementor-widget-text-editor\" data-id=\"3b99d3b\" data-element_type=\"widget\" data-e-type=\"widget\" data-widget_type=\"text-editor.default\">\n\t\t\t\t<div class=\"elementor-widget-container\">\n\t\t\t\t\t\t\t\t\tMicropigmentaci\u00f3 Les Franqueses\t\t\t\t\t\t\t\t<\/div>\n\t\t\t\t<\/div>\n\t\t\t\t<div class=\"elementor-element elementor-element-59ecd48 elementor-widget elementor-widget-text-editor\" data-id=\"59ecd48\" data-element_type=\"widget\" data-e-type=\"widget\" data-widget_type=\"text-editor.default\">\n\t\t\t\t<div class=\"elementor-widget-container\">\n\t\t\t\t\t\t\t\t\t<p class=\"p1\">La micropigmentaci\u00f3, \u2018micro\u2019 o maquillatge semipermanent \u00e9s una t\u00e8cnica amb molta demanda actualment, ja que millora el nostre aspecte d\u2019una forma r\u00e0pida, elegant i natural. Ideal per millorar les celles, marcar l&#8217;eye-liner i embellir l&#8217;aspecte dels llavis. Amb m\u00e9s de 20 anys d&#8217;experi\u00e8ncia en aquests tractaments, Equilibrium compleix amb les normatives sanit\u00e0ries vigents. La professional experta en visatgisme t&#8217;assessorar\u00e0, en una visita informativa, sobre tot el proc\u00e9s.   <\/p>\t\t\t\t\t\t\t\t<\/div>\n\t\t\t\t<\/div>\n\t\t\t\t<div class=\"elementor-element elementor-element-ffb4d6d elementor-align-center elementor-mobile-align-left elementor-widget elementor-widget-button\" data-id=\"ffb4d6d\" data-element_type=\"widget\" data-e-type=\"widget\" data-widget_type=\"button.default\">\n\t\t\t\t<div class=\"elementor-widget-container\">\n\t\t\t\t\t\t\t\t\t<div class=\"elementor-button-wrapper\">\n\t\t\t\t\t<a class=\"elementor-button elementor-button-link elementor-size-md\" href=\"https:\/\/www.estetica-equilibrium-reservas.com\/index.html\">\n\t\t\t\t\t\t<span class=\"elementor-button-content-wrapper\">\n\t\t\t\t\t\t\t\t\t<span class=\"elementor-button-text\">RESERVA EL TEU TRACTAMENT<\/span>\n\t\t\t\t\t<\/span>\n\t\t\t\t\t<\/a>\n\t\t\t\t<\/div>\n\t\t\t\t\t\t\t\t<\/div>\n\t\t\t\t<\/div>\n\t\t\t\t\t<\/div>\n\t\t<\/div>\n\t\t\t\t\t<\/div>\n\t\t<\/section>\n\t\t\t\t<section class=\"elementor-section elementor-top-section elementor-element elementor-element-08b713e elementor-hidden-tablet elementor-hidden-phone elementor-section-boxed elementor-section-height-default elementor-section-height-default mkdf-parallax-row-no mkdf-content-aligment-left mkdf-row-grid-no mkdf-disabled-bg-image-bellow-no\" data-id=\"08b713e\" data-element_type=\"section\" data-e-type=\"section\">\n\t\t\t\t\t\t<div class=\"elementor-container elementor-column-gap-default\">\n\t\t\t\t\t<div class=\"elementor-column elementor-col-100 elementor-top-column elementor-element elementor-element-73b70d3 elementor-invisible\" data-id=\"73b70d3\" data-element_type=\"column\" data-e-type=\"column\" data-settings=\"{&quot;animation&quot;:&quot;fadeInLeft&quot;}\">\n\t\t\t<div class=\"elementor-widget-wrap elementor-element-populated\">\n\t\t\t\t\t\t<div class=\"elementor-element elementor-element-dbb413b elementor-widget elementor-widget-text-editor\" data-id=\"dbb413b\" data-element_type=\"widget\" data-e-type=\"widget\" data-widget_type=\"text-editor.default\">\n\t\t\t\t<div class=\"elementor-widget-container\">\n\t\t\t\t\t\t\t\t\tMICROPIGMENTACI\u00d3 DE LLAVIS\n\t\t\t\t\t\t\t\t<\/div>\n\t\t\t\t<\/div>\n\t\t\t\t<div class=\"elementor-element elementor-element-ee29440 elementor-widget elementor-widget-text-editor\" data-id=\"ee29440\" data-element_type=\"widget\" data-e-type=\"widget\" data-widget_type=\"text-editor.default\">\n\t\t\t\t<div class=\"elementor-widget-container\">\n\t\t\t\t\t\t\t\t\t<p>La<strong> micropigmentaci\u00f3 de llavis a Les Franqueses<\/strong> resulta molt natural; permet recuperar la forma del contorn de la boca donant un perfil renovat, definit i ampliat. Els llavis de forma estreta es poden ampliar amb una t\u00e8cnica \u00f2ptica de 3D perfectament natural que proporciona una sensaci\u00f3 de m\u00e9s gruix. Tamb\u00e9 es poden corregir tot tipus d&#8217;asimetries, aix\u00ed com millorar i dissimular imperfeccions.<br>  <\/p>\t\t\t\t\t\t\t\t<\/div>\n\t\t\t\t<\/div>\n\t\t\t\t\t<\/div>\n\t\t<\/div>\n\t\t\t\t\t<\/div>\n\t\t<\/section>\n\t\t\t\t<section class=\"elementor-section elementor-top-section elementor-element elementor-element-f59de3f elementor-hidden-tablet elementor-hidden-phone elementor-section-boxed elementor-section-height-default elementor-section-height-default mkdf-parallax-row-no mkdf-content-aligment-left mkdf-row-grid-no mkdf-disabled-bg-image-bellow-no\" data-id=\"f59de3f\" data-element_type=\"section\" data-e-type=\"section\" data-settings=\"{&quot;background_background&quot;:&quot;classic&quot;}\">\n\t\t\t\t\t\t<div class=\"elementor-container elementor-column-gap-default\">\n\t\t\t\t\t<div class=\"elementor-column elementor-col-50 elementor-top-column elementor-element elementor-element-d8ae9b2\" data-id=\"d8ae9b2\" data-element_type=\"column\" data-e-type=\"column\">\n\t\t\t<div class=\"elementor-widget-wrap\">\n\t\t\t\t\t\t\t<\/div>\n\t\t<\/div>\n\t\t\t\t<div class=\"elementor-column elementor-col-50 elementor-top-column elementor-element elementor-element-8088a95 elementor-invisible\" data-id=\"8088a95\" data-element_type=\"column\" data-e-type=\"column\" data-settings=\"{&quot;background_background&quot;:&quot;classic&quot;,&quot;animation&quot;:&quot;fadeInRight&quot;}\">\n\t\t\t<div class=\"elementor-widget-wrap elementor-element-populated\">\n\t\t\t\t\t\t<div class=\"elementor-element elementor-element-30af3d6 elementor-widget elementor-widget-text-editor\" data-id=\"30af3d6\" data-element_type=\"widget\" data-e-type=\"widget\" data-widget_type=\"text-editor.default\">\n\t\t\t\t<div class=\"elementor-widget-container\">\n\t\t\t\t\t\t\t\t\tMICROPIGMENTACI\u00d3 DE CELLES<br>\t\t\t\t\t\t\t\t<\/div>\n\t\t\t\t<\/div>\n\t\t\t\t<div class=\"elementor-element elementor-element-8ab2ea1 elementor-widget elementor-widget-text-editor\" data-id=\"8ab2ea1\" data-element_type=\"widget\" data-e-type=\"widget\" data-widget_type=\"text-editor.default\">\n\t\t\t\t<div class=\"elementor-widget-container\">\n\t\t\t\t\t\t\t\t\t<p class=\"p1\">Unes celles ben situades i est\u00e8ticament correctes s\u00f3n fonamentals per donar harmonia al rostre. Es poden realitzar amb dues t\u00e8cniques: la micropigmentaci\u00f3 i el microblading. <\/p><p class=\"p1\">Mentre que els tractaments de micropigmentaci\u00f3 solen durar entre 2 i 6 anys, el microblading dura fins a 2 anys, ja que el tra\u00e7 \u00e9s m\u00e9s fi i superficial. Les celles es poden redissenyar, redefinir i ressituar. Realitzant una reconstrucci\u00f3 p\u00e8l a p\u00e8l assegurem un resultat molt natural.<br>  <\/p>\t\t\t\t\t\t\t\t<\/div>\n\t\t\t\t<\/div>\n\t\t\t\t\t<\/div>\n\t\t<\/div>\n\t\t\t\t\t<\/div>\n\t\t<\/section>\n\t\t\t\t<section class=\"elementor-section elementor-top-section elementor-element elementor-element-7c94443 elementor-hidden-tablet elementor-hidden-phone elementor-section-boxed elementor-section-height-default elementor-section-height-default mkdf-parallax-row-no mkdf-content-aligment-left mkdf-row-grid-no mkdf-disabled-bg-image-bellow-no\" data-id=\"7c94443\" data-element_type=\"section\" data-e-type=\"section\" data-settings=\"{&quot;background_background&quot;:&quot;classic&quot;}\">\n\t\t\t\t\t\t<div class=\"elementor-container elementor-column-gap-default\">\n\t\t\t\t\t<div class=\"elementor-column elementor-col-50 elementor-top-column elementor-element elementor-element-c90e0e5\" data-id=\"c90e0e5\" data-element_type=\"column\" data-e-type=\"column\">\n\t\t\t<div class=\"elementor-widget-wrap elementor-element-populated\">\n\t\t\t\t\t\t<div class=\"elementor-element elementor-element-5b3fdca elementor-invisible elementor-widget elementor-widget-image\" data-id=\"5b3fdca\" data-element_type=\"widget\" data-e-type=\"widget\" data-settings=\"{&quot;_animation&quot;:&quot;fadeInUp&quot;}\" data-widget_type=\"image.default\">\n\t\t\t\t<div class=\"elementor-widget-container\">\n\t\t\t\t\t\t\t\t\t\t\t\t\t\t\t<img decoding=\"async\" src=\"https:\/\/estetica-equilibrium.com\/wp-content\/uploads\/elementor\/thumbs\/negre-rc4jelg5sko7zp1e4x0pznrclgbsveki6cxxl0swxc.png\" title=\"negre\" alt=\"negre\" loading=\"lazy\" \/>\t\t\t\t\t\t\t\t\t\t\t\t\t\t\t<\/div>\n\t\t\t\t<\/div>\n\t\t\t\t<div class=\"elementor-element elementor-element-95463e6 elementor-widget elementor-widget-text-editor\" data-id=\"95463e6\" data-element_type=\"widget\" data-e-type=\"widget\" data-widget_type=\"text-editor.default\">\n\t\t\t\t<div class=\"elementor-widget-container\">\n\t\t\t\t\t\t\t\t\tMICROPIGMENTACI\u00d3 D&#8217;ULLS<br>\t\t\t\t\t\t\t\t<\/div>\n\t\t\t\t<\/div>\n\t\t\t\t<div class=\"elementor-element elementor-element-8657be8 elementor-widget elementor-widget-text-editor\" data-id=\"8657be8\" data-element_type=\"widget\" data-e-type=\"widget\" data-widget_type=\"text-editor.default\">\n\t\t\t\t<div class=\"elementor-widget-container\">\n\t\t\t\t\t\t\t\t\t<p class=\"p1\">L&#8217;objectiu d&#8217;aquesta micropigmentaci\u00f3 o eye-liner \u00e9s aconseguir<span class=\"Apple-converted-space\">  <\/span>l&#8217;allargament de l&#8217;ull i una mirada m\u00e9s expressiva, intensa i rejovenida. Es pot micropigmentar la ratlla completa de l&#8217;eye-liner tant a la parpella inferior com a la superior. Per a una micropigmentaci\u00f3 subtil i s\u00faper natural, es realitza el lash-liner, una ratlla molt fina que es dibuixa entre les pestanyes.  <\/p>\t\t\t\t\t\t\t\t<\/div>\n\t\t\t\t<\/div>\n\t\t\t\t<div class=\"elementor-element elementor-element-22b64ba elementor-widget elementor-widget-spacer\" data-id=\"22b64ba\" data-element_type=\"widget\" data-e-type=\"widget\" data-widget_type=\"spacer.default\">\n\t\t\t\t<div class=\"elementor-widget-container\">\n\t\t\t\t\t\t\t<div class=\"elementor-spacer\">\n\t\t\t<div class=\"elementor-spacer-inner\"><\/div>\n\t\t<\/div>\n\t\t\t\t\t\t<\/div>\n\t\t\t\t<\/div>\n\t\t\t\t\t<\/div>\n\t\t<\/div>\n\t\t\t\t<div class=\"elementor-column elementor-col-50 elementor-top-column elementor-element elementor-element-4359dde\" data-id=\"4359dde\" data-element_type=\"column\" data-e-type=\"column\">\n\t\t\t<div class=\"elementor-widget-wrap elementor-element-populated\">\n\t\t\t\t\t\t<div class=\"elementor-element elementor-element-ca9d876 elementor-widget elementor-widget-spacer\" data-id=\"ca9d876\" data-element_type=\"widget\" data-e-type=\"widget\" data-widget_type=\"spacer.default\">\n\t\t\t\t<div class=\"elementor-widget-container\">\n\t\t\t\t\t\t\t<div class=\"elementor-spacer\">\n\t\t\t<div class=\"elementor-spacer-inner\"><\/div>\n\t\t<\/div>\n\t\t\t\t\t\t<\/div>\n\t\t\t\t<\/div>\n\t\t\t\t<div class=\"elementor-element elementor-element-a4a8f36 elementor-invisible elementor-widget elementor-widget-image\" data-id=\"a4a8f36\" data-element_type=\"widget\" data-e-type=\"widget\" data-settings=\"{&quot;_animation&quot;:&quot;slideInRight&quot;,&quot;_animation_delay&quot;:100}\" data-widget_type=\"image.default\">\n\t\t\t\t<div class=\"elementor-widget-container\">\n\t\t\t\t\t\t\t\t\t\t\t\t\t\t\t<img decoding=\"async\" src=\"https:\/\/estetica-equilibrium.com\/wp-content\/uploads\/elementor\/thumbs\/micropigmentacion-de-ojos-les-franqueses-rc4jehoxw7t91fvyhso5swib72yipfguib5levonpu.jpg\" title=\"micropigmentacion de ojos les franqueses\" alt=\"micropigmentacion de ojos les franqueses\" loading=\"lazy\" \/>\t\t\t\t\t\t\t\t\t\t\t\t\t\t\t<\/div>\n\t\t\t\t<\/div>\n\t\t\t\t\t<\/div>\n\t\t<\/div>\n\t\t\t\t\t<\/div>\n\t\t<\/section>\n\t\t\t\t<section class=\"elementor-section elementor-top-section elementor-element elementor-element-f01f922 elementor-hidden-tablet elementor-hidden-phone elementor-section-boxed elementor-section-height-default elementor-section-height-default mkdf-parallax-row-no mkdf-content-aligment-left mkdf-row-grid-no mkdf-disabled-bg-image-bellow-no\" data-id=\"f01f922\" data-element_type=\"section\" data-e-type=\"section\">\n\t\t\t\t\t\t<div class=\"elementor-container elementor-column-gap-default\">\n\t\t\t\t\t<div class=\"elementor-column elementor-col-100 elementor-top-column elementor-element elementor-element-5355702\" data-id=\"5355702\" data-element_type=\"column\" data-e-type=\"column\">\n\t\t\t<div class=\"elementor-widget-wrap elementor-element-populated\">\n\t\t\t\t\t\t<div class=\"elementor-element elementor-element-131e7d3 elementor-widget elementor-widget-spacer\" data-id=\"131e7d3\" data-element_type=\"widget\" data-e-type=\"widget\" data-widget_type=\"spacer.default\">\n\t\t\t\t<div class=\"elementor-widget-container\">\n\t\t\t\t\t\t\t<div class=\"elementor-spacer\">\n\t\t\t<div class=\"elementor-spacer-inner\"><\/div>\n\t\t<\/div>\n\t\t\t\t\t\t<\/div>\n\t\t\t\t<\/div>\n\t\t\t\t\t<\/div>\n\t\t<\/div>\n\t\t\t\t\t<\/div>\n\t\t<\/section>\n\t\t\t\t<section class=\"elementor-section elementor-top-section elementor-element elementor-element-af93d64 elementor-hidden-tablet elementor-hidden-phone elementor-section-boxed elementor-section-height-default elementor-section-height-default mkdf-parallax-row-no mkdf-content-aligment-left mkdf-row-grid-no mkdf-disabled-bg-image-bellow-no\" data-id=\"af93d64\" data-element_type=\"section\" data-e-type=\"section\">\n\t\t\t\t\t\t<div class=\"elementor-container elementor-column-gap-default\">\n\t\t\t\t\t<div class=\"elementor-column elementor-col-50 elementor-top-column elementor-element elementor-element-1b38ea1\" data-id=\"1b38ea1\" data-element_type=\"column\" data-e-type=\"column\" data-settings=\"{&quot;background_background&quot;:&quot;classic&quot;}\">\n\t\t\t<div class=\"elementor-widget-wrap elementor-element-populated\">\n\t\t\t\t\t\t<div class=\"elementor-element elementor-element-7de998f elementor-invisible elementor-widget elementor-widget-image\" data-id=\"7de998f\" data-element_type=\"widget\" data-e-type=\"widget\" data-settings=\"{&quot;_animation&quot;:&quot;fadeInLeft&quot;}\" data-widget_type=\"image.default\">\n\t\t\t\t<div class=\"elementor-widget-container\">\n\t\t\t\t\t\t\t\t\t\t\t\t\t\t\t<img decoding=\"async\" width=\"500\" height=\"643\" src=\"https:\/\/estetica-equilibrium.com\/wp-content\/uploads\/2025\/02\/micropigmentacion-reparadora-les-franqueses.png\" class=\"attachment-large size-large wp-image-9486\" alt=\"\" srcset=\"https:\/\/estetica-equilibrium.com\/wp-content\/uploads\/2025\/02\/micropigmentacion-reparadora-les-franqueses.png 500w, https:\/\/estetica-equilibrium.com\/wp-content\/uploads\/2025\/02\/micropigmentacion-reparadora-les-franqueses-233x300.png 233w\" sizes=\"(max-width: 500px) 100vw, 500px\" \/>\t\t\t\t\t\t\t\t\t\t\t\t\t\t\t<\/div>\n\t\t\t\t<\/div>\n\t\t\t\t<div class=\"elementor-element elementor-element-a915d3c elementor-widget elementor-widget-spacer\" data-id=\"a915d3c\" data-element_type=\"widget\" data-e-type=\"widget\" data-widget_type=\"spacer.default\">\n\t\t\t\t<div class=\"elementor-widget-container\">\n\t\t\t\t\t\t\t<div class=\"elementor-spacer\">\n\t\t\t<div class=\"elementor-spacer-inner\"><\/div>\n\t\t<\/div>\n\t\t\t\t\t\t<\/div>\n\t\t\t\t<\/div>\n\t\t\t\t\t<\/div>\n\t\t<\/div>\n\t\t\t\t<div class=\"elementor-column elementor-col-50 elementor-top-column elementor-element elementor-element-75199f8\" data-id=\"75199f8\" data-element_type=\"column\" data-e-type=\"column\">\n\t\t\t<div class=\"elementor-widget-wrap elementor-element-populated\">\n\t\t\t\t\t\t<div class=\"elementor-element elementor-element-5fc6916 elementor-invisible elementor-widget elementor-widget-image\" data-id=\"5fc6916\" data-element_type=\"widget\" data-e-type=\"widget\" data-settings=\"{&quot;_animation&quot;:&quot;fadeInUp&quot;}\" data-widget_type=\"image.default\">\n\t\t\t\t<div class=\"elementor-widget-container\">\n\t\t\t\t\t\t\t\t\t\t\t\t\t\t\t<img decoding=\"async\" src=\"https:\/\/estetica-equilibrium.com\/wp-content\/uploads\/elementor\/thumbs\/negre-rc4jelg5skn32ictgrnsxg3btrfebmm4zdy9j3qyu8.png\" title=\"negre\" alt=\"negre\" loading=\"lazy\" \/>\t\t\t\t\t\t\t\t\t\t\t\t\t\t\t<\/div>\n\t\t\t\t<\/div>\n\t\t\t\t<div class=\"elementor-element elementor-element-17288b1 elementor-widget elementor-widget-text-editor\" data-id=\"17288b1\" data-element_type=\"widget\" data-e-type=\"widget\" data-widget_type=\"text-editor.default\">\n\t\t\t\t<div class=\"elementor-widget-container\">\n\t\t\t\t\t\t\t\t\tMICROPIGMENTACI\u00d3 REPARADORA\t\t\t\t\t\t\t\t<\/div>\n\t\t\t\t<\/div>\n\t\t\t\t<div class=\"elementor-element elementor-element-53bc782 elementor-widget elementor-widget-text-editor\" data-id=\"53bc782\" data-element_type=\"widget\" data-e-type=\"widget\" data-widget_type=\"text-editor.default\">\n\t\t\t\t<div class=\"elementor-widget-container\">\n\t\t\t\t\t\t\t\t\t<p class=\"p1\">Una m\u00e9s de les utilitats d&#8217;aquest m\u00e8tode \u00e9s la <strong>micropigmentaci\u00f3 reparadora<\/strong>. Aquesta aplicaci\u00f3 ajuda a recuperar l&#8217;aspecte de l&#8217;ar\u00e8ola amb cicatrius postquir\u00fargiques o despr\u00e9s d&#8217;una reconstrucci\u00f3 mam\u00e0ria. <br><br><\/p><p class=\"p3\"> <\/p>\t\t\t\t\t\t\t\t<\/div>\n\t\t\t\t<\/div>\n\t\t\t\t\t<\/div>\n\t\t<\/div>\n\t\t\t\t\t<\/div>\n\t\t<\/section>\n\t\t\t\t<section class=\"elementor-section elementor-top-section elementor-element elementor-element-4a42d83 elementor-hidden-tablet elementor-hidden-phone elementor-section-boxed elementor-section-height-default elementor-section-height-default mkdf-parallax-row-no mkdf-content-aligment-left mkdf-row-grid-no mkdf-disabled-bg-image-bellow-no\" data-id=\"4a42d83\" data-element_type=\"section\" data-e-type=\"section\">\n\t\t\t\t\t\t<div class=\"elementor-container elementor-column-gap-default\">\n\t\t\t\t\t<div class=\"elementor-column elementor-col-50 elementor-top-column elementor-element elementor-element-2bcfbd9\" data-id=\"2bcfbd9\" data-element_type=\"column\" data-e-type=\"column\">\n\t\t\t<div class=\"elementor-widget-wrap elementor-element-populated\">\n\t\t\t\t\t\t<div class=\"elementor-element elementor-element-c753d23 elementor-widget elementor-widget-spacer\" data-id=\"c753d23\" data-element_type=\"widget\" data-e-type=\"widget\" data-widget_type=\"spacer.default\">\n\t\t\t\t<div class=\"elementor-widget-container\">\n\t\t\t\t\t\t\t<div class=\"elementor-spacer\">\n\t\t\t<div class=\"elementor-spacer-inner\"><\/div>\n\t\t<\/div>\n\t\t\t\t\t\t<\/div>\n\t\t\t\t<\/div>\n\t\t\t\t<div class=\"elementor-element elementor-element-b4b2651 elementor-widget elementor-widget-text-editor\" data-id=\"b4b2651\" data-element_type=\"widget\" data-e-type=\"widget\" data-widget_type=\"text-editor.default\">\n\t\t\t\t<div class=\"elementor-widget-container\">\n\t\t\t\t\t\t\t\t\t<p>A TENIR EN COMPTE<br><\/p>\t\t\t\t\t\t\t\t<\/div>\n\t\t\t\t<\/div>\n\t\t\t\t<div class=\"elementor-element elementor-element-281373e elementor-widget elementor-widget-text-editor\" data-id=\"281373e\" data-element_type=\"widget\" data-e-type=\"widget\" data-widget_type=\"text-editor.default\">\n\t\t\t\t<div class=\"elementor-widget-container\">\n\t\t\t\t\t\t\t\t\t<p class=\"p3\">Cal considerar possibles contraindicacions, com ara: diabetis, la presa de medicaments anticoagulants, al\u00b7l\u00e8rgies, predisposici\u00f3 a queloides i embar\u00e0s. Tamb\u00e9 recomanem no consumir vasodilatadors just abans del tractament, com caf\u00e8, begudes energitzants o de cua.<br> <\/p><p class=\"p3\">Equilibrium disposa de l&#8217;acreditaci\u00f3 sanit\u00e0ria certificada a trav\u00e9s del Departament de Salut, garantint la seguretat i qualitat en els procediments i estris emprats. Els tractaments es realitzen en una sala condicionada, amb una desinfecci\u00f3 pr\u00e8via de l&#8217;\u00e0rea a treballar per part de la professional i utilitzant eines d&#8217;un sol \u00fas (agulles, guants, microcepis).<br> <\/p><p class=\"p3\">El tractament \u00e9s pr\u00e0cticament indolor. El color o to de cada prestaci\u00f3 es tria en funci\u00f3 de les prefer\u00e8ncies de cada persona i el criteri de la professional despr\u00e9s d&#8217;un estudi de visatgisme. <\/p>\t\t\t\t\t\t\t\t<\/div>\n\t\t\t\t<\/div>\n\t\t\t\t<div class=\"elementor-element elementor-element-98195f5 elementor-widget elementor-widget-spacer\" data-id=\"98195f5\" data-element_type=\"widget\" data-e-type=\"widget\" data-widget_type=\"spacer.default\">\n\t\t\t\t<div class=\"elementor-widget-container\">\n\t\t\t\t\t\t\t<div class=\"elementor-spacer\">\n\t\t\t<div class=\"elementor-spacer-inner\"><\/div>\n\t\t<\/div>\n\t\t\t\t\t\t<\/div>\n\t\t\t\t<\/div>\n\t\t\t\t\t<\/div>\n\t\t<\/div>\n\t\t\t\t<div class=\"elementor-column elementor-col-50 elementor-top-column elementor-element elementor-element-7e4c103\" data-id=\"7e4c103\" data-element_type=\"column\" data-e-type=\"column\">\n\t\t\t<div class=\"elementor-widget-wrap elementor-element-populated\">\n\t\t\t\t\t\t<div class=\"elementor-element elementor-element-7371abd elementor-widget elementor-widget-image\" data-id=\"7371abd\" data-element_type=\"widget\" data-e-type=\"widget\" data-widget_type=\"image.default\">\n\t\t\t\t<div class=\"elementor-widget-container\">\n\t\t\t\t\t\t\t\t\t\t\t\t\t\t\t<img loading=\"lazy\" decoding=\"async\" width=\"374\" height=\"410\" src=\"https:\/\/estetica-equilibrium.com\/wp-content\/uploads\/2025\/02\/micropigmentacion-de-labios-les-franqueses.png\" class=\"attachment-large size-large wp-image-9487\" alt=\"\" srcset=\"https:\/\/estetica-equilibrium.com\/wp-content\/uploads\/2025\/02\/micropigmentacion-de-labios-les-franqueses.png 374w, https:\/\/estetica-equilibrium.com\/wp-content\/uploads\/2025\/02\/micropigmentacion-de-labios-les-franqueses-274x300.png 274w\" sizes=\"(max-width: 374px) 100vw, 374px\" \/>\t\t\t\t\t\t\t\t\t\t\t\t\t\t\t<\/div>\n\t\t\t\t<\/div>\n\t\t\t\t\t<\/div>\n\t\t<\/div>\n\t\t\t\t\t<\/div>\n\t\t<\/section>\n\t\t\t\t<section class=\"elementor-section elementor-top-section elementor-element elementor-element-33c0ef1 elementor-hidden-desktop animated-slow elementor-section-boxed elementor-section-height-default elementor-section-height-default mkdf-parallax-row-no mkdf-content-aligment-left mkdf-row-grid-no mkdf-disabled-bg-image-bellow-no elementor-invisible\" data-id=\"33c0ef1\" data-element_type=\"section\" data-e-type=\"section\" data-settings=\"{&quot;animation&quot;:&quot;fadeIn&quot;}\">\n\t\t\t\t\t\t<div class=\"elementor-container elementor-column-gap-default\">\n\t\t\t\t\t<div class=\"elementor-column elementor-col-100 elementor-top-column elementor-element elementor-element-ded3c5f\" data-id=\"ded3c5f\" data-element_type=\"column\" data-e-type=\"column\">\n\t\t\t<div class=\"elementor-widget-wrap elementor-element-populated\">\n\t\t\t\t\t\t<div class=\"elementor-element elementor-element-fe347b2 elementor-widget elementor-widget-text-editor\" data-id=\"fe347b2\" data-element_type=\"widget\" data-e-type=\"widget\" data-widget_type=\"text-editor.default\">\n\t\t\t\t<div class=\"elementor-widget-container\">\n\t\t\t\t\t\t\t\t\tMICROPIGMENTACI\u00d3 DE LLAVIS<br>\t\t\t\t\t\t\t\t<\/div>\n\t\t\t\t<\/div>\n\t\t\t\t<div class=\"elementor-element elementor-element-4877ab9 elementor-widget elementor-widget-text-editor\" data-id=\"4877ab9\" data-element_type=\"widget\" data-e-type=\"widget\" data-widget_type=\"text-editor.default\">\n\t\t\t\t<div class=\"elementor-widget-container\">\n\t\t\t\t\t\t\t\t\t<p class=\"p1\">La micropigmentaci\u00f3 de llavis a Les Franqueses resulta molt natural; permet recuperar la forma del contorn de la boca donant un perfil renovat, definit i ampliat. Els llavis de forma estreta es poden ampliar amb una t\u00e8cnica \u00f2ptica de 3D perfectament natural que proporciona una sensaci\u00f3 de m\u00e9s gruix. Tamb\u00e9 es poden corregir tot tipus d&#8217;asimetries, aix\u00ed com millorar i dissimular imperfeccions.<br>  <\/p>\t\t\t\t\t\t\t\t<\/div>\n\t\t\t\t<\/div>\n\t\t\t\t\t<\/div>\n\t\t<\/div>\n\t\t\t\t\t<\/div>\n\t\t<\/section>\n\t\t\t\t<section class=\"elementor-section elementor-top-section elementor-element elementor-element-cd017d5 elementor-hidden-desktop animated-slow elementor-section-boxed elementor-section-height-default elementor-section-height-default mkdf-parallax-row-no mkdf-content-aligment-left mkdf-row-grid-no mkdf-disabled-bg-image-bellow-no elementor-invisible\" data-id=\"cd017d5\" data-element_type=\"section\" data-e-type=\"section\" data-settings=\"{&quot;animation&quot;:&quot;fadeIn&quot;}\">\n\t\t\t\t\t\t<div class=\"elementor-container elementor-column-gap-default\">\n\t\t\t\t\t<div class=\"elementor-column elementor-col-100 elementor-top-column elementor-element elementor-element-cbf987c\" data-id=\"cbf987c\" data-element_type=\"column\" data-e-type=\"column\">\n\t\t\t<div class=\"elementor-widget-wrap elementor-element-populated\">\n\t\t\t\t\t\t<div class=\"elementor-element elementor-element-e232370 elementor-invisible elementor-widget elementor-widget-image\" data-id=\"e232370\" data-element_type=\"widget\" data-e-type=\"widget\" data-settings=\"{&quot;_animation&quot;:&quot;fadeIn&quot;}\" data-widget_type=\"image.default\">\n\t\t\t\t<div class=\"elementor-widget-container\">\n\t\t\t\t\t\t\t\t\t\t\t\t\t\t\t<img decoding=\"async\" src=\"https:\/\/estetica-equilibrium.com\/wp-content\/uploads\/elementor\/thumbs\/microblading2-rc4jelganjvwwyyd1e9mef60aim83acawoy79yer5y.jpg\" title=\"microblading2\" alt=\"microblading2\" loading=\"lazy\" \/>\t\t\t\t\t\t\t\t\t\t\t\t\t\t\t<\/div>\n\t\t\t\t<\/div>\n\t\t\t\t\t<\/div>\n\t\t<\/div>\n\t\t\t\t\t<\/div>\n\t\t<\/section>\n\t\t\t\t<section class=\"elementor-section elementor-top-section elementor-element elementor-element-999a40f elementor-hidden-desktop elementor-section-boxed elementor-section-height-default elementor-section-height-default mkdf-parallax-row-no mkdf-content-aligment-left mkdf-row-grid-no mkdf-disabled-bg-image-bellow-no elementor-invisible\" data-id=\"999a40f\" data-element_type=\"section\" data-e-type=\"section\" data-settings=\"{&quot;background_background&quot;:&quot;classic&quot;,&quot;animation&quot;:&quot;fadeInRight&quot;}\">\n\t\t\t\t\t\t<div class=\"elementor-container elementor-column-gap-default\">\n\t\t\t\t\t<div class=\"elementor-column elementor-col-100 elementor-top-column elementor-element elementor-element-1deea9b\" data-id=\"1deea9b\" data-element_type=\"column\" data-e-type=\"column\" data-settings=\"{&quot;background_background&quot;:&quot;classic&quot;}\">\n\t\t\t<div class=\"elementor-widget-wrap elementor-element-populated\">\n\t\t\t\t\t\t<div class=\"elementor-element elementor-element-e7c7230 elementor-widget elementor-widget-text-editor\" data-id=\"e7c7230\" data-element_type=\"widget\" data-e-type=\"widget\" data-widget_type=\"text-editor.default\">\n\t\t\t\t<div class=\"elementor-widget-container\">\n\t\t\t\t\t\t\t\t\tMICROPIGMENTACI\u00d3 DE CELLES<br>\t\t\t\t\t\t\t\t<\/div>\n\t\t\t\t<\/div>\n\t\t\t\t<div class=\"elementor-element elementor-element-5348b2a elementor-widget elementor-widget-text-editor\" data-id=\"5348b2a\" data-element_type=\"widget\" data-e-type=\"widget\" data-widget_type=\"text-editor.default\">\n\t\t\t\t<div class=\"elementor-widget-container\">\n\t\t\t\t\t\t\t\t\t<p class=\"p1\">Unes celles ben situades i est\u00e8ticament correctes s\u00f3n fonamentals per donar harmonia al rostre. Es poden realitzar amb dues t\u00e8cniques: la micropigmentaci\u00f3 i el microblading. <\/p><p class=\"p1\">Mientras que los tratamientos de micropigmentaci\u00f3n suelen durar entre 2 y 6 a\u00f1os, el microblading dura hasta 2 a\u00f1os, ya que el trazo es m\u00e1s fino y superficial. Las cejas se pueden redise\u00f1ar, redefinir y resituar. Realizando una reconstrucci\u00f3n pelo a pelo aseguramos un resultado muy natural.  <\/p>\t\t\t\t\t\t\t\t<\/div>\n\t\t\t\t<\/div>\n\t\t\t\t\t<\/div>\n\t\t<\/div>\n\t\t\t\t\t<\/div>\n\t\t<\/section>\n\t\t\t\t<section class=\"elementor-section elementor-top-section elementor-element elementor-element-5300280 elementor-hidden-desktop elementor-section-boxed elementor-section-height-default elementor-section-height-default mkdf-parallax-row-no mkdf-content-aligment-left mkdf-row-grid-no mkdf-disabled-bg-image-bellow-no elementor-invisible\" data-id=\"5300280\" data-element_type=\"section\" data-e-type=\"section\" data-settings=\"{&quot;background_background&quot;:&quot;classic&quot;,&quot;animation&quot;:&quot;fadeInLeft&quot;}\">\n\t\t\t\t\t\t<div class=\"elementor-container elementor-column-gap-default\">\n\t\t\t\t\t<div class=\"elementor-column elementor-col-100 elementor-top-column elementor-element elementor-element-c595204\" data-id=\"c595204\" data-element_type=\"column\" data-e-type=\"column\">\n\t\t\t<div class=\"elementor-widget-wrap elementor-element-populated\">\n\t\t\t\t\t\t<div class=\"elementor-element elementor-element-cf8f8be elementor-widget elementor-widget-text-editor\" data-id=\"cf8f8be\" data-element_type=\"widget\" data-e-type=\"widget\" data-widget_type=\"text-editor.default\">\n\t\t\t\t<div class=\"elementor-widget-container\">\n\t\t\t\t\t\t\t\t\tMICROPIGMENTACI\u00d3 D&#8217;ULLS<br>\t\t\t\t\t\t\t\t<\/div>\n\t\t\t\t<\/div>\n\t\t\t\t<div class=\"elementor-element elementor-element-3809316 elementor-widget elementor-widget-text-editor\" data-id=\"3809316\" data-element_type=\"widget\" data-e-type=\"widget\" data-widget_type=\"text-editor.default\">\n\t\t\t\t<div class=\"elementor-widget-container\">\n\t\t\t\t\t\t\t\t\t<p class=\"p1\">L&#8217;objectiu d&#8217;aquesta micropigmentaci\u00f3 o eye-liner \u00e9s aconseguir<span class=\"Apple-converted-space\">  <\/span>l&#8217;allargament de l&#8217;ull i una mirada m\u00e9s expressiva, intensa i rejovenida. Es pot micropigmentar la ratlla completa de l&#8217;eye-liner tant a la parpella inferior com a la superior. Per a una micropigmentaci\u00f3 subtil i s\u00faper natural, es realitza el lash-liner, una ratlla molt fina que es dibuixa entre les pestanyes.  <\/p>\t\t\t\t\t\t\t\t<\/div>\n\t\t\t\t<\/div>\n\t\t\t\t\t<\/div>\n\t\t<\/div>\n\t\t\t\t\t<\/div>\n\t\t<\/section>\n\t\t\t\t<section class=\"elementor-section elementor-top-section elementor-element elementor-element-3f4f1c5 elementor-hidden-desktop elementor-section-boxed elementor-section-height-default elementor-section-height-default mkdf-parallax-row-no mkdf-content-aligment-left mkdf-row-grid-no mkdf-disabled-bg-image-bellow-no elementor-invisible\" data-id=\"3f4f1c5\" data-element_type=\"section\" data-e-type=\"section\" data-settings=\"{&quot;animation&quot;:&quot;fadeInRight&quot;}\">\n\t\t\t\t\t\t<div class=\"elementor-container elementor-column-gap-default\">\n\t\t\t\t\t<div class=\"elementor-column elementor-col-100 elementor-top-column elementor-element elementor-element-dd03a0f\" data-id=\"dd03a0f\" data-element_type=\"column\" data-e-type=\"column\">\n\t\t\t<div class=\"elementor-widget-wrap elementor-element-populated\">\n\t\t\t\t\t\t<div class=\"elementor-element elementor-element-b4dedf4 elementor-widget elementor-widget-text-editor\" data-id=\"b4dedf4\" data-element_type=\"widget\" data-e-type=\"widget\" data-widget_type=\"text-editor.default\">\n\t\t\t\t<div class=\"elementor-widget-container\">\n\t\t\t\t\t\t\t\t\tMICROPIGMENTACI\u00d3 REPARADORA\t\t\t\t\t\t\t\t<\/div>\n\t\t\t\t<\/div>\n\t\t\t\t<div class=\"elementor-element elementor-element-8d47f08 elementor-widget elementor-widget-text-editor\" data-id=\"8d47f08\" data-element_type=\"widget\" data-e-type=\"widget\" data-widget_type=\"text-editor.default\">\n\t\t\t\t<div class=\"elementor-widget-container\">\n\t\t\t\t\t\t\t\t\t<p class=\"p1\">Una m\u00e9s de les utilitats d&#8217;aquest m\u00e8tode \u00e9s la <strong>micropigmentaci\u00f3 reparadora<\/strong>. Aquesta aplicaci\u00f3 ajuda a recuperar l&#8217;aspecte de l&#8217;ar\u00e8ola amb cicatrius postquir\u00fargiques o despr\u00e9s d&#8217;una reconstrucci\u00f3 mam\u00e0ria. <\/p>\t\t\t\t\t\t\t\t<\/div>\n\t\t\t\t<\/div>\n\t\t\t\t<div class=\"elementor-element elementor-element-39c09e2 elementor-widget elementor-widget-image\" data-id=\"39c09e2\" data-element_type=\"widget\" data-e-type=\"widget\" data-widget_type=\"image.default\">\n\t\t\t\t<div class=\"elementor-widget-container\">\n\t\t\t\t\t\t\t\t\t\t\t\t\t\t\t<img loading=\"lazy\" decoding=\"async\" width=\"500\" height=\"643\" src=\"https:\/\/estetica-equilibrium.com\/wp-content\/uploads\/2021\/06\/micro-reparadora.png\" class=\"attachment-large size-large wp-image-9345\" alt=\"\" srcset=\"https:\/\/estetica-equilibrium.com\/wp-content\/uploads\/2021\/06\/micro-reparadora.png 500w, https:\/\/estetica-equilibrium.com\/wp-content\/uploads\/2021\/06\/micro-reparadora-233x300.png 233w\" sizes=\"(max-width: 500px) 100vw, 500px\" \/>\t\t\t\t\t\t\t\t\t\t\t\t\t\t\t<\/div>\n\t\t\t\t<\/div>\n\t\t\t\t\t<\/div>\n\t\t<\/div>\n\t\t\t\t\t<\/div>\n\t\t<\/section>\n\t\t\t\t<section class=\"elementor-section elementor-top-section elementor-element elementor-element-2c54275 elementor-hidden-desktop elementor-section-boxed elementor-section-height-default elementor-section-height-default mkdf-parallax-row-no mkdf-content-aligment-left mkdf-row-grid-no mkdf-disabled-bg-image-bellow-no\" data-id=\"2c54275\" data-element_type=\"section\" data-e-type=\"section\">\n\t\t\t\t\t\t<div class=\"elementor-container elementor-column-gap-default\">\n\t\t\t\t\t<div class=\"elementor-column elementor-col-100 elementor-top-column elementor-element elementor-element-6e82b90\" data-id=\"6e82b90\" data-element_type=\"column\" data-e-type=\"column\">\n\t\t\t<div class=\"elementor-widget-wrap elementor-element-populated\">\n\t\t\t\t\t\t<div class=\"elementor-element elementor-element-bd83f54 elementor-widget elementor-widget-text-editor\" data-id=\"bd83f54\" data-element_type=\"widget\" data-e-type=\"widget\" data-widget_type=\"text-editor.default\">\n\t\t\t\t<div class=\"elementor-widget-container\">\n\t\t\t\t\t\t\t\t\t<p>A TENIR EN COMPTE<\/p>\t\t\t\t\t\t\t\t<\/div>\n\t\t\t\t<\/div>\n\t\t\t\t<div class=\"elementor-element elementor-element-b6469dd elementor-widget elementor-widget-text-editor\" data-id=\"b6469dd\" data-element_type=\"widget\" data-e-type=\"widget\" data-widget_type=\"text-editor.default\">\n\t\t\t\t<div class=\"elementor-widget-container\">\n\t\t\t\t\t\t\t\t\t<p class=\"p3\">Cal considerar possibles contraindicacions, com ara: diabetis, la presa de medicaments anticoagulants, al\u00b7l\u00e8rgies, predisposici\u00f3 a queloides i embar\u00e0s. Tamb\u00e9 recomanem no consumir vasodilatadors just abans del tractament, com caf\u00e8, begudes energitzants o de cua. <\/p><p class=\"p3\">Equilibrium disposa de l&#8217;acreditaci\u00f3 sanit\u00e0ria certificada a trav\u00e9s del Departament de Salut, garantint la seguretat i qualitat en els procediments i estris emprats. Els tractaments es realitzen en una sala condicionada, amb una desinfecci\u00f3 pr\u00e8via de l&#8217;\u00e0rea a treballar per part de la professional i utilitzant eines d&#8217;un sol \u00fas (agulles, guants, microcepis). <\/p><p class=\"p3\">El tractament \u00e9s pr\u00e0cticament indolor. El color o to de cada prestaci\u00f3 es tria en funci\u00f3 de les prefer\u00e8ncies de cada persona i el criteri de la professional despr\u00e9s d&#8217;un estudi de visatgisme. <\/p>\t\t\t\t\t\t\t\t<\/div>\n\t\t\t\t<\/div>\n\t\t\t\t\t<\/div>\n\t\t<\/div>\n\t\t\t\t\t<\/div>\n\t\t<\/section>\n\t\t\t\t<section class=\"elementor-section elementor-top-section elementor-element elementor-element-0b235b4 elementor-section-boxed elementor-section-height-default elementor-section-height-default mkdf-parallax-row-no mkdf-content-aligment-left mkdf-row-grid-no mkdf-disabled-bg-image-bellow-no\" data-id=\"0b235b4\" data-element_type=\"section\" data-e-type=\"section\">\n\t\t\t\t\t\t<div class=\"elementor-container elementor-column-gap-default\">\n\t\t\t\t\t<div class=\"elementor-column elementor-col-100 elementor-top-column elementor-element elementor-element-b0d99aa\" data-id=\"b0d99aa\" data-element_type=\"column\" data-e-type=\"column\">\n\t\t\t<div class=\"elementor-widget-wrap elementor-element-populated\">\n\t\t\t\t\t\t<div class=\"elementor-element elementor-element-79384f0 elementor-hidden-desktop elementor-invisible elementor-widget elementor-widget-image\" data-id=\"79384f0\" data-element_type=\"widget\" data-e-type=\"widget\" data-settings=\"{&quot;_animation&quot;:&quot;fadeIn&quot;}\" data-widget_type=\"image.default\">\n\t\t\t\t<div class=\"elementor-widget-container\">\n\t\t\t\t\t\t\t\t\t\t\t\t\t\t\t<img loading=\"lazy\" decoding=\"async\" width=\"374\" height=\"410\" src=\"https:\/\/estetica-equilibrium.com\/wp-content\/uploads\/2021\/06\/dentslleo.png\" class=\"attachment-full size-full wp-image-9346\" alt=\"\" srcset=\"https:\/\/estetica-equilibrium.com\/wp-content\/uploads\/2021\/06\/dentslleo.png 374w, https:\/\/estetica-equilibrium.com\/wp-content\/uploads\/2021\/06\/dentslleo-274x300.png 274w\" sizes=\"(max-width: 374px) 100vw, 374px\" \/>\t\t\t\t\t\t\t\t\t\t\t\t\t\t\t<\/div>\n\t\t\t\t<\/div>\n\t\t\t\t\t<\/div>\n\t\t<\/div>\n\t\t\t\t\t<\/div>\n\t\t<\/section>\n\t\t\t\t<\/div>\n\t\t","protected":false},"excerpt":{"rendered":"<p>Micropigmentaci\u00f3 Les Franqueses La micropigmentaci\u00f3, \u2018micro\u2019 o maquillatge semipermanent \u00e9s una t\u00e8cnica amb molta demanda actualment, ja que millora el nostre aspecte d\u2019una forma r\u00e0pida, elegant i natural. Ideal per millorar les celles, marcar l&#8217;eye-liner i embellir l&#8217;aspecte dels llavis. [&hellip;]<\/p>\n","protected":false},"author":2,"featured_media":0,"parent":0,"menu_order":0,"comment_status":"closed","ping_status":"closed","template":"elementor_header_footer","meta":{"footnotes":""},"class_list":["post-9531","page","type-page","status-publish","hentry"],"yoast_head":"<!-- This site is optimized with the Yoast SEO plugin v27.4 - https:\/\/yoast.com\/product\/yoast-seo-wordpress\/ -->\n<title>Micropigmentaci\u00f3 Les Franqueses - Equilibrium<\/title>\n<meta name=\"description\" content=\"Experts en micropigmentaci\u00f3 a Les Franqueses. Confia en el nostre equip de professionals altament qualificats per obtenir resultats impecables i personalitzats. La teva bellesa en les millors mans!\" \/>\n<meta name=\"robots\" content=\"index, follow, max-snippet:-1, max-image-preview:large, max-video-preview:-1\" \/>\n<link rel=\"canonical\" href=\"https:\/\/estetica-equilibrium.com\/ca\/micropigmentacio-les-franqueses\/\" \/>\n<meta property=\"og:locale\" content=\"ca_ES\" \/>\n<meta property=\"og:type\" content=\"article\" \/>\n<meta property=\"og:title\" content=\"Micropigmentaci\u00f3 Les Franqueses - Equilibrium\" \/>\n<meta property=\"og:description\" content=\"Experts en micropigmentaci\u00f3 a Les Franqueses. Confia en el nostre equip de professionals altament qualificats per obtenir resultats impecables i personalitzats. La teva bellesa en les millors mans!\" \/>\n<meta property=\"og:url\" content=\"https:\/\/estetica-equilibrium.com\/ca\/micropigmentacio-les-franqueses\/\" \/>\n<meta property=\"og:site_name\" content=\"Equilibrium\" \/>\n<meta property=\"article:modified_time\" content=\"2026-03-14T13:46:48+00:00\" \/>\n<meta property=\"og:image\" content=\"https:\/\/estetica-equilibrium.com\/wp-content\/uploads\/2025\/02\/micropigmentacion-les-franqueses.png\" \/>\n\t<meta property=\"og:image:width\" content=\"783\" \/>\n\t<meta property=\"og:image:height\" content=\"739\" \/>\n\t<meta property=\"og:image:type\" content=\"image\/png\" \/>\n<meta name=\"twitter:card\" content=\"summary_large_image\" \/>\n<meta name=\"twitter:label1\" content=\"Temps estimat de lectura\" \/>\n\t<meta name=\"twitter:data1\" content=\"5 minuts\" \/>\n<!-- \/ Yoast SEO plugin. -->","yoast_head_json":{"title":"Micropigmentaci\u00f3 Les Franqueses - Equilibrium","description":"Experts en micropigmentaci\u00f3 a Les Franqueses. Confia en el nostre equip de professionals altament qualificats per obtenir resultats impecables i personalitzats. La teva bellesa en les millors mans!","robots":{"index":"index","follow":"follow","max-snippet":"max-snippet:-1","max-image-preview":"max-image-preview:large","max-video-preview":"max-video-preview:-1"},"canonical":"https:\/\/estetica-equilibrium.com\/ca\/micropigmentacio-les-franqueses\/","og_locale":"ca_ES","og_type":"article","og_title":"Micropigmentaci\u00f3 Les Franqueses - Equilibrium","og_description":"Experts en micropigmentaci\u00f3 a Les Franqueses. Confia en el nostre equip de professionals altament qualificats per obtenir resultats impecables i personalitzats. La teva bellesa en les millors mans!","og_url":"https:\/\/estetica-equilibrium.com\/ca\/micropigmentacio-les-franqueses\/","og_site_name":"Equilibrium","article_modified_time":"2026-03-14T13:46:48+00:00","og_image":[{"width":783,"height":739,"url":"https:\/\/estetica-equilibrium.com\/wp-content\/uploads\/2025\/02\/micropigmentacion-les-franqueses.png","type":"image\/png"}],"twitter_card":"summary_large_image","twitter_misc":{"Temps estimat de lectura":"5 minuts"},"schema":{"@context":"https:\/\/schema.org","@graph":[{"@type":"WebPage","@id":"https:\/\/estetica-equilibrium.com\/ca\/micropigmentacio-les-franqueses\/","url":"https:\/\/estetica-equilibrium.com\/ca\/micropigmentacio-les-franqueses\/","name":"Micropigmentaci\u00f3 Les Franqueses - Equilibrium","isPartOf":{"@id":"https:\/\/estetica-equilibrium.com\/ca\/#website"},"primaryImageOfPage":{"@id":"https:\/\/estetica-equilibrium.com\/ca\/micropigmentacio-les-franqueses\/#primaryimage"},"image":{"@id":"https:\/\/estetica-equilibrium.com\/ca\/micropigmentacio-les-franqueses\/#primaryimage"},"thumbnailUrl":"https:\/\/estetica-equilibrium.com\/wp-content\/uploads\/2025\/02\/micropigmentacion-les-franqueses.png","datePublished":"2021-06-07T08:25:21+00:00","dateModified":"2026-03-14T13:46:48+00:00","description":"Experts en micropigmentaci\u00f3 a Les Franqueses. Confia en el nostre equip de professionals altament qualificats per obtenir resultats impecables i personalitzats. La teva bellesa en les millors mans!","breadcrumb":{"@id":"https:\/\/estetica-equilibrium.com\/ca\/micropigmentacio-les-franqueses\/#breadcrumb"},"inLanguage":"ca","potentialAction":[{"@type":"ReadAction","target":["https:\/\/estetica-equilibrium.com\/ca\/micropigmentacio-les-franqueses\/"]}]},{"@type":"ImageObject","inLanguage":"ca","@id":"https:\/\/estetica-equilibrium.com\/ca\/micropigmentacio-les-franqueses\/#primaryimage","url":"https:\/\/estetica-equilibrium.com\/wp-content\/uploads\/2025\/02\/micropigmentacion-les-franqueses.png","contentUrl":"https:\/\/estetica-equilibrium.com\/wp-content\/uploads\/2025\/02\/micropigmentacion-les-franqueses.png"},{"@type":"BreadcrumbList","@id":"https:\/\/estetica-equilibrium.com\/ca\/micropigmentacio-les-franqueses\/#breadcrumb","itemListElement":[{"@type":"ListItem","position":1,"name":"Portada","item":"https:\/\/estetica-equilibrium.com\/ca\/centre-estetica-les-franqueses\/"},{"@type":"ListItem","position":2,"name":"Micropigmentaci\u00f3 Les Franqueses"}]},{"@type":"WebSite","@id":"https:\/\/estetica-equilibrium.com\/ca\/#website","url":"https:\/\/estetica-equilibrium.com\/ca\/","name":"Equilibrium","description":"Est\u00e9tica avanzada","potentialAction":[{"@type":"SearchAction","target":{"@type":"EntryPoint","urlTemplate":"https:\/\/estetica-equilibrium.com\/ca\/?s={search_term_string}"},"query-input":{"@type":"PropertyValueSpecification","valueRequired":true,"valueName":"search_term_string"}}],"inLanguage":"ca"}]}},"_links":{"self":[{"href":"https:\/\/estetica-equilibrium.com\/ca\/wp-json\/wp\/v2\/pages\/9531","targetHints":{"allow":["GET"]}}],"collection":[{"href":"https:\/\/estetica-equilibrium.com\/ca\/wp-json\/wp\/v2\/pages"}],"about":[{"href":"https:\/\/estetica-equilibrium.com\/ca\/wp-json\/wp\/v2\/types\/page"}],"author":[{"embeddable":true,"href":"https:\/\/estetica-equilibrium.com\/ca\/wp-json\/wp\/v2\/users\/2"}],"replies":[{"embeddable":true,"href":"https:\/\/estetica-equilibrium.com\/ca\/wp-json\/wp\/v2\/comments?post=9531"}],"version-history":[{"count":1,"href":"https:\/\/estetica-equilibrium.com\/ca\/wp-json\/wp\/v2\/pages\/9531\/revisions"}],"predecessor-version":[{"id":9532,"href":"https:\/\/estetica-equilibrium.com\/ca\/wp-json\/wp\/v2\/pages\/9531\/revisions\/9532"}],"wp:attachment":[{"href":"https:\/\/estetica-equilibrium.com\/ca\/wp-json\/wp\/v2\/media?parent=9531"}],"curies":[{"name":"wp","href":"https:\/\/api.w.org\/{rel}","templated":true}]}}