{"id":9533,"date":"2021-06-28T14:45:35","date_gmt":"2021-06-28T14:45:35","guid":{"rendered":"https:\/\/estetica-equilibrium.com\/depilacio-laser-diode-les-franqueses\/"},"modified":"2026-03-14T13:53:09","modified_gmt":"2026-03-14T13:53:09","slug":"depilacio-laser-diode-les-franqueses","status":"publish","type":"page","link":"https:\/\/estetica-equilibrium.com\/ca\/depilacio-laser-diode-les-franqueses\/","title":{"rendered":"Depilaci\u00f3 L\u00e0ser Diode Les Franqueses"},"content":{"rendered":"\t\t<div data-elementor-type=\"wp-page\" data-elementor-id=\"9533\" class=\"elementor elementor-9533 elementor-5977\" data-elementor-post-type=\"page\">\n\t\t\t\t\t\t<section class=\"elementor-section elementor-top-section elementor-element elementor-element-b92f869 elementor-hidden-tablet elementor-hidden-mobile animated-slow elementor-section-boxed elementor-section-height-default elementor-section-height-default mkdf-parallax-row-no mkdf-content-aligment-left mkdf-row-grid-no mkdf-disabled-bg-image-bellow-no elementor-invisible\" data-id=\"b92f869\" data-element_type=\"section\" data-e-type=\"section\" data-settings=\"{&quot;background_background&quot;:&quot;classic&quot;,&quot;animation&quot;:&quot;fadeIn&quot;}\">\n\t\t\t\t\t\t\t<div class=\"elementor-background-overlay\"><\/div>\n\t\t\t\t\t\t\t<div class=\"elementor-container elementor-column-gap-default\">\n\t\t\t\t\t<div class=\"elementor-column elementor-col-50 elementor-top-column elementor-element elementor-element-5f927aac\" data-id=\"5f927aac\" data-element_type=\"column\" data-e-type=\"column\" data-settings=\"{&quot;background_background&quot;:&quot;classic&quot;}\">\n\t\t\t<div class=\"elementor-widget-wrap elementor-element-populated\">\n\t\t\t\t\t\t<div class=\"elementor-element elementor-element-760403c5 elementor-widget elementor-widget-spacer\" data-id=\"760403c5\" data-element_type=\"widget\" data-e-type=\"widget\" data-widget_type=\"spacer.default\">\n\t\t\t\t<div class=\"elementor-widget-container\">\n\t\t\t\t\t\t\t<div class=\"elementor-spacer\">\n\t\t\t<div class=\"elementor-spacer-inner\"><\/div>\n\t\t<\/div>\n\t\t\t\t\t\t<\/div>\n\t\t\t\t<\/div>\n\t\t\t\t<div class=\"elementor-element elementor-element-6673c257 elementor-widget elementor-widget-spacer\" data-id=\"6673c257\" data-element_type=\"widget\" data-e-type=\"widget\" data-widget_type=\"spacer.default\">\n\t\t\t\t<div class=\"elementor-widget-container\">\n\t\t\t\t\t\t\t<div class=\"elementor-spacer\">\n\t\t\t<div class=\"elementor-spacer-inner\"><\/div>\n\t\t<\/div>\n\t\t\t\t\t\t<\/div>\n\t\t\t\t<\/div>\n\t\t\t\t<div class=\"elementor-element elementor-element-eb451d8 elementor-widget elementor-widget-heading\" data-id=\"eb451d8\" data-element_type=\"widget\" data-e-type=\"widget\" data-widget_type=\"heading.default\">\n\t\t\t\t<div class=\"elementor-widget-container\">\n\t\t\t\t\t<h1 class=\"elementor-heading-title elementor-size-default\">Depilaci\u00f3 L\u00e0ser Les Franqueses<\/h1>\t\t\t\t<\/div>\n\t\t\t\t<\/div>\n\t\t\t\t<div class=\"elementor-element elementor-element-1ff5f661 elementor-widget elementor-widget-text-editor\" data-id=\"1ff5f661\" data-element_type=\"widget\" data-e-type=\"widget\" data-widget_type=\"text-editor.default\">\n\t\t\t\t<div class=\"elementor-widget-container\">\n\t\t\t\t\t\t\t\t\t<p>Si et molesta el p\u00e8l no desitjat, avui canviar\u00e0 la teva vida. Amb el L\u00e0ser d&#8217;alta pot\u00e8ncia, eliminem p\u00e8ls all\u00e0 on altres equips no arriben. <\/p><p>\u00c9s l&#8217;\u00faltima innovaci\u00f3 tecnol\u00f2gica per eliminar el p\u00e8l. Aquest nou sistema utilitza la tecnologia de Diode, la qual cosa redueix el temps del tractament i augmenta l&#8217;efectivitat disminuint les mol\u00e8sties. <\/p>\t\t\t\t\t\t\t\t<\/div>\n\t\t\t\t<\/div>\n\t\t\t\t<div class=\"elementor-element elementor-element-0bd9948 elementor-widget elementor-widget-text-editor\" data-id=\"0bd9948\" data-element_type=\"widget\" data-e-type=\"widget\" data-widget_type=\"text-editor.default\">\n\t\t\t\t<div class=\"elementor-widget-container\">\n\t\t\t\t\t\t\t\t\t<p><strong>+Efica\u00e7 +R\u00e0pid +Indolor<\/strong><\/p>\t\t\t\t\t\t\t\t<\/div>\n\t\t\t\t<\/div>\n\t\t\t\t<div class=\"elementor-element elementor-element-24486091 elementor-widget elementor-widget-spacer\" data-id=\"24486091\" data-element_type=\"widget\" data-e-type=\"widget\" data-widget_type=\"spacer.default\">\n\t\t\t\t<div class=\"elementor-widget-container\">\n\t\t\t\t\t\t\t<div class=\"elementor-spacer\">\n\t\t\t<div class=\"elementor-spacer-inner\"><\/div>\n\t\t<\/div>\n\t\t\t\t\t\t<\/div>\n\t\t\t\t<\/div>\n\t\t\t\t<div class=\"elementor-element elementor-element-4524c463 elementor-align-left elementor-widget elementor-widget-button\" data-id=\"4524c463\" data-element_type=\"widget\" data-e-type=\"widget\" data-widget_type=\"button.default\">\n\t\t\t\t<div class=\"elementor-widget-container\">\n\t\t\t\t\t\t\t\t\t<div class=\"elementor-button-wrapper\">\n\t\t\t\t\t<a class=\"elementor-button elementor-button-link elementor-size-md\" href=\"https:\/\/www.estetica-equilibrium-reservas.com\/index.html\" target=\"_blank\">\n\t\t\t\t\t\t<span class=\"elementor-button-content-wrapper\">\n\t\t\t\t\t\t\t\t\t<span class=\"elementor-button-text\">RESERVA LA TEVA SESSI\u00d3 DE L\u00c0SER DIODE!<\/span>\n\t\t\t\t\t<\/span>\n\t\t\t\t\t<\/a>\n\t\t\t\t<\/div>\n\t\t\t\t\t\t\t\t<\/div>\n\t\t\t\t<\/div>\n\t\t\t\t<div class=\"elementor-element elementor-element-49a69b16 elementor-widget__width-initial elementor-absolute elementor-hidden-tablet elementor-hidden-phone elementor-invisible elementor-widget elementor-widget-image\" data-id=\"49a69b16\" data-element_type=\"widget\" data-e-type=\"widget\" data-settings=\"{&quot;_animation&quot;:&quot;slideInRight&quot;,&quot;_animation_delay&quot;:0,&quot;_position&quot;:&quot;absolute&quot;}\" data-widget_type=\"image.default\">\n\t\t\t\t<div class=\"elementor-widget-container\">\n\t\t\t\t\t\t\t\t\t\t\t\t\t\t\t<img fetchpriority=\"high\" decoding=\"async\" width=\"783\" height=\"739\" src=\"https:\/\/estetica-equilibrium.com\/wp-content\/uploads\/2025\/02\/depilacion-laser-diodo-les-franqueses.jpg\" class=\"attachment-large size-large wp-image-9481\" alt=\"\" srcset=\"https:\/\/estetica-equilibrium.com\/wp-content\/uploads\/2025\/02\/depilacion-laser-diodo-les-franqueses.jpg 783w, https:\/\/estetica-equilibrium.com\/wp-content\/uploads\/2025\/02\/depilacion-laser-diodo-les-franqueses-300x283.jpg 300w, https:\/\/estetica-equilibrium.com\/wp-content\/uploads\/2025\/02\/depilacion-laser-diodo-les-franqueses-768x725.jpg 768w\" sizes=\"(max-width: 783px) 100vw, 783px\" \/>\t\t\t\t\t\t\t\t\t\t\t\t\t\t\t<\/div>\n\t\t\t\t<\/div>\n\t\t\t\t\t<\/div>\n\t\t<\/div>\n\t\t\t\t<div class=\"elementor-column elementor-col-50 elementor-top-column elementor-element elementor-element-6cb3bfcc elementor-invisible\" data-id=\"6cb3bfcc\" data-element_type=\"column\" data-e-type=\"column\" data-settings=\"{&quot;background_background&quot;:&quot;classic&quot;,&quot;animation&quot;:&quot;fadeInLeft&quot;}\">\n\t\t\t<div class=\"elementor-widget-wrap\">\n\t\t\t\t\t\t\t<\/div>\n\t\t<\/div>\n\t\t\t\t\t<\/div>\n\t\t<\/section>\n\t\t\t\t<section class=\"elementor-section elementor-top-section elementor-element elementor-element-3bc4e440 elementor-hidden-desktop elementor-reverse-mobile elementor-section-boxed elementor-section-height-default elementor-section-height-default mkdf-parallax-row-no mkdf-content-aligment-left mkdf-row-grid-no mkdf-disabled-bg-image-bellow-no\" data-id=\"3bc4e440\" data-element_type=\"section\" data-e-type=\"section\" data-settings=\"{&quot;background_background&quot;:&quot;classic&quot;}\">\n\t\t\t\t\t\t<div class=\"elementor-container elementor-column-gap-default\">\n\t\t\t\t\t<div class=\"elementor-column elementor-col-50 elementor-top-column elementor-element elementor-element-174be62f elementor-invisible\" data-id=\"174be62f\" data-element_type=\"column\" data-e-type=\"column\" data-settings=\"{&quot;animation&quot;:&quot;fadeInLeft&quot;}\">\n\t\t\t<div class=\"elementor-widget-wrap elementor-element-populated\">\n\t\t\t\t\t\t<div class=\"elementor-element elementor-element-7a62988b elementor-widget elementor-widget-image\" data-id=\"7a62988b\" data-element_type=\"widget\" data-e-type=\"widget\" data-widget_type=\"image.default\">\n\t\t\t\t<div class=\"elementor-widget-container\">\n\t\t\t\t\t\t\t\t\t\t\t\t\t\t\t<img decoding=\"async\" width=\"783\" height=\"739\" src=\"https:\/\/estetica-equilibrium.com\/wp-content\/uploads\/2021\/06\/depilacion.jpg\" class=\"attachment-large size-large wp-image-9351\" alt=\"\" srcset=\"https:\/\/estetica-equilibrium.com\/wp-content\/uploads\/2021\/06\/depilacion.jpg 783w, https:\/\/estetica-equilibrium.com\/wp-content\/uploads\/2021\/06\/depilacion-300x283.jpg 300w, https:\/\/estetica-equilibrium.com\/wp-content\/uploads\/2021\/06\/depilacion-768x725.jpg 768w, https:\/\/estetica-equilibrium.com\/wp-content\/uploads\/2021\/06\/depilacion-600x566.jpg 600w\" sizes=\"(max-width: 783px) 100vw, 783px\" \/>\t\t\t\t\t\t\t\t\t\t\t\t\t\t\t<\/div>\n\t\t\t\t<\/div>\n\t\t\t\t\t<\/div>\n\t\t<\/div>\n\t\t\t\t<div class=\"elementor-column elementor-col-50 elementor-top-column elementor-element elementor-element-64959e93 elementor-invisible\" data-id=\"64959e93\" data-element_type=\"column\" data-e-type=\"column\" data-settings=\"{&quot;animation&quot;:&quot;fadeInRight&quot;}\">\n\t\t\t<div class=\"elementor-widget-wrap elementor-element-populated\">\n\t\t\t\t\t\t<div class=\"elementor-element elementor-element-f732a17 elementor-widget elementor-widget-spacer\" data-id=\"f732a17\" data-element_type=\"widget\" data-e-type=\"widget\" data-widget_type=\"spacer.default\">\n\t\t\t\t<div class=\"elementor-widget-container\">\n\t\t\t\t\t\t\t<div class=\"elementor-spacer\">\n\t\t\t<div class=\"elementor-spacer-inner\"><\/div>\n\t\t<\/div>\n\t\t\t\t\t\t<\/div>\n\t\t\t\t<\/div>\n\t\t\t\t<div class=\"elementor-element elementor-element-68b1292 elementor-widget elementor-widget-heading\" data-id=\"68b1292\" data-element_type=\"widget\" data-e-type=\"widget\" data-widget_type=\"heading.default\">\n\t\t\t\t<div class=\"elementor-widget-container\">\n\t\t\t\t\t<h1 class=\"elementor-heading-title elementor-size-default\">Depilaci\u00f3 L\u00e0ser Les Franqueses<\/h1>\t\t\t\t<\/div>\n\t\t\t\t<\/div>\n\t\t\t\t<div class=\"elementor-element elementor-element-186a64a1 elementor-widget elementor-widget-text-editor\" data-id=\"186a64a1\" data-element_type=\"widget\" data-e-type=\"widget\" data-widget_type=\"text-editor.default\">\n\t\t\t\t<div class=\"elementor-widget-container\">\n\t\t\t\t\t\t\t\t\t<p>Si et molesta el p\u00e8l no desitjat, avui canviar\u00e0 la teva vida. Amb el L\u00e0ser d&#8217;alta pot\u00e8ncia, eliminem p\u00e8ls all\u00e0 on altres equips no arriben. <\/p><p>\u00c9s l&#8217;\u00faltima innovaci\u00f3 tecnol\u00f2gica per eliminar el p\u00e8l. Aquest nou sistema utilitza la tecnologia de Diode, la qual cosa redueix el temps del tractament i augmenta l&#8217;efectivitat disminuint les mol\u00e8sties. <\/p><p><strong>+Efica\u00e7 +R\u00e0pid +Indolor<\/strong><\/p>\t\t\t\t\t\t\t\t<\/div>\n\t\t\t\t<\/div>\n\t\t\t\t<div class=\"elementor-element elementor-element-bc13610 elementor-align-left elementor-widget elementor-widget-button\" data-id=\"bc13610\" data-element_type=\"widget\" data-e-type=\"widget\" data-widget_type=\"button.default\">\n\t\t\t\t<div class=\"elementor-widget-container\">\n\t\t\t\t\t\t\t\t\t<div class=\"elementor-button-wrapper\">\n\t\t\t\t\t<a class=\"elementor-button elementor-button-link elementor-size-md\" href=\"https:\/\/www.estetica-equilibrium-reservas.com\/index.html\" target=\"_blank\">\n\t\t\t\t\t\t<span class=\"elementor-button-content-wrapper\">\n\t\t\t\t\t\t\t\t\t<span class=\"elementor-button-text\">RESERVA EL TEU TRACTAMENT<\/span>\n\t\t\t\t\t<\/span>\n\t\t\t\t\t<\/a>\n\t\t\t\t<\/div>\n\t\t\t\t\t\t\t\t<\/div>\n\t\t\t\t<\/div>\n\t\t\t\t<div class=\"elementor-element elementor-element-db82654 elementor-widget elementor-widget-spacer\" data-id=\"db82654\" data-element_type=\"widget\" data-e-type=\"widget\" data-widget_type=\"spacer.default\">\n\t\t\t\t<div class=\"elementor-widget-container\">\n\t\t\t\t\t\t\t<div class=\"elementor-spacer\">\n\t\t\t<div class=\"elementor-spacer-inner\"><\/div>\n\t\t<\/div>\n\t\t\t\t\t\t<\/div>\n\t\t\t\t<\/div>\n\t\t\t\t\t<\/div>\n\t\t<\/div>\n\t\t\t\t\t<\/div>\n\t\t<\/section>\n\t\t\t\t<section class=\"elementor-section elementor-top-section elementor-element elementor-element-2a89639 elementor-hidden-tablet elementor-hidden-phone elementor-section-boxed elementor-section-height-default elementor-section-height-default mkdf-parallax-row-no mkdf-content-aligment-left mkdf-row-grid-no mkdf-disabled-bg-image-bellow-no\" data-id=\"2a89639\" data-element_type=\"section\" data-e-type=\"section\">\n\t\t\t\t\t\t<div class=\"elementor-container elementor-column-gap-default\">\n\t\t\t\t\t<div class=\"elementor-column elementor-col-100 elementor-top-column elementor-element elementor-element-72f9fd96\" data-id=\"72f9fd96\" data-element_type=\"column\" data-e-type=\"column\">\n\t\t\t<div class=\"elementor-widget-wrap elementor-element-populated\">\n\t\t\t\t\t\t<div class=\"elementor-element elementor-element-2c994c45 elementor-widget elementor-widget-spacer\" data-id=\"2c994c45\" data-element_type=\"widget\" data-e-type=\"widget\" data-widget_type=\"spacer.default\">\n\t\t\t\t<div class=\"elementor-widget-container\">\n\t\t\t\t\t\t\t<div class=\"elementor-spacer\">\n\t\t\t<div class=\"elementor-spacer-inner\"><\/div>\n\t\t<\/div>\n\t\t\t\t\t\t<\/div>\n\t\t\t\t<\/div>\n\t\t\t\t\t<\/div>\n\t\t<\/div>\n\t\t\t\t\t<\/div>\n\t\t<\/section>\n\t\t\t\t<section class=\"elementor-section elementor-top-section elementor-element elementor-element-79d878ca elementor-hidden-tablet elementor-hidden-phone elementor-section-boxed elementor-section-height-default elementor-section-height-default mkdf-parallax-row-no mkdf-content-aligment-left mkdf-row-grid-no mkdf-disabled-bg-image-bellow-no\" data-id=\"79d878ca\" data-element_type=\"section\" data-e-type=\"section\">\n\t\t\t\t\t\t<div class=\"elementor-container elementor-column-gap-default\">\n\t\t\t\t\t<div class=\"elementor-column elementor-col-50 elementor-top-column elementor-element elementor-element-20707243\" data-id=\"20707243\" data-element_type=\"column\" data-e-type=\"column\" data-settings=\"{&quot;background_background&quot;:&quot;classic&quot;}\">\n\t\t\t<div class=\"elementor-widget-wrap elementor-element-populated\">\n\t\t\t\t\t\t<div class=\"elementor-element elementor-element-74a40285 elementor-invisible elementor-widget elementor-widget-image\" data-id=\"74a40285\" data-element_type=\"widget\" data-e-type=\"widget\" data-settings=\"{&quot;_animation&quot;:&quot;fadeInLeft&quot;}\" data-widget_type=\"image.default\">\n\t\t\t\t<div class=\"elementor-widget-container\">\n\t\t\t\t\t\t\t\t\t\t\t\t\t\t\t<img decoding=\"async\" width=\"691\" height=\"668\" src=\"https:\/\/estetica-equilibrium.com\/wp-content\/uploads\/2025\/02\/depilacion-laser-diodo.jpg\" class=\"attachment-large size-large wp-image-9482\" alt=\"\" srcset=\"https:\/\/estetica-equilibrium.com\/wp-content\/uploads\/2025\/02\/depilacion-laser-diodo.jpg 691w, https:\/\/estetica-equilibrium.com\/wp-content\/uploads\/2025\/02\/depilacion-laser-diodo-300x290.jpg 300w\" sizes=\"(max-width: 691px) 100vw, 691px\" \/>\t\t\t\t\t\t\t\t\t\t\t\t\t\t\t<\/div>\n\t\t\t\t<\/div>\n\t\t\t\t<div class=\"elementor-element elementor-element-7b883d7c elementor-widget elementor-widget-spacer\" data-id=\"7b883d7c\" data-element_type=\"widget\" data-e-type=\"widget\" data-widget_type=\"spacer.default\">\n\t\t\t\t<div class=\"elementor-widget-container\">\n\t\t\t\t\t\t\t<div class=\"elementor-spacer\">\n\t\t\t<div class=\"elementor-spacer-inner\"><\/div>\n\t\t<\/div>\n\t\t\t\t\t\t<\/div>\n\t\t\t\t<\/div>\n\t\t\t\t\t<\/div>\n\t\t<\/div>\n\t\t\t\t<div class=\"elementor-column elementor-col-50 elementor-top-column elementor-element elementor-element-598ac334\" data-id=\"598ac334\" data-element_type=\"column\" data-e-type=\"column\">\n\t\t\t<div class=\"elementor-widget-wrap elementor-element-populated\">\n\t\t\t\t\t\t<div class=\"elementor-element elementor-element-36ecd2cb elementor-invisible elementor-widget elementor-widget-image\" data-id=\"36ecd2cb\" data-element_type=\"widget\" data-e-type=\"widget\" data-settings=\"{&quot;_animation&quot;:&quot;fadeInUp&quot;}\" data-widget_type=\"image.default\">\n\t\t\t\t<div class=\"elementor-widget-container\">\n\t\t\t\t\t\t\t\t\t\t\t\t\t\t\t<img decoding=\"async\" src=\"https:\/\/estetica-equilibrium.com\/wp-content\/uploads\/elementor\/thumbs\/negre-rc4jelg5skn32ictgrnsxg3btrfebmm4zdy9j3qyu8.png\" title=\"negre\" alt=\"negre\" loading=\"lazy\" \/>\t\t\t\t\t\t\t\t\t\t\t\t\t\t\t<\/div>\n\t\t\t\t<\/div>\n\t\t\t\t<div class=\"elementor-element elementor-element-de58f9e elementor-widget elementor-widget-heading\" data-id=\"de58f9e\" data-element_type=\"widget\" data-e-type=\"widget\" data-widget_type=\"heading.default\">\n\t\t\t\t<div class=\"elementor-widget-container\">\n\t\t\t\t\t<h2 class=\"elementor-heading-title elementor-size-default\">Descobreix la Depilaci\u00f3 L\u00e0ser Diode: Elimina el p\u00e8l i renova la teva pell!<\/h2>\t\t\t\t<\/div>\n\t\t\t\t<\/div>\n\t\t\t\t<div class=\"elementor-element elementor-element-68e164f elementor-widget elementor-widget-text-editor\" data-id=\"68e164f\" data-element_type=\"widget\" data-e-type=\"widget\" data-widget_type=\"text-editor.default\">\n\t\t\t\t<div class=\"elementor-widget-container\">\n\t\t\t\t\t\t\t\t\t<p>Busques una pell tersa i perfecta i oblidar-te per sempre de la fol\u00b7liculitis? El teu tractament ideal \u00e9s el l\u00e0ser Diode. A banda de l&#8217;eliminaci\u00f3 del p\u00e8l corporal, la teva pell lluir\u00e0 m\u00e9s suau, fina i hidratada, i sense marques.  <\/p><p>Per a tot tipus de pells, edats i sexes.<\/p>\t\t\t\t\t\t\t\t<\/div>\n\t\t\t\t<\/div>\n\t\t\t\t\t<\/div>\n\t\t<\/div>\n\t\t\t\t\t<\/div>\n\t\t<\/section>\n\t\t\t\t<section class=\"elementor-section elementor-top-section elementor-element elementor-element-9fbb54f elementor-hidden-desktop elementor-reverse-tablet elementor-reverse-mobile elementor-section-boxed elementor-section-height-default elementor-section-height-default mkdf-parallax-row-no mkdf-content-aligment-left mkdf-row-grid-no mkdf-disabled-bg-image-bellow-no\" data-id=\"9fbb54f\" data-element_type=\"section\" data-e-type=\"section\" data-settings=\"{&quot;background_background&quot;:&quot;classic&quot;}\">\n\t\t\t\t\t\t<div class=\"elementor-container elementor-column-gap-default\">\n\t\t\t\t\t<div class=\"elementor-column elementor-col-50 elementor-top-column elementor-element elementor-element-67ce89d\" data-id=\"67ce89d\" data-element_type=\"column\" data-e-type=\"column\">\n\t\t\t<div class=\"elementor-widget-wrap elementor-element-populated\">\n\t\t\t\t\t\t<div class=\"elementor-element elementor-element-5d9a414 elementor-widget elementor-widget-image\" data-id=\"5d9a414\" data-element_type=\"widget\" data-e-type=\"widget\" data-widget_type=\"image.default\">\n\t\t\t\t<div class=\"elementor-widget-container\">\n\t\t\t\t\t\t\t\t\t\t\t\t\t\t\t<img loading=\"lazy\" decoding=\"async\" width=\"691\" height=\"668\" src=\"https:\/\/estetica-equilibrium.com\/wp-content\/uploads\/2021\/06\/depilacio2.jpg\" class=\"attachment-large size-large wp-image-9353\" alt=\"\" srcset=\"https:\/\/estetica-equilibrium.com\/wp-content\/uploads\/2021\/06\/depilacio2.jpg 691w, https:\/\/estetica-equilibrium.com\/wp-content\/uploads\/2021\/06\/depilacio2-300x290.jpg 300w, https:\/\/estetica-equilibrium.com\/wp-content\/uploads\/2021\/06\/depilacio2-600x580.jpg 600w\" sizes=\"(max-width: 691px) 100vw, 691px\" \/>\t\t\t\t\t\t\t\t\t\t\t\t\t\t\t<\/div>\n\t\t\t\t<\/div>\n\t\t\t\t\t<\/div>\n\t\t<\/div>\n\t\t\t\t<div class=\"elementor-column elementor-col-50 elementor-top-column elementor-element elementor-element-f7e3f79\" data-id=\"f7e3f79\" data-element_type=\"column\" data-e-type=\"column\">\n\t\t\t<div class=\"elementor-widget-wrap elementor-element-populated\">\n\t\t\t\t\t\t<div class=\"elementor-element elementor-element-159e3a5 elementor-widget elementor-widget-heading\" data-id=\"159e3a5\" data-element_type=\"widget\" data-e-type=\"widget\" data-widget_type=\"heading.default\">\n\t\t\t\t<div class=\"elementor-widget-container\">\n\t\t\t\t\t<h2 class=\"elementor-heading-title elementor-size-default\">Descobreix la Depilaci\u00f3 L\u00e0ser Diode: Elimina el p\u00e8l i renova la teva pell!<\/h2>\t\t\t\t<\/div>\n\t\t\t\t<\/div>\n\t\t\t\t<div class=\"elementor-element elementor-element-28b76a9 elementor-widget elementor-widget-text-editor\" data-id=\"28b76a9\" data-element_type=\"widget\" data-e-type=\"widget\" data-widget_type=\"text-editor.default\">\n\t\t\t\t<div class=\"elementor-widget-container\">\n\t\t\t\t\t\t\t\t\t<p>Busques una pell tersa i perfecta i oblidar-te per sempre de la fol\u00b7liculitis? El teu tractament ideal \u00e9s el l\u00e0ser Diode. A banda de l&#8217;eliminaci\u00f3 del p\u00e8l corporal, la teva pell lluir\u00e0 m\u00e9s suau, fina i hidratada, i sense marques.  <\/p><p><strong>Per a tot tipus de pells, edats i sexes.<\/strong><\/p>\t\t\t\t\t\t\t\t<\/div>\n\t\t\t\t<\/div>\n\t\t\t\t<div class=\"elementor-element elementor-element-7072dc4 elementor-widget elementor-widget-spacer\" data-id=\"7072dc4\" data-element_type=\"widget\" data-e-type=\"widget\" data-widget_type=\"spacer.default\">\n\t\t\t\t<div class=\"elementor-widget-container\">\n\t\t\t\t\t\t\t<div class=\"elementor-spacer\">\n\t\t\t<div class=\"elementor-spacer-inner\"><\/div>\n\t\t<\/div>\n\t\t\t\t\t\t<\/div>\n\t\t\t\t<\/div>\n\t\t\t\t\t<\/div>\n\t\t<\/div>\n\t\t\t\t\t<\/div>\n\t\t<\/section>\n\t\t\t\t<section class=\"elementor-section elementor-top-section elementor-element elementor-element-cbc4492 elementor-hidden-tablet elementor-hidden-phone elementor-section-boxed elementor-section-height-default elementor-section-height-default mkdf-parallax-row-no mkdf-content-aligment-left mkdf-row-grid-no mkdf-disabled-bg-image-bellow-no\" data-id=\"cbc4492\" data-element_type=\"section\" data-e-type=\"section\">\n\t\t\t\t\t\t<div class=\"elementor-container elementor-column-gap-default\">\n\t\t\t\t\t<div class=\"elementor-column elementor-col-100 elementor-top-column elementor-element elementor-element-3d1dbc0\" data-id=\"3d1dbc0\" data-element_type=\"column\" data-e-type=\"column\">\n\t\t\t<div class=\"elementor-widget-wrap elementor-element-populated\">\n\t\t\t\t\t\t<div class=\"elementor-element elementor-element-7957bfa elementor-widget elementor-widget-spacer\" data-id=\"7957bfa\" data-element_type=\"widget\" data-e-type=\"widget\" data-widget_type=\"spacer.default\">\n\t\t\t\t<div class=\"elementor-widget-container\">\n\t\t\t\t\t\t\t<div class=\"elementor-spacer\">\n\t\t\t<div class=\"elementor-spacer-inner\"><\/div>\n\t\t<\/div>\n\t\t\t\t\t\t<\/div>\n\t\t\t\t<\/div>\n\t\t\t\t\t<\/div>\n\t\t<\/div>\n\t\t\t\t\t<\/div>\n\t\t<\/section>\n\t\t\t\t<section class=\"elementor-section elementor-top-section elementor-element elementor-element-ad429df elementor-section-full_width elementor-hidden-desktop elementor-section-height-default elementor-section-height-default mkdf-parallax-row-no mkdf-content-aligment-left mkdf-row-grid-no mkdf-disabled-bg-image-bellow-no\" data-id=\"ad429df\" data-element_type=\"section\" data-e-type=\"section\">\n\t\t\t\t\t\t<div class=\"elementor-container elementor-column-gap-default\">\n\t\t\t\t\t<div class=\"elementor-column elementor-col-100 elementor-top-column elementor-element elementor-element-90591ba\" data-id=\"90591ba\" data-element_type=\"column\" data-e-type=\"column\" data-settings=\"{&quot;background_background&quot;:&quot;classic&quot;}\">\n\t\t\t<div class=\"elementor-widget-wrap elementor-element-populated\">\n\t\t\t\t\t\t<div class=\"elementor-element elementor-element-e053cab elementor-widget elementor-widget-spacer\" data-id=\"e053cab\" data-element_type=\"widget\" data-e-type=\"widget\" data-widget_type=\"spacer.default\">\n\t\t\t\t<div class=\"elementor-widget-container\">\n\t\t\t\t\t\t\t<div class=\"elementor-spacer\">\n\t\t\t<div class=\"elementor-spacer-inner\"><\/div>\n\t\t<\/div>\n\t\t\t\t\t\t<\/div>\n\t\t\t\t<\/div>\n\t\t\t\t\t<\/div>\n\t\t<\/div>\n\t\t\t\t\t<\/div>\n\t\t<\/section>\n\t\t\t\t<section class=\"elementor-section elementor-top-section elementor-element elementor-element-116a91f elementor-section-boxed elementor-section-height-default elementor-section-height-default mkdf-parallax-row-no mkdf-content-aligment-left mkdf-row-grid-no mkdf-disabled-bg-image-bellow-no\" data-id=\"116a91f\" data-element_type=\"section\" data-e-type=\"section\" data-settings=\"{&quot;background_background&quot;:&quot;classic&quot;}\">\n\t\t\t\t\t\t<div class=\"elementor-container elementor-column-gap-default\">\n\t\t\t\t\t<div class=\"elementor-column elementor-col-100 elementor-top-column elementor-element elementor-element-e49c571\" data-id=\"e49c571\" data-element_type=\"column\" data-e-type=\"column\">\n\t\t\t<div class=\"elementor-widget-wrap elementor-element-populated\">\n\t\t\t\t\t\t<div class=\"elementor-element elementor-element-60c387c elementor-hidden-tablet elementor-hidden-phone elementor-widget elementor-widget-image\" data-id=\"60c387c\" data-element_type=\"widget\" data-e-type=\"widget\" data-widget_type=\"image.default\">\n\t\t\t\t<div class=\"elementor-widget-container\">\n\t\t\t\t\t\t\t\t\t\t\t\t\t\t\t<img loading=\"lazy\" decoding=\"async\" width=\"1000\" height=\"279\" src=\"https:\/\/estetica-equilibrium.com\/wp-content\/uploads\/2025\/02\/laser-diodo-precios.jpg\" class=\"attachment-large size-large wp-image-9483\" alt=\"\" srcset=\"https:\/\/estetica-equilibrium.com\/wp-content\/uploads\/2025\/02\/laser-diodo-precios.jpg 1000w, https:\/\/estetica-equilibrium.com\/wp-content\/uploads\/2025\/02\/laser-diodo-precios-300x84.jpg 300w, https:\/\/estetica-equilibrium.com\/wp-content\/uploads\/2025\/02\/laser-diodo-precios-768x214.jpg 768w\" sizes=\"(max-width: 1000px) 100vw, 1000px\" \/>\t\t\t\t\t\t\t\t\t\t\t\t\t\t\t<\/div>\n\t\t\t\t<\/div>\n\t\t\t\t<div class=\"elementor-element elementor-element-42d1bbe elementor-widget elementor-widget-text-editor\" data-id=\"42d1bbe\" data-element_type=\"widget\" data-e-type=\"widget\" data-widget_type=\"text-editor.default\">\n\t\t\t\t<div class=\"elementor-widget-container\">\n\t\t\t\t\t\t\t\t\t<p>Vols provar la depilaci\u00f3 l\u00e0ser diode a Les Franqueses?<\/p>\t\t\t\t\t\t\t\t<\/div>\n\t\t\t\t<\/div>\n\t\t\t\t<div class=\"elementor-element elementor-element-2ab9035 elementor-widget elementor-widget-text-editor\" data-id=\"2ab9035\" data-element_type=\"widget\" data-e-type=\"widget\" data-widget_type=\"text-editor.default\">\n\t\t\t\t<div class=\"elementor-widget-container\">\n\t\t\t\t\t\t\t\t\t<p>Constata per tu mateix\/a la revoluci\u00f3 en depilaci\u00f3! Reserva ara la teva cita per ser de les primeres persones a gaudir dels seus incre\u00efbles avantatges o, si ho prefereixes, demana una prova gratu\u00efta. <\/p>\t\t\t\t\t\t\t\t<\/div>\n\t\t\t\t<\/div>\n\t\t\t\t<div class=\"elementor-element elementor-element-ff8e758 elementor-align-center elementor-widget elementor-widget-button\" data-id=\"ff8e758\" data-element_type=\"widget\" data-e-type=\"widget\" data-widget_type=\"button.default\">\n\t\t\t\t<div class=\"elementor-widget-container\">\n\t\t\t\t\t\t\t\t\t<div class=\"elementor-button-wrapper\">\n\t\t\t\t\t<a class=\"elementor-button elementor-button-link elementor-size-md\" href=\"https:\/\/www.estetica-equilibrium-reservas.com\/index.html\" target=\"_blank\">\n\t\t\t\t\t\t<span class=\"elementor-button-content-wrapper\">\n\t\t\t\t\t\t\t\t\t<span class=\"elementor-button-text\">RESERVA LA TEVA SESSI\u00d3 DE L\u00c0SER DIODE!<\/span>\n\t\t\t\t\t<\/span>\n\t\t\t\t\t<\/a>\n\t\t\t\t<\/div>\n\t\t\t\t\t\t\t\t<\/div>\n\t\t\t\t<\/div>\n\t\t\t\t<div class=\"elementor-element elementor-element-15a534d elementor-widget elementor-widget-spacer\" data-id=\"15a534d\" data-element_type=\"widget\" data-e-type=\"widget\" data-widget_type=\"spacer.default\">\n\t\t\t\t<div class=\"elementor-widget-container\">\n\t\t\t\t\t\t\t<div class=\"elementor-spacer\">\n\t\t\t<div class=\"elementor-spacer-inner\"><\/div>\n\t\t<\/div>\n\t\t\t\t\t\t<\/div>\n\t\t\t\t<\/div>\n\t\t\t\t\t<\/div>\n\t\t<\/div>\n\t\t\t\t\t<\/div>\n\t\t<\/section>\n\t\t\t\t<section class=\"elementor-section elementor-top-section elementor-element elementor-element-c43818b elementor-section-boxed elementor-section-height-default elementor-section-height-default mkdf-parallax-row-no mkdf-content-aligment-left mkdf-row-grid-no mkdf-disabled-bg-image-bellow-no\" data-id=\"c43818b\" data-element_type=\"section\" data-e-type=\"section\" data-settings=\"{&quot;background_background&quot;:&quot;classic&quot;}\">\n\t\t\t\t\t\t<div class=\"elementor-container elementor-column-gap-default\">\n\t\t\t\t\t<div class=\"elementor-column elementor-col-100 elementor-top-column elementor-element elementor-element-acc804d\" data-id=\"acc804d\" data-element_type=\"column\" data-e-type=\"column\">\n\t\t\t<div class=\"elementor-widget-wrap elementor-element-populated\">\n\t\t\t\t\t\t<div class=\"elementor-element elementor-element-3e6a9fc elementor-widget elementor-widget-spacer\" data-id=\"3e6a9fc\" data-element_type=\"widget\" data-e-type=\"widget\" data-widget_type=\"spacer.default\">\n\t\t\t\t<div class=\"elementor-widget-container\">\n\t\t\t\t\t\t\t<div class=\"elementor-spacer\">\n\t\t\t<div class=\"elementor-spacer-inner\"><\/div>\n\t\t<\/div>\n\t\t\t\t\t\t<\/div>\n\t\t\t\t<\/div>\n\t\t\t\t<div class=\"elementor-element elementor-element-b6443df elementor-widget elementor-widget-heading\" data-id=\"b6443df\" data-element_type=\"widget\" data-e-type=\"widget\" data-widget_type=\"heading.default\">\n\t\t\t\t<div class=\"elementor-widget-container\">\n\t\t\t\t\t<h2 class=\"elementor-heading-title elementor-size-default\">PREGUNTAS FRECUENTES<\/h2>\t\t\t\t<\/div>\n\t\t\t\t<\/div>\n\t\t\t\t<div class=\"elementor-element elementor-element-4366cf9 elementor-widget elementor-widget-toggle\" data-id=\"4366cf9\" data-element_type=\"widget\" data-e-type=\"widget\" data-widget_type=\"toggle.default\">\n\t\t\t\t<div class=\"elementor-widget-container\">\n\t\t\t\t\t\t\t<div class=\"elementor-toggle\">\n\t\t\t\t\t\t\t<div class=\"elementor-toggle-item\">\n\t\t\t\t\t<div id=\"elementor-tab-title-7061\" class=\"elementor-tab-title\" data-tab=\"1\" role=\"button\" aria-controls=\"elementor-tab-content-7061\" aria-expanded=\"false\">\n\t\t\t\t\t\t\t\t\t\t\t\t<span class=\"elementor-toggle-icon elementor-toggle-icon-right\" aria-hidden=\"true\">\n\t\t\t\t\t\t\t\t\t\t\t\t\t\t\t<span class=\"elementor-toggle-icon-closed\"><i class=\"fas fa-chevron-down\"><\/i><\/span>\n\t\t\t\t\t\t\t\t<span class=\"elementor-toggle-icon-opened\"><i class=\"elementor-toggle-icon-opened fas fa-caret-up\"><\/i><\/span>\n\t\t\t\t\t\t\t\t\t\t\t\t\t<\/span>\n\t\t\t\t\t\t\t\t\t\t\t\t<a class=\"elementor-toggle-title\" tabindex=\"0\">Qu\u00e8 \u00e9s la depilaci\u00f3 l\u00e0ser diode?<\/a>\n\t\t\t\t\t<\/div>\n\n\t\t\t\t\t<div id=\"elementor-tab-content-7061\" class=\"elementor-tab-content elementor-clearfix\" data-tab=\"1\" role=\"region\" aria-labelledby=\"elementor-tab-title-7061\"><p class=\"p1\">El l\u00e0ser diode d&#8217;alta pot\u00e8ncia \u00e9s l&#8217;\u00faltima innovaci\u00f3 tecnol\u00f2gica en eliminaci\u00f3 gradual del p\u00e8l, l&#8217;\u00fanica realment efica\u00e7 i que aporta resultats duradors. \u00c9s el m\u00e8tode m\u00e9s eficient per reduir i eliminar el p\u00e8l de forma permanent. Un l\u00e0ser que aconsegueix excel\u00b7lents resultats amb menys sessions i que es pot aplicar a tots els tipus de pell en qualsevol \u00e8poca de l&#8217;any.  <\/p>\n<\/div>\n\t\t\t\t<\/div>\n\t\t\t\t\t\t\t<div class=\"elementor-toggle-item\">\n\t\t\t\t\t<div id=\"elementor-tab-title-7062\" class=\"elementor-tab-title\" data-tab=\"2\" role=\"button\" aria-controls=\"elementor-tab-content-7062\" aria-expanded=\"false\">\n\t\t\t\t\t\t\t\t\t\t\t\t<span class=\"elementor-toggle-icon elementor-toggle-icon-right\" aria-hidden=\"true\">\n\t\t\t\t\t\t\t\t\t\t\t\t\t\t\t<span class=\"elementor-toggle-icon-closed\"><i class=\"fas fa-chevron-down\"><\/i><\/span>\n\t\t\t\t\t\t\t\t<span class=\"elementor-toggle-icon-opened\"><i class=\"elementor-toggle-icon-opened fas fa-caret-up\"><\/i><\/span>\n\t\t\t\t\t\t\t\t\t\t\t\t\t<\/span>\n\t\t\t\t\t\t\t\t\t\t\t\t<a class=\"elementor-toggle-title\" tabindex=\"0\">\u00c9s indolor?<\/a>\n\t\t\t\t\t<\/div>\n\n\t\t\t\t\t<div id=\"elementor-tab-content-7062\" class=\"elementor-tab-content elementor-clearfix\" data-tab=\"2\" role=\"region\" aria-labelledby=\"elementor-tab-title-7062\"><p>L&#8217;energia (llum) que s&#8217;emet va exclusivament dirigida al fol\u00b7licle (no es perd en la resta del teixit, minimitzant la mol\u00e8stia). Una de les caracter\u00edstiques del nostre l\u00e0ser \u00e9s que la part del cap\u00e7al que est\u00e0 en contacte amb la pell roman prop dels 0\u00b0C durant la sessi\u00f3, per la qual cosa no sents sensaci\u00f3 de cremor. Si vols comprovar-ho, no dubtis a concertar una visita informativa i sentir\u00e0s la sensaci\u00f3 amb una prova gratu\u00efta.<\/p>\n<p>  <\/p>\n<\/div>\n\t\t\t\t<\/div>\n\t\t\t\t\t\t\t<div class=\"elementor-toggle-item\">\n\t\t\t\t\t<div id=\"elementor-tab-title-7063\" class=\"elementor-tab-title\" data-tab=\"3\" role=\"button\" aria-controls=\"elementor-tab-content-7063\" aria-expanded=\"false\">\n\t\t\t\t\t\t\t\t\t\t\t\t<span class=\"elementor-toggle-icon elementor-toggle-icon-right\" aria-hidden=\"true\">\n\t\t\t\t\t\t\t\t\t\t\t\t\t\t\t<span class=\"elementor-toggle-icon-closed\"><i class=\"fas fa-chevron-down\"><\/i><\/span>\n\t\t\t\t\t\t\t\t<span class=\"elementor-toggle-icon-opened\"><i class=\"elementor-toggle-icon-opened fas fa-caret-up\"><\/i><\/span>\n\t\t\t\t\t\t\t\t\t\t\t\t\t<\/span>\n\t\t\t\t\t\t\t\t\t\t\t\t<a class=\"elementor-toggle-title\" tabindex=\"0\">El l\u00e0ser diode \u00e9s efectiu?<\/a>\n\t\t\t\t\t<\/div>\n\n\t\t\t\t\t<div id=\"elementor-tab-content-7063\" class=\"elementor-tab-content elementor-clearfix\" data-tab=\"3\" role=\"region\" aria-labelledby=\"elementor-tab-title-7063\"><p>Aquest equip combina innovaci\u00f3 i efic\u00e0cia, fent que necessitem menys sessions per notar resultats satisfactoris. Les nostres especialistes tenen una \u00e0mplia experi\u00e8ncia, ja que a Equilibrium comptem amb una traject\u00f2ria de gaireb\u00e9 25 anys en depilaci\u00f3 l\u00e0ser. <\/p>\n<\/div>\n\t\t\t\t<\/div>\n\t\t\t\t\t\t\t<div class=\"elementor-toggle-item\">\n\t\t\t\t\t<div id=\"elementor-tab-title-7064\" class=\"elementor-tab-title\" data-tab=\"4\" role=\"button\" aria-controls=\"elementor-tab-content-7064\" aria-expanded=\"false\">\n\t\t\t\t\t\t\t\t\t\t\t\t<span class=\"elementor-toggle-icon elementor-toggle-icon-right\" aria-hidden=\"true\">\n\t\t\t\t\t\t\t\t\t\t\t\t\t\t\t<span class=\"elementor-toggle-icon-closed\"><i class=\"fas fa-chevron-down\"><\/i><\/span>\n\t\t\t\t\t\t\t\t<span class=\"elementor-toggle-icon-opened\"><i class=\"elementor-toggle-icon-opened fas fa-caret-up\"><\/i><\/span>\n\t\t\t\t\t\t\t\t\t\t\t\t\t<\/span>\n\t\t\t\t\t\t\t\t\t\t\t\t<a class=\"elementor-toggle-title\" tabindex=\"0\"> Quantes sessions s\u00f3n necess\u00e0ries?<\/a>\n\t\t\t\t\t<\/div>\n\n\t\t\t\t\t<div id=\"elementor-tab-content-7064\" class=\"elementor-tab-content elementor-clearfix\" data-tab=\"4\" role=\"region\" aria-labelledby=\"elementor-tab-title-7064\"><p>S\u00f3n necess\u00e0ries entre 3 i 6 sessions aproximadament. Des de la primera ja es veuen resultats espectaculars. Progressivament, les sessions es van espaiant perqu\u00e8 el fol\u00b7licle est\u00e0 cada vegada m\u00e9s feble. El nombre de sessions dep\u00e8n del color i gruix del p\u00e8l, la pell i la zona a tractar. Entre sessions pots depilar-te amb ganiveta o crema depilat\u00f2ria.   <\/p>\n<p>En tractaments facials normalment calen m\u00e9s sessions, ja que la zona sol estar afectada per alteracions hormonals.<\/p>\n<\/div>\n\t\t\t\t<\/div>\n\t\t\t\t\t\t\t<div class=\"elementor-toggle-item\">\n\t\t\t\t\t<div id=\"elementor-tab-title-7065\" class=\"elementor-tab-title\" data-tab=\"5\" role=\"button\" aria-controls=\"elementor-tab-content-7065\" aria-expanded=\"false\">\n\t\t\t\t\t\t\t\t\t\t\t\t<span class=\"elementor-toggle-icon elementor-toggle-icon-right\" aria-hidden=\"true\">\n\t\t\t\t\t\t\t\t\t\t\t\t\t\t\t<span class=\"elementor-toggle-icon-closed\"><i class=\"fas fa-chevron-down\"><\/i><\/span>\n\t\t\t\t\t\t\t\t<span class=\"elementor-toggle-icon-opened\"><i class=\"elementor-toggle-icon-opened fas fa-caret-up\"><\/i><\/span>\n\t\t\t\t\t\t\t\t\t\t\t\t\t<\/span>\n\t\t\t\t\t\t\t\t\t\t\t\t<a class=\"elementor-toggle-title\" tabindex=\"0\">Quins avantatges t\u00e9?<br><\/a>\n\t\t\t\t\t<\/div>\n\n\t\t\t\t\t<div id=\"elementor-tab-content-7065\" class=\"elementor-tab-content elementor-clearfix\" data-tab=\"5\" role=\"region\" aria-labelledby=\"elementor-tab-title-7065\"><p>Aquest m\u00e8tode de depilaci\u00f3 no nom\u00e9s significa comoditat i est\u00e8tica, sin\u00f3 que representa un estalvi a llarg termini. A m\u00e9s, aquest tractament va m\u00e9s enll\u00e0 de l&#8217;eliminaci\u00f3 del p\u00e8l corporal, ja que resulta \u00f2ptim davant d&#8217;altres q\u00fcestions relacionades directament amb la salut. <\/p>\n<ol>\n<li>Redueix i prev\u00e9 notablement la fol\u00b7liculitis.<\/li>\n<li>\u00c9s c\u00f2mode, segur i ofereix resultats des de la primera sessi\u00f3.<\/li>\n<li>\u00c9s rentable per a la butxaca; a llarg termini resulta ser m\u00e9s barat, ja que aquesta t\u00e8cnica nom\u00e9s requereix una s\u00e8rie de sessions i despr\u00e9s els seus efectes s\u00f3n pr\u00e0cticament permanents. En el cas de les ganivetes o la cera, es tracta de sistemes d\u2019un sol \u00fas, per la qual cosa la inversi\u00f3 \u00e9s constant. A m\u00e9s del temps i la freq\u00fc\u00e8ncia invertits a depilar-te de la manera tradicional.  <\/li>\n<li>Acaba amb els p\u00e8ls enquistats millorant l&#8217;aspecte de la pell.<\/li>\n<li>Els resultats s\u00f3n gaireb\u00e9 permanents, tot i que \u00e9s aconsellable un manteniment cada un o dos anys com a molt.<\/li>\n<li>No \u00e9s un m\u00e8tode dolor\u00f3s; en zones delicades s\u00ed que hi ha lleugeres sensacions de calor o punxades.<\/li>\n<li>Les sessions s\u00f3n r\u00e0pides. El gran avantatge \u00e9s que, en comparaci\u00f3 amb altres tipus de depilacions, suposa un estalvi de temps, ja que despr\u00e9s de poques sessions el p\u00e8l no torna a apar\u00e8ixer. <\/li>\n<li>\u00c9s una soluci\u00f3 est\u00e8tica per a moltes persones. Es descobreix una nova pell llisa i suau, lliure de p\u00e8l, sense ferides ni marques. <\/li>\n<\/ol>\n<\/div>\n\t\t\t\t<\/div>\n\t\t\t\t\t\t\t<div class=\"elementor-toggle-item\">\n\t\t\t\t\t<div id=\"elementor-tab-title-7066\" class=\"elementor-tab-title\" data-tab=\"6\" role=\"button\" aria-controls=\"elementor-tab-content-7066\" aria-expanded=\"false\">\n\t\t\t\t\t\t\t\t\t\t\t\t<span class=\"elementor-toggle-icon elementor-toggle-icon-right\" aria-hidden=\"true\">\n\t\t\t\t\t\t\t\t\t\t\t\t\t\t\t<span class=\"elementor-toggle-icon-closed\"><i class=\"fas fa-chevron-down\"><\/i><\/span>\n\t\t\t\t\t\t\t\t<span class=\"elementor-toggle-icon-opened\"><i class=\"elementor-toggle-icon-opened fas fa-caret-up\"><\/i><\/span>\n\t\t\t\t\t\t\t\t\t\t\t\t\t<\/span>\n\t\t\t\t\t\t\t\t\t\t\t\t<a class=\"elementor-toggle-title\" tabindex=\"0\">\u00c9s apta per a tot tipus de pells?<\/a>\n\t\t\t\t\t<\/div>\n\n\t\t\t\t\t<div id=\"elementor-tab-content-7066\" class=\"elementor-tab-content elementor-clearfix\" data-tab=\"6\" role=\"region\" aria-labelledby=\"elementor-tab-title-7066\"><p>Aquest innovador sistema de l\u00e0ser diode permet tractar pells bronzejades. Cal evitar l&#8217;exposici\u00f3 solar uns dies abans i despr\u00e9s de la sessi\u00f3. En pells fosques (de fototip alt), tamb\u00e9 es pot aplicar amb bons resultats amb par\u00e0metres de seguretat.  <\/p>\n<\/div>\n\t\t\t\t<\/div>\n\t\t\t\t\t\t\t<div class=\"elementor-toggle-item\">\n\t\t\t\t\t<div id=\"elementor-tab-title-7067\" class=\"elementor-tab-title\" data-tab=\"7\" role=\"button\" aria-controls=\"elementor-tab-content-7067\" aria-expanded=\"false\">\n\t\t\t\t\t\t\t\t\t\t\t\t<span class=\"elementor-toggle-icon elementor-toggle-icon-right\" aria-hidden=\"true\">\n\t\t\t\t\t\t\t\t\t\t\t\t\t\t\t<span class=\"elementor-toggle-icon-closed\"><i class=\"fas fa-chevron-down\"><\/i><\/span>\n\t\t\t\t\t\t\t\t<span class=\"elementor-toggle-icon-opened\"><i class=\"elementor-toggle-icon-opened fas fa-caret-up\"><\/i><\/span>\n\t\t\t\t\t\t\t\t\t\t\t\t\t<\/span>\n\t\t\t\t\t\t\t\t\t\t\t\t<a class=\"elementor-toggle-title\" tabindex=\"0\">Quines precaucions cal tenir en compte a l'hora de fer-se la depilaci\u00f3 l\u00e0ser diode?<\/a>\n\t\t\t\t\t<\/div>\n\n\t\t\t\t\t<div id=\"elementor-tab-content-7067\" class=\"elementor-tab-content elementor-clearfix\" data-tab=\"7\" role=\"region\" aria-labelledby=\"elementor-tab-title-7067\"><p>Si has decidit eliminar el p\u00e8l amb el l\u00e0ser diode a Equilibrium de Les Franqueses, has d&#8217;evitar medicaments amb \u00e0cids fruiters (per exemple, \u00e0cids azelaic, asc\u00f2rbic, vitamina A i els seus derivats).<\/p>\n<p>No s&#8217;ha d&#8217;utilitzar conjuntament amb corticoides, cremes depilat\u00f2ries, ceres, peelings qu\u00edmics ni, en general, altres productes cosm\u00e8tics diferents dels aconsellats en els tractaments, ja que poden interferir en el resultat buscat. No s&#8217;ha d&#8217;exposar la pell al sol les hores pr\u00e8vies al tractament ni despr\u00e9s. <\/p>\n<p>\u00c9s imprescindible l&#8217;\u00fas de protecci\u00f3 solar, m\u00ednim SPF 30, despr\u00e9s de la realitzaci\u00f3 de la depilaci\u00f3 l\u00e0ser diode.<\/p>\n<\/div>\n\t\t\t\t<\/div>\n\t\t\t\t\t\t\t<div class=\"elementor-toggle-item\">\n\t\t\t\t\t<div id=\"elementor-tab-title-7068\" class=\"elementor-tab-title\" data-tab=\"8\" role=\"button\" aria-controls=\"elementor-tab-content-7068\" aria-expanded=\"false\">\n\t\t\t\t\t\t\t\t\t\t\t\t<span class=\"elementor-toggle-icon elementor-toggle-icon-right\" aria-hidden=\"true\">\n\t\t\t\t\t\t\t\t\t\t\t\t\t\t\t<span class=\"elementor-toggle-icon-closed\"><i class=\"fas fa-chevron-down\"><\/i><\/span>\n\t\t\t\t\t\t\t\t<span class=\"elementor-toggle-icon-opened\"><i class=\"elementor-toggle-icon-opened fas fa-caret-up\"><\/i><\/span>\n\t\t\t\t\t\t\t\t\t\t\t\t\t<\/span>\n\t\t\t\t\t\t\t\t\t\t\t\t<a class=\"elementor-toggle-title\" tabindex=\"0\">El tractament t\u00e9 contraindicacions?<\/a>\n\t\t\t\t\t<\/div>\n\n\t\t\t\t\t<div id=\"elementor-tab-content-7068\" class=\"elementor-tab-content elementor-clearfix\" data-tab=\"8\" role=\"region\" aria-labelledby=\"elementor-tab-title-7068\"><p>El tractament no s&#8217;ha de realitzar en els casos seg\u00fcents:<\/p>\n<ul>\n<li>Exposici\u00f3 al sol o raigs UVA durant la setmana pr\u00e8via al tractament, o amb l&#8217;aplicaci\u00f3 de locions autobronzejadores o activadors solars. Tampoc quan existeix la intenci\u00f3 d&#8217;exposar-se al sol en la setmana posterior al tractament. No seguir aquestes precaucions pot provocar una hipo\/hiperpigmentaci\u00f3 transit\u00f2ria que podria durar una mitjana de 3 mesos.  <\/li>\n<li>\u00das de ceres depilat\u00f2ries per eliminar el p\u00e8l o qualsevol altre sistema diferent de les ganivetes o cremes depilat\u00f2ries en les 3 setmanes pr\u00e8vies a la sessi\u00f3.<\/li>\n<li>Embarassades o aquelles dones que tenen la creen\u00e7a que ho poden estar.<\/li>\n<li>Tractaments amb f\u00e0rmacs fotosensibles o anticoagulants.<\/li>\n<li>Epil\u00e8psia (per la sensibilitat al centelleig del flaix).<\/li>\n<li>Diabetis (nom\u00e9s amb consentiment m\u00e8dic).<\/li>\n<li>Hemof\u00edlia.<\/li>\n<li>En patologies de la pell com psoriasi, \u00e8czema, acne\u2026<\/li>\n<li>Desajustos o problemes hormonals (hirsutisme\u2026)<\/li>\n<li>Taques a la pell no identificades.<\/li>\n<li>Persones amb marcapassos.<\/li>\n<li>C\u00e0ncer o tumors en fase evolutiva (menys de 5 anys, sense alta m\u00e8dica).<\/li>\n<\/ul>\n<\/div>\n\t\t\t\t<\/div>\n\t\t\t\t\t\t\t<div class=\"elementor-toggle-item\">\n\t\t\t\t\t<div id=\"elementor-tab-title-7069\" class=\"elementor-tab-title\" data-tab=\"9\" role=\"button\" aria-controls=\"elementor-tab-content-7069\" aria-expanded=\"false\">\n\t\t\t\t\t\t\t\t\t\t\t\t<span class=\"elementor-toggle-icon elementor-toggle-icon-right\" aria-hidden=\"true\">\n\t\t\t\t\t\t\t\t\t\t\t\t\t\t\t<span class=\"elementor-toggle-icon-closed\"><i class=\"fas fa-chevron-down\"><\/i><\/span>\n\t\t\t\t\t\t\t\t<span class=\"elementor-toggle-icon-opened\"><i class=\"elementor-toggle-icon-opened fas fa-caret-up\"><\/i><\/span>\n\t\t\t\t\t\t\t\t\t\t\t\t\t<\/span>\n\t\t\t\t\t\t\t\t\t\t\t\t<a class=\"elementor-toggle-title\" tabindex=\"0\">Qu\u00e8 cal tenir en compte amb el l\u00e0ser diode?<\/a>\n\t\t\t\t\t<\/div>\n\n\t\t\t\t\t<div id=\"elementor-tab-content-7069\" class=\"elementor-tab-content elementor-clearfix\" data-tab=\"9\" role=\"region\" aria-labelledby=\"elementor-tab-title-7069\"><ul>\n<li>\u00c9s imprescindible una protecci\u00f3 adequada dels ulls durant el tractament (ulleres especials).<\/li>\n<li>La fotodepilaci\u00f3 est\u00e0 totalment contraindicada en \u00e0rees micropigmentades i tatuatges. En cas de realitzar el tractament en zones properes, cobrirem la zona pigmentada amb llapis blanc i esparadrap de paper. <\/li>\n<li>Caldr\u00e0 consultar un metge en qualsevol cas de dubte pr\u00e8viament a contractar el tractament. Aix\u00ed mateix, declaro no presentar ni patir les contraindicacions esmentades i observar les precaucions recomanades. Mai s&#8217;ha de realitzar el tractament sota els efectes de l&#8217;alcohol o drogues.  <\/li>\n<\/ul>\n<\/div>\n\t\t\t\t<\/div>\n\t\t\t\t\t\t\t\t<\/div>\n\t\t\t\t\t\t<\/div>\n\t\t\t\t<\/div>\n\t\t\t\t<div class=\"elementor-element elementor-element-d6cd0f0 elementor-widget elementor-widget-spacer\" data-id=\"d6cd0f0\" data-element_type=\"widget\" data-e-type=\"widget\" data-widget_type=\"spacer.default\">\n\t\t\t\t<div class=\"elementor-widget-container\">\n\t\t\t\t\t\t\t<div class=\"elementor-spacer\">\n\t\t\t<div class=\"elementor-spacer-inner\"><\/div>\n\t\t<\/div>\n\t\t\t\t\t\t<\/div>\n\t\t\t\t<\/div>\n\t\t\t\t\t<\/div>\n\t\t<\/div>\n\t\t\t\t\t<\/div>\n\t\t<\/section>\n\t\t\t\t<\/div>\n\t\t","protected":false},"excerpt":{"rendered":"<p>Depilaci\u00f3 L\u00e0ser Les Franqueses Si et molesta el p\u00e8l no desitjat, avui canviar\u00e0 la teva vida. Amb el L\u00e0ser d&#8217;alta pot\u00e8ncia, eliminem p\u00e8ls all\u00e0 on altres equips no arriben. \u00c9s l&#8217;\u00faltima innovaci\u00f3 tecnol\u00f2gica per eliminar el p\u00e8l. Aquest nou sistema [&hellip;]<\/p>\n","protected":false},"author":2,"featured_media":0,"parent":0,"menu_order":0,"comment_status":"closed","ping_status":"closed","template":"elementor_header_footer","meta":{"footnotes":""},"class_list":["post-9533","page","type-page","status-publish","hentry"],"yoast_head":"<!-- This site is optimized with the Yoast SEO plugin v27.4 - https:\/\/yoast.com\/product\/yoast-seo-wordpress\/ -->\n<title>Depilaci\u00f3 L\u00e0ser Diode Les Franqueses | Equilibrium<\/title>\n<meta name=\"description\" content=\"Depilaci\u00f3 l\u00e0ser de d\u00edode a Les Franqueses: resultats r\u00e0pids i duradors. Oblida&#039;t del p\u00e8l no desitjat amb la tecnologia m\u00e9s avan\u00e7ada. Pell suau i sense preocupacions!\" \/>\n<meta name=\"robots\" content=\"index, follow, max-snippet:-1, max-image-preview:large, max-video-preview:-1\" \/>\n<link rel=\"canonical\" href=\"https:\/\/estetica-equilibrium.com\/ca\/depilacio-laser-diode-les-franqueses\/\" \/>\n<meta property=\"og:locale\" content=\"ca_ES\" \/>\n<meta property=\"og:type\" content=\"article\" \/>\n<meta property=\"og:title\" content=\"Depilaci\u00f3 L\u00e0ser Diode Les Franqueses | Equilibrium\" \/>\n<meta property=\"og:description\" content=\"Depilaci\u00f3 l\u00e0ser de d\u00edode a Les Franqueses: resultats r\u00e0pids i duradors. Oblida&#039;t del p\u00e8l no desitjat amb la tecnologia m\u00e9s avan\u00e7ada. Pell suau i sense preocupacions!\" \/>\n<meta property=\"og:url\" content=\"https:\/\/estetica-equilibrium.com\/ca\/depilacio-laser-diode-les-franqueses\/\" \/>\n<meta property=\"og:site_name\" content=\"Equilibrium\" \/>\n<meta property=\"article:modified_time\" content=\"2026-03-14T13:53:09+00:00\" \/>\n<meta property=\"og:image\" content=\"https:\/\/estetica-equilibrium.com\/wp-content\/uploads\/2025\/02\/depilacion-laser-diodo-les-franqueses.jpg\" \/>\n\t<meta property=\"og:image:width\" content=\"783\" \/>\n\t<meta property=\"og:image:height\" content=\"739\" \/>\n\t<meta property=\"og:image:type\" content=\"image\/jpeg\" \/>\n<meta name=\"twitter:card\" content=\"summary_large_image\" \/>\n<meta name=\"twitter:label1\" content=\"Temps estimat de lectura\" \/>\n\t<meta name=\"twitter:data1\" content=\"7 minuts\" \/>\n<!-- \/ Yoast SEO plugin. -->","yoast_head_json":{"title":"Depilaci\u00f3 L\u00e0ser Diode Les Franqueses | Equilibrium","description":"Depilaci\u00f3 l\u00e0ser de d\u00edode a Les Franqueses: resultats r\u00e0pids i duradors. Oblida't del p\u00e8l no desitjat amb la tecnologia m\u00e9s avan\u00e7ada. Pell suau i sense preocupacions!","robots":{"index":"index","follow":"follow","max-snippet":"max-snippet:-1","max-image-preview":"max-image-preview:large","max-video-preview":"max-video-preview:-1"},"canonical":"https:\/\/estetica-equilibrium.com\/ca\/depilacio-laser-diode-les-franqueses\/","og_locale":"ca_ES","og_type":"article","og_title":"Depilaci\u00f3 L\u00e0ser Diode Les Franqueses | Equilibrium","og_description":"Depilaci\u00f3 l\u00e0ser de d\u00edode a Les Franqueses: resultats r\u00e0pids i duradors. Oblida't del p\u00e8l no desitjat amb la tecnologia m\u00e9s avan\u00e7ada. Pell suau i sense preocupacions!","og_url":"https:\/\/estetica-equilibrium.com\/ca\/depilacio-laser-diode-les-franqueses\/","og_site_name":"Equilibrium","article_modified_time":"2026-03-14T13:53:09+00:00","og_image":[{"width":783,"height":739,"url":"https:\/\/estetica-equilibrium.com\/wp-content\/uploads\/2025\/02\/depilacion-laser-diodo-les-franqueses.jpg","type":"image\/jpeg"}],"twitter_card":"summary_large_image","twitter_misc":{"Temps estimat de lectura":"7 minuts"},"schema":{"@context":"https:\/\/schema.org","@graph":[{"@type":"WebPage","@id":"https:\/\/estetica-equilibrium.com\/ca\/depilacio-laser-diode-les-franqueses\/","url":"https:\/\/estetica-equilibrium.com\/ca\/depilacio-laser-diode-les-franqueses\/","name":"Depilaci\u00f3 L\u00e0ser Diode Les Franqueses | Equilibrium","isPartOf":{"@id":"https:\/\/estetica-equilibrium.com\/ca\/#website"},"primaryImageOfPage":{"@id":"https:\/\/estetica-equilibrium.com\/ca\/depilacio-laser-diode-les-franqueses\/#primaryimage"},"image":{"@id":"https:\/\/estetica-equilibrium.com\/ca\/depilacio-laser-diode-les-franqueses\/#primaryimage"},"thumbnailUrl":"https:\/\/estetica-equilibrium.com\/wp-content\/uploads\/2025\/02\/depilacion-laser-diodo-les-franqueses.jpg","datePublished":"2021-06-28T14:45:35+00:00","dateModified":"2026-03-14T13:53:09+00:00","description":"Depilaci\u00f3 l\u00e0ser de d\u00edode a Les Franqueses: resultats r\u00e0pids i duradors. Oblida't del p\u00e8l no desitjat amb la tecnologia m\u00e9s avan\u00e7ada. Pell suau i sense preocupacions!","breadcrumb":{"@id":"https:\/\/estetica-equilibrium.com\/ca\/depilacio-laser-diode-les-franqueses\/#breadcrumb"},"inLanguage":"ca","potentialAction":[{"@type":"ReadAction","target":["https:\/\/estetica-equilibrium.com\/ca\/depilacio-laser-diode-les-franqueses\/"]}]},{"@type":"ImageObject","inLanguage":"ca","@id":"https:\/\/estetica-equilibrium.com\/ca\/depilacio-laser-diode-les-franqueses\/#primaryimage","url":"https:\/\/estetica-equilibrium.com\/wp-content\/uploads\/2025\/02\/depilacion-laser-diodo-les-franqueses.jpg","contentUrl":"https:\/\/estetica-equilibrium.com\/wp-content\/uploads\/2025\/02\/depilacion-laser-diodo-les-franqueses.jpg"},{"@type":"BreadcrumbList","@id":"https:\/\/estetica-equilibrium.com\/ca\/depilacio-laser-diode-les-franqueses\/#breadcrumb","itemListElement":[{"@type":"ListItem","position":1,"name":"Portada","item":"https:\/\/estetica-equilibrium.com\/ca\/centre-estetica-les-franqueses\/"},{"@type":"ListItem","position":2,"name":"Depilaci\u00f3 L\u00e0ser Diode Les Franqueses"}]},{"@type":"WebSite","@id":"https:\/\/estetica-equilibrium.com\/ca\/#website","url":"https:\/\/estetica-equilibrium.com\/ca\/","name":"Equilibrium","description":"Est\u00e9tica avanzada","potentialAction":[{"@type":"SearchAction","target":{"@type":"EntryPoint","urlTemplate":"https:\/\/estetica-equilibrium.com\/ca\/?s={search_term_string}"},"query-input":{"@type":"PropertyValueSpecification","valueRequired":true,"valueName":"search_term_string"}}],"inLanguage":"ca"}]}},"_links":{"self":[{"href":"https:\/\/estetica-equilibrium.com\/ca\/wp-json\/wp\/v2\/pages\/9533","targetHints":{"allow":["GET"]}}],"collection":[{"href":"https:\/\/estetica-equilibrium.com\/ca\/wp-json\/wp\/v2\/pages"}],"about":[{"href":"https:\/\/estetica-equilibrium.com\/ca\/wp-json\/wp\/v2\/types\/page"}],"author":[{"embeddable":true,"href":"https:\/\/estetica-equilibrium.com\/ca\/wp-json\/wp\/v2\/users\/2"}],"replies":[{"embeddable":true,"href":"https:\/\/estetica-equilibrium.com\/ca\/wp-json\/wp\/v2\/comments?post=9533"}],"version-history":[{"count":1,"href":"https:\/\/estetica-equilibrium.com\/ca\/wp-json\/wp\/v2\/pages\/9533\/revisions"}],"predecessor-version":[{"id":9534,"href":"https:\/\/estetica-equilibrium.com\/ca\/wp-json\/wp\/v2\/pages\/9533\/revisions\/9534"}],"wp:attachment":[{"href":"https:\/\/estetica-equilibrium.com\/ca\/wp-json\/wp\/v2\/media?parent=9533"}],"curies":[{"name":"wp","href":"https:\/\/api.w.org\/{rel}","templated":true}]}}