{"id":9544,"date":"2021-06-28T16:51:01","date_gmt":"2021-06-28T16:51:01","guid":{"rendered":"https:\/\/estetica-equilibrium.com\/tractaments-corporals-les-franqueses\/"},"modified":"2026-03-14T14:06:46","modified_gmt":"2026-03-14T14:06:46","slug":"tractaments-corporals-les-franqueses","status":"publish","type":"page","link":"https:\/\/estetica-equilibrium.com\/ca\/tractaments-corporals-les-franqueses\/","title":{"rendered":"Tractaments corporals Les Franqueses"},"content":{"rendered":"\t\t<div data-elementor-type=\"wp-page\" data-elementor-id=\"9544\" class=\"elementor elementor-9544 elementor-6189\" data-elementor-post-type=\"page\">\n\t\t\t\t\t\t<section class=\"elementor-section elementor-top-section elementor-element elementor-element-1a6dd6ba elementor-hidden-tablet elementor-hidden-phone animated-slow elementor-section-boxed elementor-section-height-default elementor-section-height-default mkdf-parallax-row-no mkdf-content-aligment-left mkdf-row-grid-no mkdf-disabled-bg-image-bellow-no elementor-invisible\" data-id=\"1a6dd6ba\" data-element_type=\"section\" data-e-type=\"section\" data-settings=\"{&quot;background_background&quot;:&quot;classic&quot;,&quot;animation&quot;:&quot;fadeIn&quot;}\">\n\t\t\t\t\t\t\t<div class=\"elementor-background-overlay\"><\/div>\n\t\t\t\t\t\t\t<div class=\"elementor-container elementor-column-gap-default\">\n\t\t\t\t\t<div class=\"elementor-column elementor-col-50 elementor-top-column elementor-element elementor-element-5d565312\" data-id=\"5d565312\" data-element_type=\"column\" data-e-type=\"column\" data-settings=\"{&quot;background_background&quot;:&quot;classic&quot;}\">\n\t\t\t<div class=\"elementor-widget-wrap elementor-element-populated\">\n\t\t\t\t\t\t<div class=\"elementor-element elementor-element-258c1c53 elementor-widget elementor-widget-spacer\" data-id=\"258c1c53\" data-element_type=\"widget\" data-e-type=\"widget\" data-widget_type=\"spacer.default\">\n\t\t\t\t<div class=\"elementor-widget-container\">\n\t\t\t\t\t\t\t<div class=\"elementor-spacer\">\n\t\t\t<div class=\"elementor-spacer-inner\"><\/div>\n\t\t<\/div>\n\t\t\t\t\t\t<\/div>\n\t\t\t\t<\/div>\n\t\t\t\t<div class=\"elementor-element elementor-element-28bbea3f elementor-widget elementor-widget-spacer\" data-id=\"28bbea3f\" data-element_type=\"widget\" data-e-type=\"widget\" data-widget_type=\"spacer.default\">\n\t\t\t\t<div class=\"elementor-widget-container\">\n\t\t\t\t\t\t\t<div class=\"elementor-spacer\">\n\t\t\t<div class=\"elementor-spacer-inner\"><\/div>\n\t\t<\/div>\n\t\t\t\t\t\t<\/div>\n\t\t\t\t<\/div>\n\t\t\t\t<div class=\"elementor-element elementor-element-0e8fec0 elementor-widget elementor-widget-heading\" data-id=\"0e8fec0\" data-element_type=\"widget\" data-e-type=\"widget\" data-widget_type=\"heading.default\">\n\t\t\t\t<div class=\"elementor-widget-container\">\n\t\t\t\t\t<h2 class=\"elementor-heading-title elementor-size-default\">Tractaments corporals Les Franqueses<br><\/h2>\t\t\t\t<\/div>\n\t\t\t\t<\/div>\n\t\t\t\t<div class=\"elementor-element elementor-element-1880e695 elementor-widget elementor-widget-text-editor\" data-id=\"1880e695\" data-element_type=\"widget\" data-e-type=\"widget\" data-widget_type=\"text-editor.default\">\n\t\t\t\t<div class=\"elementor-widget-container\">\n\t\t\t\t\t\t\t\t\tDesitges experimentar noves sensacions? Endinsa\u2019t en l\u2019univers que hem creat per a tu, un lloc on gaudir del poder del tacte, de la sensibilitat, l\u2019empatia i la calma. <br> \n\nCombinacions personalitzades d\u2019aparatologia innovadora i tractaments corporals de qualitat a la teva disposici\u00f3.\t\t\t\t\t\t\t\t<\/div>\n\t\t\t\t<\/div>\n\t\t\t\t<div class=\"elementor-element elementor-element-73165f77 elementor-widget elementor-widget-spacer\" data-id=\"73165f77\" data-element_type=\"widget\" data-e-type=\"widget\" data-widget_type=\"spacer.default\">\n\t\t\t\t<div class=\"elementor-widget-container\">\n\t\t\t\t\t\t\t<div class=\"elementor-spacer\">\n\t\t\t<div class=\"elementor-spacer-inner\"><\/div>\n\t\t<\/div>\n\t\t\t\t\t\t<\/div>\n\t\t\t\t<\/div>\n\t\t\t\t<div class=\"elementor-element elementor-element-5632a1fe elementor-align-left elementor-widget elementor-widget-button\" data-id=\"5632a1fe\" data-element_type=\"widget\" data-e-type=\"widget\" data-widget_type=\"button.default\">\n\t\t\t\t<div class=\"elementor-widget-container\">\n\t\t\t\t\t\t\t\t\t<div class=\"elementor-button-wrapper\">\n\t\t\t\t\t<a class=\"elementor-button elementor-button-link elementor-size-md\" href=\"https:\/\/www.estetica-equilibrium-reservas.com\/index.html\" target=\"_blank\">\n\t\t\t\t\t\t<span class=\"elementor-button-content-wrapper\">\n\t\t\t\t\t\t\t\t\t<span class=\"elementor-button-text\">RESERVA EL TEU TRACTAMENT CORPORAL IDEAL!<\/span>\n\t\t\t\t\t<\/span>\n\t\t\t\t\t<\/a>\n\t\t\t\t<\/div>\n\t\t\t\t\t\t\t\t<\/div>\n\t\t\t\t<\/div>\n\t\t\t\t<div class=\"elementor-element elementor-element-1c13b857 elementor-widget elementor-widget-spacer\" data-id=\"1c13b857\" data-element_type=\"widget\" data-e-type=\"widget\" data-widget_type=\"spacer.default\">\n\t\t\t\t<div class=\"elementor-widget-container\">\n\t\t\t\t\t\t\t<div class=\"elementor-spacer\">\n\t\t\t<div class=\"elementor-spacer-inner\"><\/div>\n\t\t<\/div>\n\t\t\t\t\t\t<\/div>\n\t\t\t\t<\/div>\n\t\t\t\t<div class=\"elementor-element elementor-element-23e9d582 animated-fast elementor-widget__width-initial elementor-absolute elementor-hidden-tablet elementor-hidden-phone elementor-invisible elementor-widget elementor-widget-image\" data-id=\"23e9d582\" data-element_type=\"widget\" data-e-type=\"widget\" data-settings=\"{&quot;_animation&quot;:&quot;fadeInRight&quot;,&quot;_animation_delay&quot;:0,&quot;_position&quot;:&quot;absolute&quot;}\" data-widget_type=\"image.default\">\n\t\t\t\t<div class=\"elementor-widget-container\">\n\t\t\t\t\t\t\t\t\t\t\t\t\t\t\t<img fetchpriority=\"high\" decoding=\"async\" width=\"783\" height=\"738\" src=\"https:\/\/estetica-equilibrium.com\/wp-content\/uploads\/2025\/02\/tratamientos-corporales-les-franqueses.jpg\" class=\"attachment-large size-large wp-image-9475\" alt=\"\" srcset=\"https:\/\/estetica-equilibrium.com\/wp-content\/uploads\/2025\/02\/tratamientos-corporales-les-franqueses.jpg 783w, https:\/\/estetica-equilibrium.com\/wp-content\/uploads\/2025\/02\/tratamientos-corporales-les-franqueses-300x283.jpg 300w, https:\/\/estetica-equilibrium.com\/wp-content\/uploads\/2025\/02\/tratamientos-corporales-les-franqueses-768x724.jpg 768w\" sizes=\"(max-width: 783px) 100vw, 783px\" \/>\t\t\t\t\t\t\t\t\t\t\t\t\t\t\t<\/div>\n\t\t\t\t<\/div>\n\t\t\t\t\t<\/div>\n\t\t<\/div>\n\t\t\t\t<div class=\"elementor-column elementor-col-50 elementor-top-column elementor-element elementor-element-72a7dad8 elementor-invisible\" data-id=\"72a7dad8\" data-element_type=\"column\" data-e-type=\"column\" data-settings=\"{&quot;background_background&quot;:&quot;classic&quot;,&quot;animation&quot;:&quot;fadeInLeft&quot;}\">\n\t\t\t<div class=\"elementor-widget-wrap\">\n\t\t\t\t\t\t\t<\/div>\n\t\t<\/div>\n\t\t\t\t\t<\/div>\n\t\t<\/section>\n\t\t\t\t<section class=\"elementor-section elementor-top-section elementor-element elementor-element-5472c0f7 elementor-hidden-desktop elementor-reverse-tablet elementor-reverse-mobile elementor-section-boxed elementor-section-height-default elementor-section-height-default mkdf-parallax-row-no mkdf-content-aligment-left mkdf-row-grid-no mkdf-disabled-bg-image-bellow-no\" data-id=\"5472c0f7\" data-element_type=\"section\" data-e-type=\"section\" data-settings=\"{&quot;background_background&quot;:&quot;classic&quot;}\">\n\t\t\t\t\t\t<div class=\"elementor-container elementor-column-gap-default\">\n\t\t\t\t\t<div class=\"elementor-column elementor-col-50 elementor-top-column elementor-element elementor-element-75682669\" data-id=\"75682669\" data-element_type=\"column\" data-e-type=\"column\">\n\t\t\t<div class=\"elementor-widget-wrap elementor-element-populated\">\n\t\t\t\t\t\t<div class=\"elementor-element elementor-element-341d18ef elementor-widget elementor-widget-image\" data-id=\"341d18ef\" data-element_type=\"widget\" data-e-type=\"widget\" data-settings=\"{&quot;_animation_mobile&quot;:&quot;fadeInLeft&quot;}\" data-widget_type=\"image.default\">\n\t\t\t\t<div class=\"elementor-widget-container\">\n\t\t\t\t\t\t\t\t\t\t\t\t\t\t\t<img decoding=\"async\" width=\"783\" height=\"738\" src=\"https:\/\/estetica-equilibrium.com\/wp-content\/uploads\/2021\/06\/corporal.jpg\" class=\"attachment-large size-large wp-image-9358\" alt=\"\" srcset=\"https:\/\/estetica-equilibrium.com\/wp-content\/uploads\/2021\/06\/corporal.jpg 783w, https:\/\/estetica-equilibrium.com\/wp-content\/uploads\/2021\/06\/corporal-300x283.jpg 300w, https:\/\/estetica-equilibrium.com\/wp-content\/uploads\/2021\/06\/corporal-768x724.jpg 768w, https:\/\/estetica-equilibrium.com\/wp-content\/uploads\/2021\/06\/corporal-600x566.jpg 600w\" sizes=\"(max-width: 783px) 100vw, 783px\" \/>\t\t\t\t\t\t\t\t\t\t\t\t\t\t\t<\/div>\n\t\t\t\t<\/div>\n\t\t\t\t\t<\/div>\n\t\t<\/div>\n\t\t\t\t<div class=\"elementor-column elementor-col-50 elementor-top-column elementor-element elementor-element-17b078c\" data-id=\"17b078c\" data-element_type=\"column\" data-e-type=\"column\" data-settings=\"{&quot;animation_mobile&quot;:&quot;fadeInRight&quot;}\">\n\t\t\t<div class=\"elementor-widget-wrap elementor-element-populated\">\n\t\t\t\t\t\t<div class=\"elementor-element elementor-element-3336a17b elementor-widget elementor-widget-text-editor\" data-id=\"3336a17b\" data-element_type=\"widget\" data-e-type=\"widget\" data-widget_type=\"text-editor.default\">\n\t\t\t\t<div class=\"elementor-widget-container\">\n\t\t\t\t\t\t\t\t\t<p>Tractaments corporals Les Franqueses<br><\/p>\t\t\t\t\t\t\t\t<\/div>\n\t\t\t\t<\/div>\n\t\t\t\t<div class=\"elementor-element elementor-element-1bce2e60 elementor-widget elementor-widget-text-editor\" data-id=\"1bce2e60\" data-element_type=\"widget\" data-e-type=\"widget\" data-widget_type=\"text-editor.default\">\n\t\t\t\t<div class=\"elementor-widget-container\">\n\t\t\t\t\t\t\t\t\t<p>Desitges experimentar noves sensacions? Endinsa\u2019t en l\u2019univers que hem creat per a tu, un lloc on gaudir del poder del tacte, de la sensibilitat, l\u2019empatia i la calma. <\/p><p>Combinacions personalitzades d\u2019aparatologia innovadora i tractaments corporals de qualitat a la teva disposici\u00f3.<\/p>\t\t\t\t\t\t\t\t<\/div>\n\t\t\t\t<\/div>\n\t\t\t\t<div class=\"elementor-element elementor-element-76b682f5 elementor-align-center elementor-mobile-align-left elementor-widget elementor-widget-button\" data-id=\"76b682f5\" data-element_type=\"widget\" data-e-type=\"widget\" data-widget_type=\"button.default\">\n\t\t\t\t<div class=\"elementor-widget-container\">\n\t\t\t\t\t\t\t\t\t<div class=\"elementor-button-wrapper\">\n\t\t\t\t\t<a class=\"elementor-button elementor-button-link elementor-size-md\" href=\"https:\/\/www.estetica-equilibrium-reservas.com\/index.html\" target=\"_blank\">\n\t\t\t\t\t\t<span class=\"elementor-button-content-wrapper\">\n\t\t\t\t\t\t\t\t\t<span class=\"elementor-button-text\">RESERVA EL TEU TRACTAMENT CORPORAL IDEAL!<\/span>\n\t\t\t\t\t<\/span>\n\t\t\t\t\t<\/a>\n\t\t\t\t<\/div>\n\t\t\t\t\t\t\t\t<\/div>\n\t\t\t\t<\/div>\n\t\t\t\t\t<\/div>\n\t\t<\/div>\n\t\t\t\t\t<\/div>\n\t\t<\/section>\n\t\t\t\t<section class=\"elementor-section elementor-top-section elementor-element elementor-element-4379ac80 elementor-section-boxed elementor-section-height-default elementor-section-height-default mkdf-parallax-row-no mkdf-content-aligment-left mkdf-row-grid-no mkdf-disabled-bg-image-bellow-no\" data-id=\"4379ac80\" data-element_type=\"section\" data-e-type=\"section\">\n\t\t\t\t\t\t<div class=\"elementor-container elementor-column-gap-default\">\n\t\t\t\t\t<div class=\"elementor-column elementor-col-50 elementor-top-column elementor-element elementor-element-3cf03671 elementor-hidden-tablet elementor-hidden-mobile\" data-id=\"3cf03671\" data-element_type=\"column\" data-e-type=\"column\" data-settings=\"{&quot;background_background&quot;:&quot;classic&quot;}\">\n\t\t\t<div class=\"elementor-widget-wrap elementor-element-populated\">\n\t\t\t\t\t\t<div class=\"elementor-element elementor-element-33ef13e3 elementor-widget elementor-widget-spacer\" data-id=\"33ef13e3\" data-element_type=\"widget\" data-e-type=\"widget\" data-widget_type=\"spacer.default\">\n\t\t\t\t<div class=\"elementor-widget-container\">\n\t\t\t\t\t\t\t<div class=\"elementor-spacer\">\n\t\t\t<div class=\"elementor-spacer-inner\"><\/div>\n\t\t<\/div>\n\t\t\t\t\t\t<\/div>\n\t\t\t\t<\/div>\n\t\t\t\t\t<\/div>\n\t\t<\/div>\n\t\t\t\t<div class=\"elementor-column elementor-col-50 elementor-top-column elementor-element elementor-element-7c7efa36 nop elementor-invisible\" data-id=\"7c7efa36\" data-element_type=\"column\" data-e-type=\"column\" data-settings=\"{&quot;background_background&quot;:&quot;classic&quot;,&quot;animation&quot;:&quot;fadeIn&quot;}\">\n\t\t\t<div class=\"elementor-widget-wrap elementor-element-populated\">\n\t\t\t\t\t\t<div class=\"elementor-element elementor-element-ecd997d elementor-widget elementor-widget-heading\" data-id=\"ecd997d\" data-element_type=\"widget\" data-e-type=\"widget\" data-widget_type=\"heading.default\">\n\t\t\t\t<div class=\"elementor-widget-container\">\n\t\t\t\t\t<h2 class=\"elementor-heading-title elementor-size-default\">Tractament Indiba Corporal<br><\/h2>\t\t\t\t<\/div>\n\t\t\t\t<\/div>\n\t\t\t\t<div class=\"elementor-element elementor-element-4d0a1f2 elementor-widget elementor-widget-text-editor\" data-id=\"4d0a1f2\" data-element_type=\"widget\" data-e-type=\"widget\" data-widget_type=\"text-editor.default\">\n\t\t\t\t<div class=\"elementor-widget-container\">\n\t\t\t\t\t\t\t\t\t<p>Indiba \u00e9s la radiofreq\u00fc\u00e8ncia de refer\u00e8ncia a nivell mundial. \u00c9s una t\u00e8cnica avan\u00e7ada dissenyada per remodelar el cos i combatre els signes de l\u2019envelliment facial. <\/p>\t\t\t\t\t\t\t\t<\/div>\n\t\t\t\t<\/div>\n\t\t\t\t<div class=\"elementor-element elementor-element-49b64dc6 elementor-widget elementor-widget-text-editor\" data-id=\"49b64dc6\" data-element_type=\"widget\" data-e-type=\"widget\" data-widget_type=\"text-editor.default\">\n\t\t\t\t<div class=\"elementor-widget-container\">\n\t\t\t\t\t\t\t\t\t<p>Els tractaments corporals reductors i reafirmants d\u2019INDIBA estimulen la producci\u00f3 natural de col\u00b7lagen, milloren l\u2019elasticitat de la pell i li aporten una aparen\u00e7a m\u00e9s ferma, rejovenida i amb resultats que perduren en el temps.<br><\/p>\t\t\t\t\t\t\t\t<\/div>\n\t\t\t\t<\/div>\n\t\t\t\t\t<\/div>\n\t\t<\/div>\n\t\t\t\t\t<\/div>\n\t\t<\/section>\n\t\t\t\t<section class=\"elementor-section elementor-top-section elementor-element elementor-element-3d244f1 elementor-section-full_width elementor-hidden-phone elementor-section-height-default elementor-section-height-default mkdf-parallax-row-no mkdf-content-aligment-left mkdf-row-grid-no mkdf-disabled-bg-image-bellow-no elementor-invisible\" data-id=\"3d244f1\" data-element_type=\"section\" data-e-type=\"section\" data-settings=\"{&quot;animation&quot;:&quot;fadeInLeft&quot;}\">\n\t\t\t\t\t\t<div class=\"elementor-container elementor-column-gap-default\">\n\t\t\t\t\t<div class=\"elementor-column elementor-col-100 elementor-top-column elementor-element elementor-element-b349719\" data-id=\"b349719\" data-element_type=\"column\" data-e-type=\"column\">\n\t\t\t<div class=\"elementor-widget-wrap elementor-element-populated\">\n\t\t\t\t\t\t<div class=\"elementor-element elementor-element-a79ca25 elementor-widget elementor-widget-image\" data-id=\"a79ca25\" data-element_type=\"widget\" data-e-type=\"widget\" data-widget_type=\"image.default\">\n\t\t\t\t<div class=\"elementor-widget-container\">\n\t\t\t\t\t\t\t\t\t\t\t\t\t\t\t<img decoding=\"async\" width=\"1025\" height=\"441\" src=\"https:\/\/estetica-equilibrium.com\/wp-content\/uploads\/2025\/02\/masajes-les-franqueses.jpg\" class=\"attachment-full size-full wp-image-9476\" alt=\"\" srcset=\"https:\/\/estetica-equilibrium.com\/wp-content\/uploads\/2025\/02\/masajes-les-franqueses.jpg 1025w, https:\/\/estetica-equilibrium.com\/wp-content\/uploads\/2025\/02\/masajes-les-franqueses-300x129.jpg 300w, https:\/\/estetica-equilibrium.com\/wp-content\/uploads\/2025\/02\/masajes-les-franqueses-768x330.jpg 768w\" sizes=\"(max-width: 1025px) 100vw, 1025px\" \/>\t\t\t\t\t\t\t\t\t\t\t\t\t\t\t<\/div>\n\t\t\t\t<\/div>\n\t\t\t\t\t<\/div>\n\t\t<\/div>\n\t\t\t\t\t<\/div>\n\t\t<\/section>\n\t\t\t\t<section class=\"elementor-section elementor-top-section elementor-element elementor-element-2fb26f9 elementor-section-boxed elementor-section-height-default elementor-section-height-default mkdf-parallax-row-no mkdf-content-aligment-left mkdf-row-grid-no mkdf-disabled-bg-image-bellow-no\" data-id=\"2fb26f9\" data-element_type=\"section\" data-e-type=\"section\" data-settings=\"{&quot;animation_mobile&quot;:&quot;fadeInRight&quot;}\">\n\t\t\t\t\t\t<div class=\"elementor-container elementor-column-gap-default\">\n\t\t\t\t\t<div class=\"elementor-column elementor-col-50 elementor-top-column elementor-element elementor-element-2ebf6e1 elementor-invisible\" data-id=\"2ebf6e1\" data-element_type=\"column\" data-e-type=\"column\" data-settings=\"{&quot;animation&quot;:&quot;fadeInLeft&quot;}\">\n\t\t\t<div class=\"elementor-widget-wrap elementor-element-populated\">\n\t\t\t\t\t\t<div class=\"elementor-element elementor-element-210724a elementor-widget elementor-widget-heading\" data-id=\"210724a\" data-element_type=\"widget\" data-e-type=\"widget\" data-widget_type=\"heading.default\">\n\t\t\t\t<div class=\"elementor-widget-container\">\n\t\t\t\t\t<p class=\"elementor-heading-title elementor-size-default\">Quines s\u00f3n les indicacions de la radiofreq\u00fc\u00e8ncia corporal?<br><\/p>\t\t\t\t<\/div>\n\t\t\t\t<\/div>\n\t\t\t\t<div class=\"elementor-element elementor-element-5bc9d4e beneficios elementor-widget elementor-widget-text-editor\" data-id=\"5bc9d4e\" data-element_type=\"widget\" data-e-type=\"widget\" data-widget_type=\"text-editor.default\">\n\t\t\t\t<div class=\"elementor-widget-container\">\n\t\t\t\t\t\t\t\t\t<ul><li>Tractaments reductors i cel\u00b7lul\u00edtics.<br><\/li><li>Tractaments reafirmants i tonificants.<br><\/li><li>Massatges drenants.<br><\/li><li>Tractaments descontracturants i relaxants.<br><\/li><\/ul>\t\t\t\t\t\t\t\t<\/div>\n\t\t\t\t<\/div>\n\t\t\t\t\t<\/div>\n\t\t<\/div>\n\t\t\t\t<div class=\"elementor-column elementor-col-50 elementor-top-column elementor-element elementor-element-560182a elementor-invisible\" data-id=\"560182a\" data-element_type=\"column\" data-e-type=\"column\" data-settings=\"{&quot;animation&quot;:&quot;fadeInRight&quot;}\">\n\t\t\t<div class=\"elementor-widget-wrap elementor-element-populated\">\n\t\t\t\t\t\t<div class=\"elementor-element elementor-element-9fd8b64 elementor-widget elementor-widget-text-editor\" data-id=\"9fd8b64\" data-element_type=\"widget\" data-e-type=\"widget\" data-widget_type=\"text-editor.default\">\n\t\t\t\t<div class=\"elementor-widget-container\">\n\t\t\t\t\t\t\t\t\t<p>Quins s\u00f3n els beneficis de l&#8217;Indiba?<br><\/p>\t\t\t\t\t\t\t\t<\/div>\n\t\t\t\t<\/div>\n\t\t\t\t<div class=\"elementor-element elementor-element-338cd45 beneficios elementor-widget elementor-widget-text-editor\" data-id=\"338cd45\" data-element_type=\"widget\" data-e-type=\"widget\" data-widget_type=\"text-editor.default\">\n\t\t\t\t<div class=\"elementor-widget-container\">\n\t\t\t\t\t\t\t\t\t<ul><li>Destrueix el teixit adip\u00f3s.<br><\/li><li>Activa el metabolisme cel\u00b7lular.<br><\/li><li>Incrementa la producci\u00f3 de col\u00b7lagen i elastina.<br><\/li><li>Millora la circulaci\u00f3 sangu\u00ednia i limf\u00e0tica.<br><\/li><li>Produeix un efecte relaxant i descontracturant.<\/li><\/ul>\t\t\t\t\t\t\t\t<\/div>\n\t\t\t\t<\/div>\n\t\t\t\t\t<\/div>\n\t\t<\/div>\n\t\t\t\t\t<\/div>\n\t\t<\/section>\n\t\t\t\t<section class=\"elementor-section elementor-top-section elementor-element elementor-element-a803a41 elementor-hidden-tablet elementor-hidden-phone elementor-section-boxed elementor-section-height-default elementor-section-height-default mkdf-parallax-row-no mkdf-content-aligment-left mkdf-row-grid-no mkdf-disabled-bg-image-bellow-no\" data-id=\"a803a41\" data-element_type=\"section\" data-e-type=\"section\" data-settings=\"{&quot;background_background&quot;:&quot;classic&quot;}\">\n\t\t\t\t\t\t<div class=\"elementor-container elementor-column-gap-default\">\n\t\t\t\t\t<div class=\"elementor-column elementor-col-50 elementor-top-column elementor-element elementor-element-8bd7321 elementor-invisible\" data-id=\"8bd7321\" data-element_type=\"column\" data-e-type=\"column\" data-settings=\"{&quot;background_background&quot;:&quot;classic&quot;,&quot;animation&quot;:&quot;fadeInLeft&quot;}\">\n\t\t\t<div class=\"elementor-widget-wrap elementor-element-populated\">\n\t\t\t\t\t\t<div class=\"elementor-element elementor-element-eed08d2 elementor-widget elementor-widget-text-editor\" data-id=\"eed08d2\" data-element_type=\"widget\" data-e-type=\"widget\" data-widget_type=\"text-editor.default\">\n\t\t\t\t<div class=\"elementor-widget-container\">\n\t\t\t\t\t\t\t\t\t<p>Lipomassatge (LPG)<br><\/p>\t\t\t\t\t\t\t\t<\/div>\n\t\t\t\t<\/div>\n\t\t\t\t<div class=\"elementor-element elementor-element-98b7513 elementor-widget elementor-widget-text-editor\" data-id=\"98b7513\" data-element_type=\"widget\" data-e-type=\"widget\" data-widget_type=\"text-editor.default\">\n\t\t\t\t<div class=\"elementor-widget-container\">\n\t\t\t\t\t\t\t\t\t<p>El Lipomassatge \u00e9s efica\u00e7 all\u00e0 on l\u2019exercici i la nutrici\u00f3 no s\u00f3n suficients.<\/p>\t\t\t\t\t\t\t\t<\/div>\n\t\t\t\t<\/div>\n\t\t\t\t<div class=\"elementor-element elementor-element-76ba0f1 beneficios elementor-widget elementor-widget-text-editor\" data-id=\"76ba0f1\" data-element_type=\"widget\" data-e-type=\"widget\" data-widget_type=\"text-editor.default\">\n\t\t\t\t<div class=\"elementor-widget-container\">\n\t\t\t\t\t\t\t\t\t<p>Pot ser que hagis intentat perdre uns cent\u00edmetres de m\u00e9s i, tot i aix\u00ed, la teva silueta conservi zones \u201ccr\u00edtiques\u201d. El lipomassatge, t\u00e8cnica espec\u00edfica de l\u2019endermologia, \u00e9s la soluci\u00f3 per als problemes de greixos localitzats. <\/p><p>Descobreix, de les mans de la teva esteticista, aquest tractament corporal no invasiu, indolor i d&#8217;efectes demostrats cient\u00edficament.<br><\/p>\t\t\t\t\t\t\t\t<\/div>\n\t\t\t\t<\/div>\n\t\t\t\t\t<\/div>\n\t\t<\/div>\n\t\t\t\t<div class=\"elementor-column elementor-col-50 elementor-top-column elementor-element elementor-element-c15a51c\" data-id=\"c15a51c\" data-element_type=\"column\" data-e-type=\"column\">\n\t\t\t<div class=\"elementor-widget-wrap elementor-element-populated\">\n\t\t\t\t\t\t<div class=\"elementor-element elementor-element-fc2dc11 elementor-widget elementor-widget-image\" data-id=\"fc2dc11\" data-element_type=\"widget\" data-e-type=\"widget\" data-widget_type=\"image.default\">\n\t\t\t\t<div class=\"elementor-widget-container\">\n\t\t\t\t\t\t\t\t\t\t\t\t\t\t\t<img loading=\"lazy\" decoding=\"async\" width=\"1281\" height=\"721\" src=\"https:\/\/estetica-equilibrium.com\/wp-content\/uploads\/2025\/02\/lpg-corporal.jpg\" class=\"attachment-full size-full wp-image-9477\" alt=\"\" srcset=\"https:\/\/estetica-equilibrium.com\/wp-content\/uploads\/2025\/02\/lpg-corporal.jpg 1281w, https:\/\/estetica-equilibrium.com\/wp-content\/uploads\/2025\/02\/lpg-corporal-300x169.jpg 300w, https:\/\/estetica-equilibrium.com\/wp-content\/uploads\/2025\/02\/lpg-corporal-1024x576.jpg 1024w, https:\/\/estetica-equilibrium.com\/wp-content\/uploads\/2025\/02\/lpg-corporal-768x432.jpg 768w\" sizes=\"(max-width: 1281px) 100vw, 1281px\" \/>\t\t\t\t\t\t\t\t\t\t\t\t\t\t\t<\/div>\n\t\t\t\t<\/div>\n\t\t\t\t\t<\/div>\n\t\t<\/div>\n\t\t\t\t\t<\/div>\n\t\t<\/section>\n\t\t\t\t<section class=\"elementor-section elementor-top-section elementor-element elementor-element-2f9a79f elementor-hidden-desktop elementor-hidden-tablet elementor-section-boxed elementor-section-height-default elementor-section-height-default mkdf-parallax-row-no mkdf-content-aligment-left mkdf-row-grid-no mkdf-disabled-bg-image-bellow-no\" data-id=\"2f9a79f\" data-element_type=\"section\" data-e-type=\"section\">\n\t\t\t\t\t\t<div class=\"elementor-container elementor-column-gap-default\">\n\t\t\t\t\t<div class=\"elementor-column elementor-col-100 elementor-top-column elementor-element elementor-element-25ae802\" data-id=\"25ae802\" data-element_type=\"column\" data-e-type=\"column\">\n\t\t\t<div class=\"elementor-widget-wrap elementor-element-populated\">\n\t\t\t\t\t\t<div class=\"elementor-element elementor-element-984de11 elementor-widget elementor-widget-image\" data-id=\"984de11\" data-element_type=\"widget\" data-e-type=\"widget\" data-widget_type=\"image.default\">\n\t\t\t\t<div class=\"elementor-widget-container\">\n\t\t\t\t\t\t\t\t\t\t\t\t\t\t\t<img loading=\"lazy\" decoding=\"async\" width=\"838\" height=\"558\" src=\"https:\/\/estetica-equilibrium.com\/wp-content\/uploads\/2021\/06\/plantes.png\" class=\"attachment-large size-large wp-image-9363\" alt=\"\" srcset=\"https:\/\/estetica-equilibrium.com\/wp-content\/uploads\/2021\/06\/plantes.png 838w, https:\/\/estetica-equilibrium.com\/wp-content\/uploads\/2021\/06\/plantes-300x200.png 300w, https:\/\/estetica-equilibrium.com\/wp-content\/uploads\/2021\/06\/plantes-768x511.png 768w, https:\/\/estetica-equilibrium.com\/wp-content\/uploads\/2021\/06\/plantes-600x400.png 600w\" sizes=\"(max-width: 838px) 100vw, 838px\" \/>\t\t\t\t\t\t\t\t\t\t\t\t\t\t\t<\/div>\n\t\t\t\t<\/div>\n\t\t\t\t\t<\/div>\n\t\t<\/div>\n\t\t\t\t\t<\/div>\n\t\t<\/section>\n\t\t\t\t<section class=\"elementor-section elementor-top-section elementor-element elementor-element-3812825 elementor-hidden-tablet elementor-hidden-mobile elementor-section-full_width elementor-hidden-desktop elementor-section-height-default elementor-section-height-default mkdf-parallax-row-no mkdf-content-aligment-left mkdf-row-grid-no mkdf-disabled-bg-image-bellow-no\" data-id=\"3812825\" data-element_type=\"section\" data-e-type=\"section\">\n\t\t\t\t\t\t<div class=\"elementor-container elementor-column-gap-default\">\n\t\t\t\t\t<div class=\"elementor-column elementor-col-100 elementor-top-column elementor-element elementor-element-fafb015\" data-id=\"fafb015\" data-element_type=\"column\" data-e-type=\"column\">\n\t\t\t<div class=\"elementor-widget-wrap elementor-element-populated\">\n\t\t\t\t\t\t<div class=\"elementor-element elementor-element-4cf5b62 elementor-widget elementor-widget-image\" data-id=\"4cf5b62\" data-element_type=\"widget\" data-e-type=\"widget\" data-widget_type=\"image.default\">\n\t\t\t\t<div class=\"elementor-widget-container\">\n\t\t\t\t\t\t\t\t\t\t\t\t\t\t\t\t<a href=\"https:\/\/www.youtube.com\/embed\/lYuKgsmFEAU\" target=\"_blank\">\n\t\t\t\t\t\t\t<img loading=\"lazy\" decoding=\"async\" width=\"1024\" height=\"576\" src=\"https:\/\/estetica-equilibrium.com\/wp-content\/uploads\/2021\/09\/video1-1024x576.jpg\" class=\"attachment-large size-large wp-image-9405\" alt=\"\" srcset=\"https:\/\/estetica-equilibrium.com\/wp-content\/uploads\/2021\/09\/video1-1024x576.jpg 1024w, https:\/\/estetica-equilibrium.com\/wp-content\/uploads\/2021\/09\/video1-300x169.jpg 300w, https:\/\/estetica-equilibrium.com\/wp-content\/uploads\/2021\/09\/video1-768x432.jpg 768w, https:\/\/estetica-equilibrium.com\/wp-content\/uploads\/2021\/09\/video1.jpg 1219w\" sizes=\"(max-width: 1024px) 100vw, 1024px\" \/>\t\t\t\t\t\t\t\t<\/a>\n\t\t\t\t\t\t\t\t\t\t\t\t\t\t\t<\/div>\n\t\t\t\t<\/div>\n\t\t\t\t\t<\/div>\n\t\t<\/div>\n\t\t\t\t\t<\/div>\n\t\t<\/section>\n\t\t\t\t<section class=\"elementor-section elementor-top-section elementor-element elementor-element-4ed3491 elementor-hidden-desktop elementor-section-boxed elementor-section-height-default elementor-section-height-default mkdf-parallax-row-no mkdf-content-aligment-left mkdf-row-grid-no mkdf-disabled-bg-image-bellow-no\" data-id=\"4ed3491\" data-element_type=\"section\" data-e-type=\"section\" data-settings=\"{&quot;animation_mobile&quot;:&quot;fadeIn&quot;}\">\n\t\t\t\t\t\t<div class=\"elementor-container elementor-column-gap-default\">\n\t\t\t\t\t<div class=\"elementor-column elementor-col-100 elementor-top-column elementor-element elementor-element-59450c5\" data-id=\"59450c5\" data-element_type=\"column\" data-e-type=\"column\" data-settings=\"{&quot;background_background&quot;:&quot;classic&quot;}\">\n\t\t\t<div class=\"elementor-widget-wrap elementor-element-populated\">\n\t\t\t\t\t\t<div class=\"elementor-element elementor-element-0ff93c3 elementor-widget elementor-widget-text-editor\" data-id=\"0ff93c3\" data-element_type=\"widget\" data-e-type=\"widget\" data-widget_type=\"text-editor.default\">\n\t\t\t\t<div class=\"elementor-widget-container\">\n\t\t\t\t\t\t\t\t\t<p>LIPOMASAJE<\/p>\t\t\t\t\t\t\t\t<\/div>\n\t\t\t\t<\/div>\n\t\t\t\t<div class=\"elementor-element elementor-element-9692678 elementor-widget elementor-widget-text-editor\" data-id=\"9692678\" data-element_type=\"widget\" data-e-type=\"widget\" data-widget_type=\"text-editor.default\">\n\t\t\t\t<div class=\"elementor-widget-container\">\n\t\t\t\t\t\t\t\t\t<p>El Lipomassatge \u00e9s efica\u00e7 all\u00e0 on l\u2019exercici i la nutrici\u00f3 no s\u00f3n suficients.<\/p>\t\t\t\t\t\t\t\t<\/div>\n\t\t\t\t<\/div>\n\t\t\t\t<div class=\"elementor-element elementor-element-6abddde beneficios elementor-widget elementor-widget-text-editor\" data-id=\"6abddde\" data-element_type=\"widget\" data-e-type=\"widget\" data-widget_type=\"text-editor.default\">\n\t\t\t\t<div class=\"elementor-widget-container\">\n\t\t\t\t\t\t\t\t\tPot ser que hagis intentat perdre uns cent\u00edmetres de m\u00e9s i, tot i aix\u00ed, la teva silueta conservi zones \u201ccr\u00edtiques\u201d. El lipomassatge, t\u00e8cnica espec\u00edfica de l\u2019endermologia, \u00e9s la soluci\u00f3 per als problemes de greixos localitzats. <br><br>\nDescobreix, de les mans de la teva esteticista, aquest tractament corporal no invasiu, indolor i d&#8217;efectes demostrats cient\u00edficament.<br>\t\t\t\t\t\t\t\t<\/div>\n\t\t\t\t<\/div>\n\t\t\t\t\t<\/div>\n\t\t<\/div>\n\t\t\t\t\t<\/div>\n\t\t<\/section>\n\t\t\t\t<section class=\"elementor-section elementor-top-section elementor-element elementor-element-31a3131 elementor-hidden-desktop elementor-section-boxed elementor-section-height-default elementor-section-height-default mkdf-parallax-row-no mkdf-content-aligment-left mkdf-row-grid-no mkdf-disabled-bg-image-bellow-no\" data-id=\"31a3131\" data-element_type=\"section\" data-e-type=\"section\">\n\t\t\t\t\t\t<div class=\"elementor-container elementor-column-gap-default\">\n\t\t\t\t\t<div class=\"elementor-column elementor-col-100 elementor-top-column elementor-element elementor-element-d6ebd8d\" data-id=\"d6ebd8d\" data-element_type=\"column\" data-e-type=\"column\">\n\t\t\t<div class=\"elementor-widget-wrap elementor-element-populated\">\n\t\t\t\t\t\t<div class=\"elementor-element elementor-element-45a8843 elementor-widget elementor-widget-image\" data-id=\"45a8843\" data-element_type=\"widget\" data-e-type=\"widget\" data-widget_type=\"image.default\">\n\t\t\t\t<div class=\"elementor-widget-container\">\n\t\t\t\t\t\t\t\t\t\t\t\t\t\t\t<img loading=\"lazy\" decoding=\"async\" width=\"1024\" height=\"576\" src=\"https:\/\/estetica-equilibrium.com\/wp-content\/uploads\/2024\/10\/lpg-1024x576.jpg\" class=\"attachment-large size-large wp-image-9474\" alt=\"\" srcset=\"https:\/\/estetica-equilibrium.com\/wp-content\/uploads\/2024\/10\/lpg-1024x576.jpg 1024w, https:\/\/estetica-equilibrium.com\/wp-content\/uploads\/2024\/10\/lpg-300x169.jpg 300w, https:\/\/estetica-equilibrium.com\/wp-content\/uploads\/2024\/10\/lpg-768x432.jpg 768w, https:\/\/estetica-equilibrium.com\/wp-content\/uploads\/2024\/10\/lpg.jpg 1281w\" sizes=\"(max-width: 1024px) 100vw, 1024px\" \/>\t\t\t\t\t\t\t\t\t\t\t\t\t\t\t<\/div>\n\t\t\t\t<\/div>\n\t\t\t\t<div class=\"elementor-element elementor-element-e78a6a4 elementor-hidden-tablet elementor-hidden-mobile elementor-widget elementor-widget-text-editor\" data-id=\"e78a6a4\" data-element_type=\"widget\" data-e-type=\"widget\" data-widget_type=\"text-editor.default\">\n\t\t\t\t<div class=\"elementor-widget-container\">\n\t\t\t\t\t\t\t\t\t<h2> En qu\u00e8 consisteix la radiofreq\u00fc\u00e8ncia corporal?<\/h2>\t\t\t\t\t\t\t\t<\/div>\n\t\t\t\t<\/div>\n\t\t\t\t\t<\/div>\n\t\t<\/div>\n\t\t\t\t\t<\/div>\n\t\t<\/section>\n\t\t\t\t<section class=\"elementor-section elementor-top-section elementor-element elementor-element-d11bbad elementor-section-boxed elementor-section-height-default elementor-section-height-default mkdf-parallax-row-no mkdf-content-aligment-left mkdf-row-grid-no mkdf-disabled-bg-image-bellow-no\" data-id=\"d11bbad\" data-element_type=\"section\" data-e-type=\"section\" data-settings=\"{&quot;animation_mobile&quot;:&quot;fadeInLeft&quot;}\">\n\t\t\t\t\t\t<div class=\"elementor-container elementor-column-gap-default\">\n\t\t\t\t\t<div class=\"elementor-column elementor-col-33 elementor-top-column elementor-element elementor-element-23c3178 elementor-invisible\" data-id=\"23c3178\" data-element_type=\"column\" data-e-type=\"column\" data-settings=\"{&quot;animation&quot;:&quot;fadeInLeft&quot;}\">\n\t\t\t<div class=\"elementor-widget-wrap elementor-element-populated\">\n\t\t\t\t\t\t<div class=\"elementor-element elementor-element-9ea77ed elementor-widget elementor-widget-text-editor\" data-id=\"9ea77ed\" data-element_type=\"widget\" data-e-type=\"widget\" data-widget_type=\"text-editor.default\">\n\t\t\t\t<div class=\"elementor-widget-container\">\n\t\t\t\t\t\t\t\t\t<p>Quines indicacions t\u00e9 el Lipomassatge?<\/p>\t\t\t\t\t\t\t\t<\/div>\n\t\t\t\t<\/div>\n\t\t\t\t<div class=\"elementor-element elementor-element-2b33ca4 beneficios elementor-widget elementor-widget-text-editor\" data-id=\"2b33ca4\" data-element_type=\"widget\" data-e-type=\"widget\" data-widget_type=\"text-editor.default\">\n\t\t\t\t<div class=\"elementor-widget-container\">\n\t\t\t\t\t\t\t\t\t<ul><li>Tractaments reductors i cel\u00b7lul\u00edtics.<\/li><li>Tractaments reafirmants i tonificants.<\/li><li>Massatges drenants.<\/li><\/ul>\t\t\t\t\t\t\t\t<\/div>\n\t\t\t\t<\/div>\n\t\t\t\t\t<\/div>\n\t\t<\/div>\n\t\t\t\t<div class=\"elementor-column elementor-col-33 elementor-top-column elementor-element elementor-element-8397e98 elementor-invisible\" data-id=\"8397e98\" data-element_type=\"column\" data-e-type=\"column\" data-settings=\"{&quot;animation&quot;:&quot;fadeInRight&quot;}\">\n\t\t\t<div class=\"elementor-widget-wrap elementor-element-populated\">\n\t\t\t\t\t\t<div class=\"elementor-element elementor-element-8fd6efa elementor-widget elementor-widget-text-editor\" data-id=\"8fd6efa\" data-element_type=\"widget\" data-e-type=\"widget\" data-widget_type=\"text-editor.default\">\n\t\t\t\t<div class=\"elementor-widget-container\">\n\t\t\t\t\t\t\t\t\t<p>Quins s\u00f3n els beneficis d&#8217;aquest tractament reafirmant corporal?<br><\/p>\t\t\t\t\t\t\t\t<\/div>\n\t\t\t\t<\/div>\n\t\t\t\t<div class=\"elementor-element elementor-element-9d5f49b beneficios elementor-widget elementor-widget-text-editor\" data-id=\"9d5f49b\" data-element_type=\"widget\" data-e-type=\"widget\" data-widget_type=\"text-editor.default\">\n\t\t\t\t<div class=\"elementor-widget-container\">\n\t\t\t\t\t\t\t\t\t<ul><li>Allibera greixos localitzats<br><\/li><li>Provoca la producci\u00f3 de col\u00b7lagen i elastina per donar fermesa al teixit i allisar la pell<br><\/li><\/ul>\t\t\t\t\t\t\t\t<\/div>\n\t\t\t\t<\/div>\n\t\t\t\t\t<\/div>\n\t\t<\/div>\n\t\t\t\t<div class=\"elementor-column elementor-col-33 elementor-top-column elementor-element elementor-element-522dd0c elementor-invisible\" data-id=\"522dd0c\" data-element_type=\"column\" data-e-type=\"column\" data-settings=\"{&quot;animation&quot;:&quot;fadeInRight&quot;}\">\n\t\t\t<div class=\"elementor-widget-wrap elementor-element-populated\">\n\t\t\t\t\t\t<div class=\"elementor-element elementor-element-339f27f elementor-widget elementor-widget-text-editor\" data-id=\"339f27f\" data-element_type=\"widget\" data-e-type=\"widget\" data-widget_type=\"text-editor.default\">\n\t\t\t\t<div class=\"elementor-widget-container\">\n\t\t\t\t\t\t\t\t\tQuan es comencen a apreciar els resultats?\t\t\t\t\t\t\t\t<\/div>\n\t\t\t\t<\/div>\n\t\t\t\t<div class=\"elementor-element elementor-element-4dd82ce beneficios elementor-widget elementor-widget-text-editor\" data-id=\"4dd82ce\" data-element_type=\"widget\" data-e-type=\"widget\" data-widget_type=\"text-editor.default\">\n\t\t\t\t<div class=\"elementor-widget-container\">\n\t\t\t\t\t\t\t\t\t<p>Els resultats remodeladors s&#8217;aprecien a partir de 6 sessions, no surten blaus i no \u00e9s dolor\u00f3s. \u00c9s l&#8217;equip del m\u00f3n amb m\u00e9s estudis cient\u00edfics publicats i 100% natural, sense corrents ni mol\u00e8sties.<\/p>\t\t\t\t\t\t\t\t<\/div>\n\t\t\t\t<\/div>\n\t\t\t\t\t<\/div>\n\t\t<\/div>\n\t\t\t\t\t<\/div>\n\t\t<\/section>\n\t\t\t\t<section class=\"elementor-section elementor-top-section elementor-element elementor-element-9a8686c elementor-section-full_width elementor-hidden-desktop elementor-hidden-tablet elementor-section-height-default elementor-section-height-default mkdf-parallax-row-no mkdf-content-aligment-left mkdf-row-grid-no mkdf-disabled-bg-image-bellow-no elementor-invisible\" data-id=\"9a8686c\" data-element_type=\"section\" data-e-type=\"section\" data-settings=\"{&quot;animation&quot;:&quot;fadeInLeft&quot;}\">\n\t\t\t\t\t\t<div class=\"elementor-container elementor-column-gap-default\">\n\t\t\t\t\t<div class=\"elementor-column elementor-col-100 elementor-top-column elementor-element elementor-element-5de2f25\" data-id=\"5de2f25\" data-element_type=\"column\" data-e-type=\"column\">\n\t\t\t<div class=\"elementor-widget-wrap elementor-element-populated\">\n\t\t\t\t\t\t<div class=\"elementor-element elementor-element-145b5ba elementor-widget elementor-widget-image\" data-id=\"145b5ba\" data-element_type=\"widget\" data-e-type=\"widget\" data-widget_type=\"image.default\">\n\t\t\t\t<div class=\"elementor-widget-container\">\n\t\t\t\t\t\t\t\t\t\t\t\t\t\t\t<img loading=\"lazy\" decoding=\"async\" width=\"1373\" height=\"675\" src=\"https:\/\/estetica-equilibrium.com\/wp-content\/uploads\/2021\/06\/masajes.jpg\" class=\"attachment-full size-full wp-image-9362\" alt=\"\" srcset=\"https:\/\/estetica-equilibrium.com\/wp-content\/uploads\/2021\/06\/masajes.jpg 1373w, https:\/\/estetica-equilibrium.com\/wp-content\/uploads\/2021\/06\/masajes-300x147.jpg 300w, https:\/\/estetica-equilibrium.com\/wp-content\/uploads\/2021\/06\/masajes-1024x503.jpg 1024w, https:\/\/estetica-equilibrium.com\/wp-content\/uploads\/2021\/06\/masajes-768x378.jpg 768w, https:\/\/estetica-equilibrium.com\/wp-content\/uploads\/2021\/06\/masajes-600x295.jpg 600w\" sizes=\"(max-width: 1373px) 100vw, 1373px\" \/>\t\t\t\t\t\t\t\t\t\t\t\t\t\t\t<\/div>\n\t\t\t\t<\/div>\n\t\t\t\t\t<\/div>\n\t\t<\/div>\n\t\t\t\t\t<\/div>\n\t\t<\/section>\n\t\t\t\t<section class=\"elementor-section elementor-top-section elementor-element elementor-element-0df7b25 elementor-hidden-desktop elementor-section-boxed elementor-section-height-default elementor-section-height-default mkdf-parallax-row-no mkdf-content-aligment-left mkdf-row-grid-no mkdf-disabled-bg-image-bellow-no\" data-id=\"0df7b25\" data-element_type=\"section\" data-e-type=\"section\" data-settings=\"{&quot;animation_mobile&quot;:&quot;fadeInRight&quot;}\">\n\t\t\t\t\t\t<div class=\"elementor-container elementor-column-gap-default\">\n\t\t\t\t\t<div class=\"elementor-column elementor-col-50 elementor-top-column elementor-element elementor-element-ca5487b elementor-hidden-phone\" data-id=\"ca5487b\" data-element_type=\"column\" data-e-type=\"column\" data-settings=\"{&quot;background_background&quot;:&quot;classic&quot;}\">\n\t\t\t<div class=\"elementor-widget-wrap elementor-element-populated\">\n\t\t\t\t\t\t<div class=\"elementor-element elementor-element-5a6a0b3 elementor-widget elementor-widget-spacer\" data-id=\"5a6a0b3\" data-element_type=\"widget\" data-e-type=\"widget\" data-widget_type=\"spacer.default\">\n\t\t\t\t<div class=\"elementor-widget-container\">\n\t\t\t\t\t\t\t<div class=\"elementor-spacer\">\n\t\t\t<div class=\"elementor-spacer-inner\"><\/div>\n\t\t<\/div>\n\t\t\t\t\t\t<\/div>\n\t\t\t\t<\/div>\n\t\t\t\t\t<\/div>\n\t\t<\/div>\n\t\t\t\t<div class=\"elementor-column elementor-col-50 elementor-top-column elementor-element elementor-element-3ac8d35\" data-id=\"3ac8d35\" data-element_type=\"column\" data-e-type=\"column\" data-settings=\"{&quot;background_background&quot;:&quot;classic&quot;}\">\n\t\t\t<div class=\"elementor-widget-wrap elementor-element-populated\">\n\t\t\t\t\t\t<div class=\"elementor-element elementor-element-09e8f4d elementor-widget elementor-widget-text-editor\" data-id=\"09e8f4d\" data-element_type=\"widget\" data-e-type=\"widget\" data-widget_type=\"text-editor.default\">\n\t\t\t\t<div class=\"elementor-widget-container\">\n\t\t\t\t\t\t\t\t\t<p>Massatges Corporals<\/p>\t\t\t\t\t\t\t\t<\/div>\n\t\t\t\t<\/div>\n\t\t\t\t<div class=\"elementor-element elementor-element-4d9beef elementor-widget elementor-widget-text-editor\" data-id=\"4d9beef\" data-element_type=\"widget\" data-e-type=\"widget\" data-widget_type=\"text-editor.default\">\n\t\t\t\t<div class=\"elementor-widget-container\">\n\t\t\t\t\t\t\t\t\tCom et vols sentir avui?\t\t\t\t\t\t\t\t<\/div>\n\t\t\t\t<\/div>\n\t\t\t\t<div class=\"elementor-element elementor-element-acb7f01 elementor-widget elementor-widget-text-editor\" data-id=\"acb7f01\" data-element_type=\"widget\" data-e-type=\"widget\" data-widget_type=\"text-editor.default\">\n\t\t\t\t<div class=\"elementor-widget-container\">\n\t\t\t\t\t\t\t\t\t<p>Volem fer-te sentir b\u00e9, volem fer-te m\u00e9s feli\u00e7.<\/p><p>Cada sessi\u00f3 \u00e9s \u00fanica, \u00e9s una barreja de textures, frag\u00e0ncies, maniobres i sensacions. Un motiu per estimar el teu cos i dedicar-li tota l\u2019atenci\u00f3 que mereix.<\/p><p>\u00c9s una ocasi\u00f3 per experimentar l\u2019aut\u00e8ntic poder del tacte, l\u2019energia d\u2019un massatge que canvia el teu estat d\u2019\u00e0nim.<br><\/p>\t\t\t\t\t\t\t\t<\/div>\n\t\t\t\t<\/div>\n\t\t\t\t\t<\/div>\n\t\t<\/div>\n\t\t\t\t\t<\/div>\n\t\t<\/section>\n\t\t\t\t<section class=\"elementor-section elementor-top-section elementor-element elementor-element-3c2d576 elementor-hidden-tablet elementor-hidden-phone elementor-section-boxed elementor-section-height-default elementor-section-height-default mkdf-parallax-row-no mkdf-content-aligment-left mkdf-row-grid-no mkdf-disabled-bg-image-bellow-no\" data-id=\"3c2d576\" data-element_type=\"section\" data-e-type=\"section\">\n\t\t\t\t\t\t<div class=\"elementor-container elementor-column-gap-default\">\n\t\t\t\t\t<div class=\"elementor-column elementor-col-50 elementor-top-column elementor-element elementor-element-e238098\" data-id=\"e238098\" data-element_type=\"column\" data-e-type=\"column\" data-settings=\"{&quot;background_background&quot;:&quot;classic&quot;}\">\n\t\t\t<div class=\"elementor-widget-wrap elementor-element-populated\">\n\t\t\t\t\t\t<div class=\"elementor-element elementor-element-9b2a328 elementor-widget elementor-widget-spacer\" data-id=\"9b2a328\" data-element_type=\"widget\" data-e-type=\"widget\" data-widget_type=\"spacer.default\">\n\t\t\t\t<div class=\"elementor-widget-container\">\n\t\t\t\t\t\t\t<div class=\"elementor-spacer\">\n\t\t\t<div class=\"elementor-spacer-inner\"><\/div>\n\t\t<\/div>\n\t\t\t\t\t\t<\/div>\n\t\t\t\t<\/div>\n\t\t\t\t\t<\/div>\n\t\t<\/div>\n\t\t\t\t<div class=\"elementor-column elementor-col-50 elementor-top-column elementor-element elementor-element-eace4b2 elementor-invisible\" data-id=\"eace4b2\" data-element_type=\"column\" data-e-type=\"column\" data-settings=\"{&quot;background_background&quot;:&quot;classic&quot;,&quot;animation&quot;:&quot;fadeIn&quot;}\">\n\t\t\t<div class=\"elementor-widget-wrap elementor-element-populated\">\n\t\t\t\t\t\t<div class=\"elementor-element elementor-element-3369de8 elementor-widget elementor-widget-text-editor\" data-id=\"3369de8\" data-element_type=\"widget\" data-e-type=\"widget\" data-widget_type=\"text-editor.default\">\n\t\t\t\t<div class=\"elementor-widget-container\">\n\t\t\t\t\t\t\t\t\t<h2>Massatges Corporals<\/h2>\t\t\t\t\t\t\t\t<\/div>\n\t\t\t\t<\/div>\n\t\t\t\t<div class=\"elementor-element elementor-element-8ba20ea elementor-widget elementor-widget-text-editor\" data-id=\"8ba20ea\" data-element_type=\"widget\" data-e-type=\"widget\" data-widget_type=\"text-editor.default\">\n\t\t\t\t<div class=\"elementor-widget-container\">\n\t\t\t\t\t\t\t\t\t<p>Com et vols sentir avui?<\/p>\t\t\t\t\t\t\t\t<\/div>\n\t\t\t\t<\/div>\n\t\t\t\t<div class=\"elementor-element elementor-element-f0d4106 elementor-widget elementor-widget-text-editor\" data-id=\"f0d4106\" data-element_type=\"widget\" data-e-type=\"widget\" data-widget_type=\"text-editor.default\">\n\t\t\t\t<div class=\"elementor-widget-container\">\n\t\t\t\t\t\t\t\t\t<p>Volem fer-te sentir b\u00e9, volem fer-te m\u00e9s feli\u00e7.<\/p><p>Cada sessi\u00f3 \u00e9s \u00fanica, \u00e9s una barreja de textures, frag\u00e0ncies, maniobres i sensacions. Un motiu per estimar el teu cos i dedicar-li tota l\u2019atenci\u00f3 que mereix.<\/p><p>\u00c9s una ocasi\u00f3 per experimentar l\u2019aut\u00e8ntic poder del tacte, l\u2019energia d\u2019un massatge que canvia el teu estat d\u2019\u00e0nim.<\/p>\t\t\t\t\t\t\t\t<\/div>\n\t\t\t\t<\/div>\n\t\t\t\t\t<\/div>\n\t\t<\/div>\n\t\t\t\t\t<\/div>\n\t\t<\/section>\n\t\t\t\t<section class=\"elementor-section elementor-top-section elementor-element elementor-element-15a9289 elementor-section-full_width elementor-hidden-phone elementor-section-height-default elementor-section-height-default mkdf-parallax-row-no mkdf-content-aligment-left mkdf-row-grid-no mkdf-disabled-bg-image-bellow-no elementor-invisible\" data-id=\"15a9289\" data-element_type=\"section\" data-e-type=\"section\" data-settings=\"{&quot;animation&quot;:&quot;fadeInLeft&quot;}\">\n\t\t\t\t\t\t<div class=\"elementor-container elementor-column-gap-default\">\n\t\t\t\t\t<div class=\"elementor-column elementor-col-100 elementor-top-column elementor-element elementor-element-a5ec2eb\" data-id=\"a5ec2eb\" data-element_type=\"column\" data-e-type=\"column\">\n\t\t\t<div class=\"elementor-widget-wrap elementor-element-populated\">\n\t\t\t\t\t\t<div class=\"elementor-element elementor-element-8212506 elementor-widget elementor-widget-image\" data-id=\"8212506\" data-element_type=\"widget\" data-e-type=\"widget\" data-widget_type=\"image.default\">\n\t\t\t\t<div class=\"elementor-widget-container\">\n\t\t\t\t\t\t\t\t\t\t\t\t\t\t\t<img loading=\"lazy\" decoding=\"async\" width=\"1373\" height=\"675\" src=\"https:\/\/estetica-equilibrium.com\/wp-content\/uploads\/2025\/02\/tratamientos-corporales.jpg\" class=\"attachment-full size-full wp-image-9478\" alt=\"\" srcset=\"https:\/\/estetica-equilibrium.com\/wp-content\/uploads\/2025\/02\/tratamientos-corporales.jpg 1373w, https:\/\/estetica-equilibrium.com\/wp-content\/uploads\/2025\/02\/tratamientos-corporales-300x147.jpg 300w, https:\/\/estetica-equilibrium.com\/wp-content\/uploads\/2025\/02\/tratamientos-corporales-1024x503.jpg 1024w, https:\/\/estetica-equilibrium.com\/wp-content\/uploads\/2025\/02\/tratamientos-corporales-768x378.jpg 768w\" sizes=\"(max-width: 1373px) 100vw, 1373px\" \/>\t\t\t\t\t\t\t\t\t\t\t\t\t\t\t<\/div>\n\t\t\t\t<\/div>\n\t\t\t\t\t<\/div>\n\t\t<\/div>\n\t\t\t\t\t<\/div>\n\t\t<\/section>\n\t\t\t\t<section class=\"elementor-section elementor-top-section elementor-element elementor-element-fd94307 elementor-section-boxed elementor-section-height-default elementor-section-height-default mkdf-parallax-row-no mkdf-content-aligment-left mkdf-row-grid-no mkdf-disabled-bg-image-bellow-no elementor-invisible\" data-id=\"fd94307\" data-element_type=\"section\" data-e-type=\"section\" data-settings=\"{&quot;animation&quot;:&quot;fadeIn&quot;}\">\n\t\t\t\t\t\t<div class=\"elementor-container elementor-column-gap-default\">\n\t\t\t\t\t<div class=\"elementor-column elementor-col-50 elementor-top-column elementor-element elementor-element-5ddffe6 elementor-hidden-phone\" data-id=\"5ddffe6\" data-element_type=\"column\" data-e-type=\"column\">\n\t\t\t<div class=\"elementor-widget-wrap elementor-element-populated\">\n\t\t\t\t\t\t<div class=\"elementor-element elementor-element-ac96ffe beneficios elementor-widget elementor-widget-text-editor\" data-id=\"ac96ffe\" data-element_type=\"widget\" data-e-type=\"widget\" data-widget_type=\"text-editor.default\">\n\t\t\t\t<div class=\"elementor-widget-container\">\n\t\t\t\t\t\t\t\t\t<p>Tipus de massatge per gaudir, relaxar-se, sentir, connectar amb un mateix i transformar les emocions:<br><\/p><ul><li>Quiromassatge<br><\/li><li>Drenatge limf\u00e0tic<br><\/li><li>Massatge relaxant, descontracturant o reductor<br><\/li><li>Massatge amb olis, ess\u00e8ncies, xocolater\u00e0pia o ventoses<br><\/li><li>Antialgia, desinflamatori i recuperador amb radiofreq\u00fc\u00e8ncia Indiba<br><\/li><li>Detox i relaxaci\u00f3 amb LPG<br><\/li><li>Pressoter\u00e0pia per a cames cansades<br><\/li><li>Cavitaci\u00f3 per reduir zones adiposes amb retencions de l\u00edquids<br><\/li><\/ul>\t\t\t\t\t\t\t\t<\/div>\n\t\t\t\t<\/div>\n\t\t\t\t\t<\/div>\n\t\t<\/div>\n\t\t\t\t<div class=\"elementor-column elementor-col-50 elementor-top-column elementor-element elementor-element-750a39e\" data-id=\"750a39e\" data-element_type=\"column\" data-e-type=\"column\">\n\t\t\t<div class=\"elementor-widget-wrap elementor-element-populated\">\n\t\t\t\t\t\t<div class=\"elementor-element elementor-element-1bd520b elementor-widget elementor-widget-text-editor\" data-id=\"1bd520b\" data-element_type=\"widget\" data-e-type=\"widget\" data-widget_type=\"text-editor.default\">\n\t\t\t\t<div class=\"elementor-widget-container\">\n\t\t\t\t\t\t\t\t\tBeneficis dels massatges corporals\t\t\t\t\t\t\t\t<\/div>\n\t\t\t\t<\/div>\n\t\t\t\t<div class=\"elementor-element elementor-element-5d970ba beneficios elementor-widget elementor-widget-text-editor\" data-id=\"5d970ba\" data-element_type=\"widget\" data-e-type=\"widget\" data-widget_type=\"text-editor.default\">\n\t\t\t\t<div class=\"elementor-widget-container\">\n\t\t\t\t\t\t\t\t\t<p>Els nostres tractaments de cabina t\u2019ofereixen resultats immediats i a llarg termini, mentre et transporten a un incre\u00efble estat de calma i relaxaci\u00f3. Una combinaci\u00f3 perfecta de cosm\u00e8tica avan\u00e7ada i exclusives t\u00e8cniques de massatge cuiden la teva pell, incrementen la teva autoestima i augmenten el teu benestar en gaireb\u00e9 un 70%. Aix\u00ed s\u2019ha demostrat amb nombrosos estudis neurocient\u00edfics, que confirmen els impressionants beneficis del poder del tacte i l\u2019autocura per al benestar integral.<\/p>\t\t\t\t\t\t\t\t<\/div>\n\t\t\t\t<\/div>\n\t\t\t\t\t<\/div>\n\t\t<\/div>\n\t\t\t\t\t<\/div>\n\t\t<\/section>\n\t\t\t\t<section class=\"elementor-section elementor-top-section elementor-element elementor-element-f821636 elementor-hidden-phone elementor-section-boxed elementor-section-height-default elementor-section-height-default mkdf-parallax-row-no mkdf-content-aligment-left mkdf-row-grid-no mkdf-disabled-bg-image-bellow-no\" data-id=\"f821636\" data-element_type=\"section\" data-e-type=\"section\" data-settings=\"{&quot;animation_mobile&quot;:&quot;fadeInLeft&quot;}\">\n\t\t\t\t\t\t<div class=\"elementor-container elementor-column-gap-default\">\n\t\t\t\t\t<div class=\"elementor-column elementor-col-100 elementor-top-column elementor-element elementor-element-a888c99\" data-id=\"a888c99\" data-element_type=\"column\" data-e-type=\"column\">\n\t\t\t<div class=\"elementor-widget-wrap elementor-element-populated\">\n\t\t\t\t\t\t<div class=\"elementor-element elementor-element-f353194 elementor-widget elementor-widget-spacer\" data-id=\"f353194\" data-element_type=\"widget\" data-e-type=\"widget\" data-widget_type=\"spacer.default\">\n\t\t\t\t<div class=\"elementor-widget-container\">\n\t\t\t\t\t\t\t<div class=\"elementor-spacer\">\n\t\t\t<div class=\"elementor-spacer-inner\"><\/div>\n\t\t<\/div>\n\t\t\t\t\t\t<\/div>\n\t\t\t\t<\/div>\n\t\t\t\t\t<\/div>\n\t\t<\/div>\n\t\t\t\t\t<\/div>\n\t\t<\/section>\n\t\t\t\t<section class=\"elementor-section elementor-top-section elementor-element elementor-element-fa738d7 elementor-section-boxed elementor-section-height-default elementor-section-height-default mkdf-parallax-row-no mkdf-content-aligment-left mkdf-row-grid-no mkdf-disabled-bg-image-bellow-no\" data-id=\"fa738d7\" data-element_type=\"section\" data-e-type=\"section\" data-settings=\"{&quot;background_background&quot;:&quot;classic&quot;}\">\n\t\t\t\t\t\t<div class=\"elementor-container elementor-column-gap-default\">\n\t\t\t\t\t<div class=\"elementor-column elementor-col-100 elementor-top-column elementor-element elementor-element-0f04f0a\" data-id=\"0f04f0a\" data-element_type=\"column\" data-e-type=\"column\">\n\t\t\t<div class=\"elementor-widget-wrap elementor-element-populated\">\n\t\t\t\t\t\t<section class=\"elementor-section elementor-inner-section elementor-element elementor-element-15fe804 elementor-section-boxed elementor-section-height-default elementor-section-height-default mkdf-parallax-row-no mkdf-content-aligment-left mkdf-row-grid-no mkdf-disabled-bg-image-bellow-no\" data-id=\"15fe804\" data-element_type=\"section\" data-e-type=\"section\">\n\t\t\t\t\t\t<div class=\"elementor-container elementor-column-gap-default\">\n\t\t\t\t\t<div class=\"elementor-column elementor-col-50 elementor-inner-column elementor-element elementor-element-d6c0b9b\" data-id=\"d6c0b9b\" data-element_type=\"column\" data-e-type=\"column\">\n\t\t\t<div class=\"elementor-widget-wrap elementor-element-populated\">\n\t\t\t\t\t\t<div class=\"elementor-element elementor-element-c0a97ff elementor-widget elementor-widget-spacer\" data-id=\"c0a97ff\" data-element_type=\"widget\" data-e-type=\"widget\" data-widget_type=\"spacer.default\">\n\t\t\t\t<div class=\"elementor-widget-container\">\n\t\t\t\t\t\t\t<div class=\"elementor-spacer\">\n\t\t\t<div class=\"elementor-spacer-inner\"><\/div>\n\t\t<\/div>\n\t\t\t\t\t\t<\/div>\n\t\t\t\t<\/div>\n\t\t\t\t<div class=\"elementor-element elementor-element-518a4e3 elementor-widget elementor-widget-text-editor\" data-id=\"518a4e3\" data-element_type=\"widget\" data-e-type=\"widget\" data-widget_type=\"text-editor.default\">\n\t\t\t\t<div class=\"elementor-widget-container\">\n\t\t\t\t\t\t\t\t\t<p>Rituals Equilibrium<\/p>\t\t\t\t\t\t\t\t<\/div>\n\t\t\t\t<\/div>\n\t\t\t\t\t<\/div>\n\t\t<\/div>\n\t\t\t\t<div class=\"elementor-column elementor-col-50 elementor-inner-column elementor-element elementor-element-42bcd50\" data-id=\"42bcd50\" data-element_type=\"column\" data-e-type=\"column\">\n\t\t\t<div class=\"elementor-widget-wrap elementor-element-populated\">\n\t\t\t\t\t\t<div class=\"elementor-element elementor-element-7635505 elementor-hidden-phone elementor-widget elementor-widget-image\" data-id=\"7635505\" data-element_type=\"widget\" data-e-type=\"widget\" data-widget_type=\"image.default\">\n\t\t\t\t<div class=\"elementor-widget-container\">\n\t\t\t\t\t\t\t\t\t\t\t\t\t\t\t<img loading=\"lazy\" decoding=\"async\" width=\"516\" height=\"266\" src=\"https:\/\/estetica-equilibrium.com\/wp-content\/uploads\/2021\/06\/top-rituals.png\" class=\"attachment-large size-large wp-image-9364\" alt=\"\" srcset=\"https:\/\/estetica-equilibrium.com\/wp-content\/uploads\/2021\/06\/top-rituals.png 516w, https:\/\/estetica-equilibrium.com\/wp-content\/uploads\/2021\/06\/top-rituals-300x155.png 300w\" sizes=\"(max-width: 516px) 100vw, 516px\" \/>\t\t\t\t\t\t\t\t\t\t\t\t\t\t\t<\/div>\n\t\t\t\t<\/div>\n\t\t\t\t\t<\/div>\n\t\t<\/div>\n\t\t\t\t\t<\/div>\n\t\t<\/section>\n\t\t\t\t<section class=\"elementor-section elementor-inner-section elementor-element elementor-element-60c5ddc elementor-reverse-mobile elementor-section-boxed elementor-section-height-default elementor-section-height-default mkdf-parallax-row-no mkdf-content-aligment-left mkdf-row-grid-no mkdf-disabled-bg-image-bellow-no\" data-id=\"60c5ddc\" data-element_type=\"section\" data-e-type=\"section\">\n\t\t\t\t\t\t<div class=\"elementor-container elementor-column-gap-default\">\n\t\t\t\t\t<div class=\"elementor-column elementor-col-50 elementor-inner-column elementor-element elementor-element-f936b49\" data-id=\"f936b49\" data-element_type=\"column\" data-e-type=\"column\" data-settings=\"{&quot;background_background&quot;:&quot;classic&quot;}\">\n\t\t\t<div class=\"elementor-widget-wrap elementor-element-populated\">\n\t\t\t\t\t\t<div class=\"elementor-element elementor-element-957af26 elementor-widget elementor-widget-qi_addons_for_elementor_blog_slider\" data-id=\"957af26\" data-element_type=\"widget\" data-e-type=\"widget\" data-widget_type=\"qi_addons_for_elementor_blog_slider.default\">\n\t\t\t\t<div class=\"elementor-widget-container\">\n\t\t\t\t\t<div class=\"qodef-shortcode qodef-m qodef-addons-blog-slider qodef-item-layout--boxed qodef-info-no-icons qodef-image--hover-zoom qodef-qi-grid qodef-qi-swiper-container qodef-item-layout--boxed qodef-navigation--inside qodef-navigation--hover-move\" data-options=\"{&quot;direction&quot;:&quot;horizontal&quot;,&quot;slidesPerView&quot;:&quot;1&quot;,&quot;spaceBetween&quot;:30,&quot;spaceBetweenTablet&quot;:30,&quot;spaceBetweenMobile&quot;:30,&quot;effect&quot;:&quot;&quot;,&quot;loop&quot;:true,&quot;autoplay&quot;:true,&quot;centeredSlides&quot;:false,&quot;speed&quot;:&quot;&quot;,&quot;speedAnimation&quot;:&quot;&quot;,&quot;outsideNavigation&quot;:&quot;no&quot;,&quot;outsidePagination&quot;:&quot;no&quot;,&quot;unique&quot;:&quot;1&quot;,&quot;partialValue&quot;:0,&quot;disablePartialValue&quot;:&quot;&quot;,&quot;parallax&quot;:&quot;no&quot;}\">\n\t<div class=\"swiper-wrapper\">\n\t\t<article class=\"qodef-e qodef-blog-item swiper-slide qodef-item--full post-9567 post type-post status-publish format-standard hentry category-rituals\">\n\t<div class=\"qodef-e-inner\">\n\t\t<div class=\"qodef-e-media-holder\">\n\t\t\t\t\t<\/div>\n\t\t<div class=\"qodef-e-content\">\n\t\t\t\t\t\t<div class=\"qodef-e-text\">\n\t\t\t\t<h5 itemprop=\"name\" class=\"qodef-e-title entry-title\">\n\t<a itemprop=\"url\" class=\"qodef-e-title-link\" href=\"https:\/\/estetica-equilibrium.com\/ca\/organic-mindfulness-ritual\/\">\n\t\tOrganic Mindfulness Ritual\t<\/a>\n<\/h5>\n\t\t<p itemprop=\"description\" class=\"qodef-e-excerpt\">\n\t\t\tEns complau oferir aquest ritual combinant el nostre millor tractament de rostre i cos, un collage de textures, de frag\u00e0ncies, de maniobres i sensacions. Un motiu per estimar el teu cos i dedicar-li tota l\u2019atenci\u00f3 que mereix. \u00c9s una ocasi\u00f3 per experimentar l\u2019energia d\u2019un massatge que transforma el teu estat d\u2019\u00e0nim. \u00c9s m\u00e0gia que transforma la teva pell. Proporcionant suavitat fins i tot a les pells m\u00e9s necessitades. Aportant un c\u00f2ctel d\u2019antioxidants per a una acci\u00f3 antiedat completa.\t\t<\/p>\n\t\t\t\t<\/div>\n\t\t\t\t\t<\/div>\n\t<\/div>\n<\/article>\n<article class=\"qodef-e qodef-blog-item swiper-slide qodef-item--full post-9575 post type-post status-publish format-standard hentry category-rituals\">\n\t<div class=\"qodef-e-inner\">\n\t\t<div class=\"qodef-e-media-holder\">\n\t\t\t\t\t<\/div>\n\t\t<div class=\"qodef-e-content\">\n\t\t\t\t\t\t<div class=\"qodef-e-text\">\n\t\t\t\t<h5 itemprop=\"name\" class=\"qodef-e-title entry-title\">\n\t<a itemprop=\"url\" class=\"qodef-e-title-link\" href=\"https:\/\/estetica-equilibrium.com\/ca\/360o-experience-massage\/\">\n\t\t360\u00ba Experience Massage\t<\/a>\n<\/h5>\n\t\t<p itemprop=\"description\" class=\"qodef-e-excerpt\">\n\t\t\tLa crema corporal que utilitzem cont\u00e9 els ingredients m\u00e9s rics de la natura i aroma a c\u00edtrics i gingebre. Perqu\u00e8 a vegades la pell est\u00e0 assedegada d\u2019hidrataci\u00f3. I tu, d\u2019experi\u00e8ncies extraordin\u00e0ries, afegim una cura extra, una mascareta corporal amb textura sublim, per revelar una pell m\u00e9s nutrida, el\u00e0stica i sedosa. Durada 90 minuts.\t\t<\/p>\n\t\t\t\t<\/div>\n\t\t\t\t\t<\/div>\n\t<\/div>\n<\/article>\n<article class=\"qodef-e qodef-blog-item swiper-slide qodef-item--full post-9573 post type-post status-publish format-standard hentry category-rituals category-sin-categorizar\">\n\t<div class=\"qodef-e-inner\">\n\t\t<div class=\"qodef-e-media-holder\">\n\t\t\t\t\t<\/div>\n\t\t<div class=\"qodef-e-content\">\n\t\t\t\t\t\t<div class=\"qodef-e-text\">\n\t\t\t\t<h5 itemprop=\"name\" class=\"qodef-e-title entry-title\">\n\t<a itemprop=\"url\" class=\"qodef-e-title-link\" href=\"https:\/\/estetica-equilibrium.com\/ca\/ritual-experience\/\">\n\t\tRitual Experience\t<\/a>\n<\/h5>\n\t\t<p itemprop=\"description\" class=\"qodef-e-excerpt\">\n\t\t\tLa crema corporal que utilitzem cont\u00e9 els ingredients m\u00e9s rics de la natura i aroma a c\u00edtrics i gingebre. Perqu\u00e8 de vegades la pell est\u00e0 assedegada d\u2019hidrataci\u00f3. I tu, d\u2019experi\u00e8ncies extraordin\u00e0ries, hi afegim una cura extra, una mascareta corporal amb textura sublim, per revelar una pell m\u00e9s nutrida, el\u00e0stica i sedosa. Durada 90 minuts.\t\t<\/p>\n\t\t\t\t<\/div>\n\t\t\t\t\t<\/div>\n\t<\/div>\n<\/article>\n\t<\/div>\n\t\t<div class=\"swiper-button-prev\"><svg class=\"qodef-swiper-arrow-left\" xmlns=\"http:\/\/www.w3.org\/2000\/svg\" x=\"0px\" y=\"0px\" viewBox=\"0 0 34.2 32.3\" xml:space=\"preserve\" style=\"stroke-width: 2;\"><line x1=\"0.5\" y1=\"16\" x2=\"33.5\" y2=\"16\"\/><line x1=\"0.3\" y1=\"16.5\" x2=\"16.2\" y2=\"0.7\"\/><line x1=\"0\" y1=\"15.4\" x2=\"16.2\" y2=\"31.6\"\/><\/svg><\/div>\n\t<div class=\"swiper-button-next\"><svg class=\"qodef-swiper-arrow-right\" xmlns=\"http:\/\/www.w3.org\/2000\/svg\" x=\"0px\" y=\"0px\" viewBox=\"0 0 34.2 32.3\" xml:space=\"preserve\" style=\"stroke-width: 2;\"><line x1=\"0\" y1=\"16\" x2=\"33\" y2=\"16\"\/><line x1=\"17.3\" y1=\"0.7\" x2=\"33.2\" y2=\"16.5\"\/><line x1=\"17.3\" y1=\"31.6\" x2=\"33.5\" y2=\"15.4\"\/><\/svg><\/div>\n<\/div>\n\t\t\t\t<\/div>\n\t\t\t\t<\/div>\n\t\t\t\t\t<\/div>\n\t\t<\/div>\n\t\t\t\t<div class=\"elementor-column elementor-col-50 elementor-inner-column elementor-element elementor-element-db09b48\" data-id=\"db09b48\" data-element_type=\"column\" data-e-type=\"column\">\n\t\t\t<div class=\"elementor-widget-wrap elementor-element-populated\">\n\t\t\t\t\t\t<div class=\"elementor-element elementor-element-f737e5a elementor-widget elementor-widget-image\" data-id=\"f737e5a\" data-element_type=\"widget\" data-e-type=\"widget\" data-widget_type=\"image.default\">\n\t\t\t\t<div class=\"elementor-widget-container\">\n\t\t\t\t\t\t\t\t\t\t\t\t\t\t\t<img loading=\"lazy\" decoding=\"async\" width=\"817\" height=\"756\" src=\"https:\/\/estetica-equilibrium.com\/wp-content\/uploads\/2025\/02\/rituales-faciales.jpg\" class=\"attachment-large size-large wp-image-9479\" alt=\"\" srcset=\"https:\/\/estetica-equilibrium.com\/wp-content\/uploads\/2025\/02\/rituales-faciales.jpg 817w, https:\/\/estetica-equilibrium.com\/wp-content\/uploads\/2025\/02\/rituales-faciales-300x278.jpg 300w, https:\/\/estetica-equilibrium.com\/wp-content\/uploads\/2025\/02\/rituales-faciales-768x711.jpg 768w\" sizes=\"(max-width: 817px) 100vw, 817px\" \/>\t\t\t\t\t\t\t\t\t\t\t\t\t\t\t<\/div>\n\t\t\t\t<\/div>\n\t\t\t\t\t<\/div>\n\t\t<\/div>\n\t\t\t\t\t<\/div>\n\t\t<\/section>\n\t\t\t\t<div class=\"elementor-element elementor-element-16f616c elementor-widget elementor-widget-spacer\" data-id=\"16f616c\" data-element_type=\"widget\" data-e-type=\"widget\" data-widget_type=\"spacer.default\">\n\t\t\t\t<div class=\"elementor-widget-container\">\n\t\t\t\t\t\t\t<div class=\"elementor-spacer\">\n\t\t\t<div class=\"elementor-spacer-inner\"><\/div>\n\t\t<\/div>\n\t\t\t\t\t\t<\/div>\n\t\t\t\t<\/div>\n\t\t\t\t\t<\/div>\n\t\t<\/div>\n\t\t\t\t\t<\/div>\n\t\t<\/section>\n\t\t\t\t<\/div>\n\t\t","protected":false},"excerpt":{"rendered":"<p>Tractaments corporals Les Franqueses Desitges experimentar noves sensacions? Endinsa\u2019t en l\u2019univers que hem creat per a tu, un lloc on gaudir del poder del tacte, de la sensibilitat, l\u2019empatia i la calma. Combinacions personalitzades d\u2019aparatologia innovadora i tractaments corporals de [&hellip;]<\/p>\n","protected":false},"author":2,"featured_media":0,"parent":0,"menu_order":0,"comment_status":"closed","ping_status":"closed","template":"elementor_header_footer","meta":{"footnotes":""},"class_list":["post-9544","page","type-page","status-publish","hentry"],"yoast_head":"<!-- This site is optimized with the Yoast SEO plugin v27.4 - https:\/\/yoast.com\/product\/yoast-seo-wordpress\/ -->\n<title>Tractaments corporals Les Franqueses | Equilibrium<\/title>\n<meta name=\"description\" content=\"El nostre centre compta amb equips d&#039;\u00faltima generaci\u00f3 per oferir-te els tractaments corporals m\u00e9s efectius. Resultats visibles des de la primera sessi\u00f3!\" \/>\n<meta name=\"robots\" content=\"index, follow, max-snippet:-1, max-image-preview:large, max-video-preview:-1\" \/>\n<link rel=\"canonical\" href=\"https:\/\/estetica-equilibrium.com\/ca\/tractaments-corporals-les-franqueses\/\" \/>\n<meta property=\"og:locale\" content=\"ca_ES\" \/>\n<meta property=\"og:type\" content=\"article\" \/>\n<meta property=\"og:title\" content=\"Tractaments corporals Les Franqueses | Equilibrium\" \/>\n<meta property=\"og:description\" content=\"El nostre centre compta amb equips d&#039;\u00faltima generaci\u00f3 per oferir-te els tractaments corporals m\u00e9s efectius. Resultats visibles des de la primera sessi\u00f3!\" \/>\n<meta property=\"og:url\" content=\"https:\/\/estetica-equilibrium.com\/ca\/tractaments-corporals-les-franqueses\/\" \/>\n<meta property=\"og:site_name\" content=\"Equilibrium\" \/>\n<meta property=\"article:modified_time\" content=\"2026-03-14T14:06:46+00:00\" \/>\n<meta property=\"og:image\" content=\"https:\/\/estetica-equilibrium.com\/wp-content\/uploads\/2025\/02\/tratamientos-corporales-les-franqueses.jpg\" \/>\n\t<meta property=\"og:image:width\" content=\"783\" \/>\n\t<meta property=\"og:image:height\" content=\"738\" \/>\n\t<meta property=\"og:image:type\" content=\"image\/jpeg\" \/>\n<meta name=\"twitter:card\" content=\"summary_large_image\" \/>\n<meta name=\"twitter:label1\" content=\"Temps estimat de lectura\" \/>\n\t<meta name=\"twitter:data1\" content=\"4 minuts\" \/>\n<!-- \/ Yoast SEO plugin. -->","yoast_head_json":{"title":"Tractaments corporals Les Franqueses | Equilibrium","description":"El nostre centre compta amb equips d'\u00faltima generaci\u00f3 per oferir-te els tractaments corporals m\u00e9s efectius. Resultats visibles des de la primera sessi\u00f3!","robots":{"index":"index","follow":"follow","max-snippet":"max-snippet:-1","max-image-preview":"max-image-preview:large","max-video-preview":"max-video-preview:-1"},"canonical":"https:\/\/estetica-equilibrium.com\/ca\/tractaments-corporals-les-franqueses\/","og_locale":"ca_ES","og_type":"article","og_title":"Tractaments corporals Les Franqueses | Equilibrium","og_description":"El nostre centre compta amb equips d'\u00faltima generaci\u00f3 per oferir-te els tractaments corporals m\u00e9s efectius. Resultats visibles des de la primera sessi\u00f3!","og_url":"https:\/\/estetica-equilibrium.com\/ca\/tractaments-corporals-les-franqueses\/","og_site_name":"Equilibrium","article_modified_time":"2026-03-14T14:06:46+00:00","og_image":[{"width":783,"height":738,"url":"https:\/\/estetica-equilibrium.com\/wp-content\/uploads\/2025\/02\/tratamientos-corporales-les-franqueses.jpg","type":"image\/jpeg"}],"twitter_card":"summary_large_image","twitter_misc":{"Temps estimat de lectura":"4 minuts"},"schema":{"@context":"https:\/\/schema.org","@graph":[{"@type":"WebPage","@id":"https:\/\/estetica-equilibrium.com\/ca\/tractaments-corporals-les-franqueses\/","url":"https:\/\/estetica-equilibrium.com\/ca\/tractaments-corporals-les-franqueses\/","name":"Tractaments corporals Les Franqueses | Equilibrium","isPartOf":{"@id":"https:\/\/estetica-equilibrium.com\/ca\/#website"},"primaryImageOfPage":{"@id":"https:\/\/estetica-equilibrium.com\/ca\/tractaments-corporals-les-franqueses\/#primaryimage"},"image":{"@id":"https:\/\/estetica-equilibrium.com\/ca\/tractaments-corporals-les-franqueses\/#primaryimage"},"thumbnailUrl":"https:\/\/estetica-equilibrium.com\/wp-content\/uploads\/2025\/02\/tratamientos-corporales-les-franqueses.jpg","datePublished":"2021-06-28T16:51:01+00:00","dateModified":"2026-03-14T14:06:46+00:00","description":"El nostre centre compta amb equips d'\u00faltima generaci\u00f3 per oferir-te els tractaments corporals m\u00e9s efectius. Resultats visibles des de la primera sessi\u00f3!","breadcrumb":{"@id":"https:\/\/estetica-equilibrium.com\/ca\/tractaments-corporals-les-franqueses\/#breadcrumb"},"inLanguage":"ca","potentialAction":[{"@type":"ReadAction","target":["https:\/\/estetica-equilibrium.com\/ca\/tractaments-corporals-les-franqueses\/"]}]},{"@type":"ImageObject","inLanguage":"ca","@id":"https:\/\/estetica-equilibrium.com\/ca\/tractaments-corporals-les-franqueses\/#primaryimage","url":"https:\/\/estetica-equilibrium.com\/wp-content\/uploads\/2025\/02\/tratamientos-corporales-les-franqueses.jpg","contentUrl":"https:\/\/estetica-equilibrium.com\/wp-content\/uploads\/2025\/02\/tratamientos-corporales-les-franqueses.jpg"},{"@type":"BreadcrumbList","@id":"https:\/\/estetica-equilibrium.com\/ca\/tractaments-corporals-les-franqueses\/#breadcrumb","itemListElement":[{"@type":"ListItem","position":1,"name":"Portada","item":"https:\/\/estetica-equilibrium.com\/ca\/centre-estetica-les-franqueses\/"},{"@type":"ListItem","position":2,"name":"Tractaments corporals Les Franqueses"}]},{"@type":"WebSite","@id":"https:\/\/estetica-equilibrium.com\/ca\/#website","url":"https:\/\/estetica-equilibrium.com\/ca\/","name":"Equilibrium","description":"Est\u00e9tica avanzada","potentialAction":[{"@type":"SearchAction","target":{"@type":"EntryPoint","urlTemplate":"https:\/\/estetica-equilibrium.com\/ca\/?s={search_term_string}"},"query-input":{"@type":"PropertyValueSpecification","valueRequired":true,"valueName":"search_term_string"}}],"inLanguage":"ca"}]}},"_links":{"self":[{"href":"https:\/\/estetica-equilibrium.com\/ca\/wp-json\/wp\/v2\/pages\/9544","targetHints":{"allow":["GET"]}}],"collection":[{"href":"https:\/\/estetica-equilibrium.com\/ca\/wp-json\/wp\/v2\/pages"}],"about":[{"href":"https:\/\/estetica-equilibrium.com\/ca\/wp-json\/wp\/v2\/types\/page"}],"author":[{"embeddable":true,"href":"https:\/\/estetica-equilibrium.com\/ca\/wp-json\/wp\/v2\/users\/2"}],"replies":[{"embeddable":true,"href":"https:\/\/estetica-equilibrium.com\/ca\/wp-json\/wp\/v2\/comments?post=9544"}],"version-history":[{"count":1,"href":"https:\/\/estetica-equilibrium.com\/ca\/wp-json\/wp\/v2\/pages\/9544\/revisions"}],"predecessor-version":[{"id":9545,"href":"https:\/\/estetica-equilibrium.com\/ca\/wp-json\/wp\/v2\/pages\/9544\/revisions\/9545"}],"wp:attachment":[{"href":"https:\/\/estetica-equilibrium.com\/ca\/wp-json\/wp\/v2\/media?parent=9544"}],"curies":[{"name":"wp","href":"https:\/\/api.w.org\/{rel}","templated":true}]}}